{"id":9118,"date":"2025-05-26T11:25:33","date_gmt":"2025-05-26T09:25:33","guid":{"rendered":"https:\/\/www.campingdugoulet.fr\/preguntas-mas-frecuentes\/"},"modified":"2025-10-17T16:00:10","modified_gmt":"2025-10-17T14:00:10","slug":"preguntas-mas-frecuentes","status":"publish","type":"page","link":"https:\/\/www.campingdugoulet.fr\/es\/preguntas-mas-frecuentes\/","title":{"rendered":"Preguntas m\u00e1s frecuentes"},"content":{"rendered":"<p>[et_pb_section fb_built=\u00bb1&#8243; admin_label=\u00bbSection\u00bb _builder_version=\u00bb4.17.4&#8243; _module_preset=\u00bbdefault\u00bb background_color=\u00bbrgba(0,0,0,0.2)\u00bb background_image=\u00bbhttps:\/\/www.campingdugoulet.fr\/wp-content\/uploads\/camping-goulet-tourisme.jpg\u00bb background_blend=\u00bbdarken\u00bb height=\u00bb60vh\u00bb height_tablet=\u00bb60vh\u00bb height_phone=\u00bb90vh\u00bb height_last_edited=\u00bbon|phone\u00bb locked=\u00bboff\u00bb global_colors_info=\u00bb{}\u00bb][et_pb_row _builder_version=\u00bb4.17.4&#8243; _module_preset=\u00bbdefault\u00bb positioning=\u00bbabsolute\u00bb position_origin_a=\u00bbbottom_center\u00bb global_colors_info=\u00bb{}\u00bb][et_pb_column type=\u00bb4_4&#8243; _builder_version=\u00bb4.17.4&#8243; _module_preset=\u00bbdefault\u00bb global_colors_info=\u00bb{}\u00bb][et_pb_text _builder_version=\u00bb4.17.4&#8243; _module_preset=\u00bbdefault\u00bb header_text_color=\u00bb#FFFFFF\u00bb global_colors_info=\u00bb{}\u00bb]<\/p>\n<p style=\"text-align: center;\"><img decoding=\"async\" src=\"https:\/\/www.campingdugoulet.fr\/wp-content\/uploads\/camping-fleche.svg\" style=\"width: 45px;\" alt=\"fly camping\"><\/p>\n<p>[\/et_pb_text][\/et_pb_column][\/et_pb_row][et_pb_row _builder_version=\u00bb4.17.4&#8243; _module_preset=\u00bbdefault\u00bb positioning=\u00bbabsolute\u00bb position_origin_a=\u00bbbottom_center\u00bb width=\u00bb100%\u00bb max_width=\u00bb1276px\u00bb locked=\u00bboff\u00bb global_colors_info=\u00bb{}\u00bb][et_pb_column type=\u00bb4_4&#8243; _builder_version=\u00bb4.17.4&#8243; _module_preset=\u00bbdefault\u00bb global_colors_info=\u00bb{}\u00bb][et_pb_text _builder_version=\u00bb4.27.4&#8243; _module_preset=\u00bbdefault\u00bb header_text_color=\u00bb#FFFFFF\u00bb global_colors_info=\u00bb{}\u00bb]<\/p>\n<h1 style=\"text-align: center;\">Preguntas m\u00e1s frecuentes<\/h1>\n<p>[\/et_pb_text][et_pb_text _builder_version=\u00bb4.17.4&#8243; _module_preset=\u00bbdefault\u00bb header_text_color=\u00bb#FFFFFF\u00bb global_colors_info=\u00bb{}\u00bb]<\/p>\n<p style=\"text-align: center;\"><img decoding=\"async\" src=\"https:\/\/www.campingdugoulet.fr\/wp-content\/uploads\/camping-fleche.svg\" style=\"width: 40px;\" alt=\"fly camping\"><\/p>\n<p>[\/et_pb_text][\/et_pb_column][\/et_pb_row][\/et_pb_section][et_pb_section fb_built=\u00bb1&#8243; custom_padding_last_edited=\u00bbon|phone\u00bb _builder_version=\u00bb4.27.4&#8243; _module_preset=\u00bbdefault\u00bb custom_margin_tablet=\u00bb\u00bb custom_margin_phone=\u00bb||||false|false\u00bb custom_margin_last_edited=\u00bbon|phone\u00bb custom_padding_tablet=\u00bb\u00bb custom_padding_phone=\u00bb20px||0px||false|false\u00bb global_colors_info=\u00bb{}\u00bb][et_pb_row _builder_version=\u00bb4.27.4&#8243; _module_preset=\u00bbdefault\u00bb custom_margin_tablet=\u00bb\u00bb custom_margin_phone=\u00bb0px||0px||true|false\u00bb custom_margin_last_edited=\u00bbon|phone\u00bb custom_padding=\u00bb0px||||false|false\u00bb global_colors_info=\u00bb{}\u00bb][et_pb_column type=\u00bb4_4&#8243; _builder_version=\u00bb4.27.4&#8243; _module_preset=\u00bbdefault\u00bb global_colors_info=\u00bb{}\u00bb][et_pb_heading title=\u00bbPreguntas frecuentes\u00bb _builder_version=\u00bb4.27.4&#8243; _module_preset=\u00bb_initial\u00bb title_level=\u00bbh2&#8243; title_font=\u00bbPlayfair Display||||||||\u00bb title_text_align=\u00bbcenter\u00bb title_font_size=\u00bb40px\u00bb title_line_height=\u00bb1.2em\u00bb module_alignment=\u00bbcenter\u00bb custom_margin=\u00bb||||false|false\u00bb title_font_size_tablet=\u00bb32px\u00bb title_font_size_phone=\u00bb20px\u00bb title_font_size_last_edited=\u00bbon|desktop\u00bb locked=\u00bboff\u00bb global_colors_info=\u00bb{}\u00bb][\/et_pb_heading][\/et_pb_column][\/et_pb_row][et_pb_row column_structure=\u00bb1_2,1_2&#8243; _builder_version=\u00bb4.27.4&#8243; _module_preset=\u00bbdefault\u00bb width=\u00bb100%\u00bb max_width=\u00bb1480px\u00bb global_colors_info=\u00bb{}\u00bb][et_pb_column type=\u00bb1_2&#8243; _builder_version=\u00bb4.27.4&#8243; _module_preset=\u00bbdefault\u00bb global_colors_info=\u00bb{}\u00bb][et_pb_toggle title=\u00bbGeneral\u00bb open_toggle_text_color=\u00bb#505050&#8243; open_toggle_background_color=\u00bbRGBA(255,255,255,0)\u00bb closed_toggle_background_color=\u00bbRGBA(255,255,255,0)\u00bb icon_color=\u00bb#EBA53C\u00bb toggle_icon=\u00bb&#x4c;||divi||400&#8243; use_icon_font_size=\u00bbon\u00bb icon_font_size=\u00bb30px\u00bb open_icon_color=\u00bbrgba(235,165,60,0.76)\u00bb open_toggle_icon=\u00bb&#xf2d1;||fa||400&#8243; open_use_icon_font_size=\u00bbon\u00bb open_icon_font_size=\u00bb24px\u00bb _builder_version=\u00bb4.27.4&#8243; _module_preset=\u00bbdefault\u00bb title_text_color=\u00bb#505050&#8243; title_level=\u00bbh3&#8243; title_font=\u00bb&#8211;et_global_heading_font|||on|||||\u00bb title_font_size=\u00bb16px\u00bb title_letter_spacing=\u00bb1px\u00bb title_line_height=\u00bb2em\u00bb closed_title_font=\u00bbPlayfair Display||||||||\u00bb body_text_color=\u00bb#505050&#8243; body_line_height=\u00bb1.6em\u00bb border_width_all=\u00bb0px\u00bb border_width_bottom=\u00bb2px\u00bb border_color_bottom=\u00bb#2d6a9b\u00bb global_colors_info=\u00bb{}\u00bb]<\/p>\n<div class=\"schema-faq-section\" id=\"faq-question-1747410401682\">\n<div class=\"schema-faq-section\" id=\"faq-question-1747410401682\">\n<p><strong class=\"schema-faq-question\"><strong>\u00bfD\u00f3nde est\u00e1 el Camping du Goulet?<\/strong><\/strong><br \/>El camping est\u00e1 situado en Brest, a s\u00f3lo 6 km del centro de la ciudad y a 500 m del mar. Para planificar tu itinerario, <span> <\/span><strong><a href=\"https:\/\/www.google.com\/maps\/dir\/\/Camping+du+Goulet,+285+Chem.+de+Lanhouarnec,+29200+Brest\/@48.365518,-4.5435599,17z\/data=!4m9!4m8!1m0!1m5!1m1!1s0x4816bef18dcdc619:0x5f3b950b5914fc5d!2m2!1d-4.540985!2d48.365518!3e0?entry=ttu&amp;g_ep=EgoyMDI1MDUxMi4wIKXMDSoASAFQAw%3D%3D\">haz clic aqu\u00ed<\/a>.<\/strong><\/p>\n<p class=\"schema-faq-answer\"><strong class=\"schema-faq-question\"><strong>\u00bfEl camping est\u00e1 abierto todo el a\u00f1o?<\/strong><\/strong><\/p>\n<\/div>\n<div class=\"schema-faq-section\" id=\"faq-question-1747410445112\">\n<p class=\"schema-faq-answer\">No, el Camping du Goulet de <a href=\"https:\/\/www.campingdugoulet.fr\/es\/brest\/\" target=\"_blank\" rel=\"noopener\" title=\"Descubre Brest\">Brest<\/a> est\u00e1 abierto <strong>de abril a finales de septiembre<\/strong>.<\/p>\n<p class=\"schema-faq-answer\">Estamos disponibles todo el a\u00f1o para cualquier pregunta o solicitud de reserva por tel\u00e9fono 02.98.45.86.84 o por correo electr\u00f3nico info@campingdugoulet.fr.<\/p>\n<p class=\"schema-faq-answer\"><strong class=\"schema-faq-question\"><strong>\u00bfEs posible venir sin reserva?<\/strong><\/strong><\/p>\n<\/div>\n<div class=\"schema-faq-section\" id=\"faq-question-1747410508449\">\n<p class=\"schema-faq-answer\">S\u00ed, las parcelas para autocaravanas, caravanas y tiendas de campa\u00f1a est\u00e1n sujetas a disponibilidad. Sin embargo, en temporada alta, te aconsejamos encarecidamente que reserves con antelaci\u00f3n.<br \/>El alquiler de autocaravanas s\u00f3lo se puede hacer con reserva previa, por tel\u00e9fono, correo electr\u00f3nico o a trav\u00e9s de nuestro sitio web.<strong> <a href=\"https:\/\/www.campingdugoulet.fr\/es\/\">Haz clic aqu\u00ed<\/a><\/strong> para reservar tu alojamiento<strong>.<\/strong>  <\/p>\n<p class=\"schema-faq-answer\"><strong class=\"schema-faq-question\"><strong>\u00bfEl camping es accesible para personas con movilidad reducida?<\/strong><\/strong><\/p>\n<\/div>\n<div class=\"schema-faq-section\" id=\"faq-question-1747410514731\">\n<p class=\"schema-faq-answer\">S\u00ed, nuestras instalaciones son accesibles para personas con movilidad reducida. Ponte en contacto con nosotros para aprovechar al m\u00e1ximo tu estancia. <\/p>\n<\/div>\n<\/div>\n<p>[\/et_pb_toggle][et_pb_toggle title=\u00bbLos lugares\u00bb open_toggle_text_color=\u00bb#505050&#8243; open_toggle_background_color=\u00bbRGBA(255,255,255,0)\u00bb closed_toggle_background_color=\u00bbRGBA(255,255,255,0)\u00bb icon_color=\u00bb#EBA53C\u00bb toggle_icon=\u00bb&#x4c;||divi||400&#8243; use_icon_font_size=\u00bbon\u00bb icon_font_size=\u00bb30px\u00bb open_icon_color=\u00bbrgba(235,165,60,0.76)\u00bb open_toggle_icon=\u00bb&#xf2d1;||fa||400&#8243; open_use_icon_font_size=\u00bbon\u00bb open_icon_font_size=\u00bb24px\u00bb _builder_version=\u00bb4.27.4&#8243; _module_preset=\u00bbdefault\u00bb title_text_color=\u00bb#505050&#8243; title_level=\u00bbh3&#8243; title_font=\u00bb&#8211;et_global_heading_font|||on|||||\u00bb title_font_size=\u00bb16px\u00bb title_letter_spacing=\u00bb1px\u00bb title_line_height=\u00bb2em\u00bb closed_title_font=\u00bbPlayfair Display||||||||\u00bb body_text_color=\u00bb#505050&#8243; body_line_height=\u00bb1.6em\u00bb border_width_all=\u00bb0px\u00bb border_width_bottom=\u00bb2px\u00bb border_color_bottom=\u00bb#2d6a9b\u00bb global_colors_info=\u00bb{}\u00bb]<\/p>\n<p><strong>\u00bfQu\u00e9 tipos de lanzamientos ofrec\u00e9is?<\/strong><br \/>Parcelas amplias y verdes para autocaravanas, caravanas y tiendas, de 100 m\u00b2 de media, con agua y electricidad seg\u00fan las necesidades.<\/p>\n<p><strong>\u00bfPuedo llevar mi autocaravana?<\/strong><br \/>S\u00ed, nuestro camping de Brest acoge autocaravanas con parcelas espec\u00edficas. El camping tambi\u00e9n dispone de un \u00e1rea de servicio para autocaravanas, reservada exclusivamente a los clientes del camping. <\/p>\n<p><strong>\u00bfCu\u00e1les son los horarios de llegada y salida de las parcelas?<\/strong><br \/>Las llegadas son a partir de las 14 h y las salidas a partir de las 12 h.<\/p>\n<p><strong>\u00bfQu\u00e9 tipo de tomas el\u00e9ctricas hay en las parcelas? \u00bfEst\u00e1 incluida la electricidad en el precio?   <\/strong>Las parcelas est\u00e1n equipadas con enchufes europeos. Hay adaptadores disponibles en recepci\u00f3n (se requiere un dep\u00f3sito de 20 \u20ac). El amperaje disponible es de 10 A. La electricidad es opcional: puedes elegir una parcela con o sin electricidad, seg\u00fan tus necesidades.   <\/p>\n<p><strong>\u26a0\ufe0fVigilance:<\/strong> por razones de seguridad, est\u00e1 terminantemente prohibido recargar veh\u00edculos el\u00e9ctricos utilizando las tomas de corriente de las parcelas o de las casas m\u00f3viles. Estas instalaciones no est\u00e1n dise\u00f1adas para ello. Frente a la recepci\u00f3n hay puntos de recarga espec\u00edficos. No dudes en pedir m\u00e1s informaci\u00f3n a nuestro personal.   <\/p>\n<p><strong>\u00bfCu\u00e1les son las dimensiones m\u00e1ximas aceptadas para caravanas y autocaravanas?<\/strong><br \/>Si tu autocaravana o caravana mide m\u00e1s de 7,5 m, podemos ofrecerte <a href=\"https:\/\/www.camping-ar-kleguer.com\/emplacement-camping-car-caravane\/aire-camping-car-finistere\/\"><strong>parcelas para autocaravanas<\/strong><\/a> adaptadas en tama\u00f1o y acceso. No dudes en<a href=\"https:\/\/www.campingdugoulet.fr\/es\/contacte-con\/\" target=\"_blank\" rel=\"noopener\" title=\"Contacte con\"><strong> ponte en contacto con nosotros<\/strong><\/a>. <\/p>\n<p>[\/et_pb_toggle][et_pb_toggle title=\u00bbAcceso y medio ambiente\u00bb open_toggle_text_color=\u00bb#505050&#8243; open_toggle_background_color=\u00bbRGBA(255,255,255,0)\u00bb closed_toggle_background_color=\u00bbRGBA(255,255,255,0)\u00bb icon_color=\u00bb#EBA53C\u00bb toggle_icon=\u00bb&#x4c;||divi||400&#8243; use_icon_font_size=\u00bbon\u00bb icon_font_size=\u00bb30px\u00bb open_icon_color=\u00bbrgba(235,165,60,0.76)\u00bb open_toggle_icon=\u00bb&#xf2d1;||fa||400&#8243; open_use_icon_font_size=\u00bbon\u00bb open_icon_font_size=\u00bb24px\u00bb _builder_version=\u00bb4.27.4&#8243; _module_preset=\u00bbdefault\u00bb title_text_color=\u00bb#505050&#8243; title_level=\u00bbh3&#8243; title_font=\u00bb&#8211;et_global_heading_font|||on|||||\u00bb title_font_size=\u00bb16px\u00bb title_letter_spacing=\u00bb1px\u00bb title_line_height=\u00bb2em\u00bb closed_title_font=\u00bbPlayfair Display||||||||\u00bb body_text_color=\u00bb#505050&#8243; body_line_height=\u00bb1.6em\u00bb border_width_all=\u00bb0px\u00bb border_width_bottom=\u00bb2px\u00bb border_color_bottom=\u00bb#2d6a9b\u00bb global_colors_info=\u00bb{}\u00bb]<\/p>\n<p><strong>\u00bfEl camping est\u00e1 cerca del mar?<\/strong><br \/>S\u00ed, el acceso peatonal lleva al mar, m\u00e1s concretamente al peque\u00f1o puerto pesquero de Maison Blanche, en menos de 10 minutos (unos 500 metros).<\/p>\n<p><strong>\u00bfEs f\u00e1cil llegar a Brest?<\/strong><br \/>S\u00ed, el centro de Brest est\u00e1 a s\u00f3lo 6 km. Hay servicios regulares de autob\u00fas a s\u00f3lo 500 m del camping. <\/p>\n<p><strong>\u00bfEs f\u00e1cil visitar la regi\u00f3n desde el camping?<\/strong><br \/>\u00a1Por supuesto! El camping es una base excelente para visitar Brest, la punta Saint-Mathieu, Le Conquet, el fuerte de Bertheaume, la regi\u00f3n de Abers, las islas de Ouessant y Mol\u00e8ne y la pen\u00ednsula de Crozon. Nuestro equipo estar\u00e1 encantado de aconsejarte sobre todo lo que puedes hacer en los alrededores.  <\/p>\n<p>[\/et_pb_toggle][et_pb_toggle title=\u00bbReserva y pago\u00bb open_toggle_text_color=\u00bb#505050&#8243; open_toggle_background_color=\u00bbRGBA(255,255,255,0)\u00bb closed_toggle_background_color=\u00bbRGBA(255,255,255,0)\u00bb icon_color=\u00bb#EBA53C\u00bb toggle_icon=\u00bb&#x4c;||divi||400&#8243; use_icon_font_size=\u00bbon\u00bb icon_font_size=\u00bb30px\u00bb open_icon_color=\u00bbrgba(235,165,60,0.76)\u00bb open_toggle_icon=\u00bb&#xf2d1;||fa||400&#8243; open_use_icon_font_size=\u00bbon\u00bb open_icon_font_size=\u00bb24px\u00bb _builder_version=\u00bb4.27.4&#8243; _module_preset=\u00bbdefault\u00bb title_text_color=\u00bb#505050&#8243; title_level=\u00bbh3&#8243; title_font=\u00bb&#8211;et_global_heading_font|||on|||||\u00bb title_font_size=\u00bb16px\u00bb title_letter_spacing=\u00bb1px\u00bb title_line_height=\u00bb2em\u00bb closed_title_font=\u00bbPlayfair Display||||||||\u00bb body_text_color=\u00bb#505050&#8243; body_line_height=\u00bb1.6em\u00bb border_width_all=\u00bb0px\u00bb border_width_bottom=\u00bb2px\u00bb border_color_bottom=\u00bb#2d6a9b\u00bb global_colors_info=\u00bb{}\u00bb]<\/p>\n<p><strong>\u00bfC\u00f3mo reservo?<\/strong><br \/>Puedes reservar directamente en l\u00ednea a trav\u00e9s de nuestra <strong><a href=\"https:\/\/thelisresa.webcamp.fr\/formulaire.php?camping=goulet&amp;lang=fr&amp;PHPSESSID=c7fgp0j1eipq7qrakf6glpo9tj&amp;begin=2025-05-15&amp;duration=7&amp;end=2025-05-22&amp;nb_pers=2&amp;type=2\">plataforma segura<\/a><\/strong> o por tel\u00e9fono (02 98 45 86 84).<\/p>\n<p><strong>\u00bfQu\u00e9 formas de pago aceptan?<\/strong><br \/>Aceptamos pagos con tarjeta de cr\u00e9dito, transferencia bancaria, cheques vacaciones (ANCV), cheques vacaciones desmaterializados (connect) y en efectivo.<\/p>\n<p><strong>\u00bfEst\u00e1s pidiendo una fianza?<\/strong><br \/>S\u00ed, se requiere un dep\u00f3sito del 30% del coste total de la estancia para confirmar todas las reservas.<\/p>\n<p><strong>\u00bfEs posible pagar a plazos?<\/strong><br \/>S\u00ed, el pago a plazos es posible para todas las reservas efectuadas por adelantado. No dudes en ponerte en contacto con nosotros en el 02.98.45.86.84 o por correo electr\u00f3nico en <strong><a href=\"mailto:info@campingdugoulet.fr\">info@campingdugoulet.fr<\/a><\/strong> <\/p>\n<p><strong>\u00bfCu\u00e1ndo tengo que pagar el saldo?<\/strong><br \/>El resto de la estancia debe abonarse 30 d\u00edas antes de la llegada.<\/p>\n<p><strong>\u00bfEl camping est\u00e1<\/strong> homologado por la VACAF<strong>?<\/strong><br \/>No, el Camping du Goulet no est\u00e1 homologado por la VACAF.<br \/>Sin embargo, aceptamos los bonos de vacaciones ANCV, incluidos los bonos de vacaciones connect.<\/p>\n<p>[\/et_pb_toggle][et_pb_toggle title=\u00bbCarreras y mercados\u00bb open_toggle_text_color=\u00bb#505050&#8243; open_toggle_background_color=\u00bbRGBA(255,255,255,0)\u00bb closed_toggle_background_color=\u00bbRGBA(255,255,255,0)\u00bb icon_color=\u00bb#EBA53C\u00bb toggle_icon=\u00bb&#x4c;||divi||400&#8243; use_icon_font_size=\u00bbon\u00bb icon_font_size=\u00bb30px\u00bb open_icon_color=\u00bbrgba(235,165,60,0.76)\u00bb open_toggle_icon=\u00bb&#xf2d1;||fa||400&#8243; open_use_icon_font_size=\u00bbon\u00bb open_icon_font_size=\u00bb24px\u00bb _builder_version=\u00bb4.27.4&#8243; _module_preset=\u00bbdefault\u00bb title_text_color=\u00bb#505050&#8243; title_level=\u00bbh3&#8243; title_font=\u00bb&#8211;et_global_heading_font|||on|||||\u00bb title_font_size=\u00bb16px\u00bb title_letter_spacing=\u00bb1px\u00bb title_line_height=\u00bb2em\u00bb closed_title_font=\u00bbPlayfair Display||||||||\u00bb body_text_color=\u00bb#505050&#8243; body_line_height=\u00bb1.6em\u00bb border_width_all=\u00bb0px\u00bb border_width_bottom=\u00bb2px\u00bb border_color_bottom=\u00bb#2d6a9b\u00bb global_colors_info=\u00bb{}\u00bb]<\/p>\n<p><strong>\u00bfHay supermercados cerca?<\/strong><br \/>S\u00ed, hay varios supermercados y tiendas de comestibles a pocos minutos del camping (Carrefour, Intermarch\u00e9, Lidl, etc.). Puedes hacer la compra all\u00ed f\u00e1cilmente, en bici o en coche. <\/p>\n<p><strong>\u00bfD\u00f3nde est\u00e1n los mercados m\u00e1s cercanos?<\/strong><br \/>Aqu\u00ed tienes los mercados que no debes perderte durante tu estancia:<br \/>&#8211; <strong>March\u00e9 de Saint-Renan<\/strong> &#8211; S\u00e1bados por la ma\u00f1ana: uno de los mercados m\u00e1s grandes de Finist\u00e8re, muy animado y famoso por sus productos locales, ecol\u00f3gicos y artesanales.<br \/>&#8211; <strong>March\u00e9 de Brest Saint-Louis<\/strong> &#8211; Domingos por la ma\u00f1ana: ideal para pasear por el centro de la ciudad y abastecerse de productos frescos.<\/p>\n<p>[\/et_pb_toggle][\/et_pb_column][et_pb_column type=\u00bb1_2&#8243; _builder_version=\u00bb4.27.4&#8243; _module_preset=\u00bbdefault\u00bb global_colors_info=\u00bb{}\u00bb][et_pb_toggle title=\u00bbCasas m\u00f3viles\u00bb open_toggle_text_color=\u00bb#505050&#8243; open_toggle_background_color=\u00bbRGBA(255,255,255,0)\u00bb closed_toggle_background_color=\u00bbRGBA(255,255,255,0)\u00bb icon_color=\u00bb#EBA53C\u00bb toggle_icon=\u00bb&#x4c;||divi||400&#8243; use_icon_font_size=\u00bbon\u00bb icon_font_size=\u00bb30px\u00bb open_icon_color=\u00bbrgba(235,165,60,0.76)\u00bb open_toggle_icon=\u00bb&#xf2d1;||fa||400&#8243; open_use_icon_font_size=\u00bbon\u00bb open_icon_font_size=\u00bb24px\u00bb _builder_version=\u00bb4.27.4&#8243; _module_preset=\u00bbdefault\u00bb title_text_color=\u00bb#505050&#8243; title_level=\u00bbh3&#8243; title_font=\u00bb&#8211;et_global_heading_font|||on|||||\u00bb title_font_size=\u00bb16px\u00bb title_letter_spacing=\u00bb1px\u00bb title_line_height=\u00bb2em\u00bb closed_title_font=\u00bbPlayfair Display||||||||\u00bb body_text_color=\u00bb#505050&#8243; body_line_height=\u00bb1.6em\u00bb border_width_all=\u00bb0px\u00bb border_width_bottom=\u00bb2px\u00bb border_color_bottom=\u00bb#2d6a9b\u00bb global_colors_info=\u00bb{}\u00bb]<\/p>\n<p><strong>\u00bfQu\u00e9 tipos de alojamiento ofrec\u00e9is?<\/strong><br \/>Ofrecemos:<br \/>&#8211; Confortables casas m\u00f3viles de 2 \u00f3 3 dormitorios con capacidad para 1 a 6 personas<br \/>&#8211; Alojamientos ins\u00f3litos como caba\u00f1as, cocosweet y ciclotentes.<\/p>\n<p><strong>\u00bfEst\u00e1n equipadas las casas m\u00f3viles?<\/strong><br \/>S\u00ed, cada casa m\u00f3vil dispone de cocina totalmente equipada, cuarto de ba\u00f1o, zona de estar con televisi\u00f3n y espacio exterior.<\/p>\n<p><strong>\u00bfTengo que pagar una fianza cuando me mude? \u00bfCu\u00e1ndo me devuelven la fianza? <\/strong><br \/>Se requiere un dep\u00f3sito de 150 euros y una fianza de 80 euros a la llegada para todas las estancias de alquiler. Se pagan mediante cheque, efectivo o tarjeta de cr\u00e9dito. Se te devolver\u00e1 la fianza el d\u00eda de tu partida, tras comprobar que el alojamiento est\u00e1 en buenas condiciones.  <\/p>\n<p><strong>\u00bfCu\u00e1les son los horarios de llegada y salida de las casas m\u00f3viles?<\/strong><br \/>Las llegadas son a partir de las 16 h y las salidas a las 10 h.<\/p>\n<p><strong>\u00bfSe proporcionan s\u00e1banas, toallas, edredones y mantas?<\/strong><br \/>No se proporcionan s\u00e1banas ni toallas, pero puedes alquilar un juego de s\u00e1banas o un juego de toallas si lo solicitas.<br \/>Todos nuestros alquileres est\u00e1n equipados con edredones, mantas y almohadas.<\/p>\n<p><strong>\u00bfPuedo alquilar una cuna o una trona?<\/strong><br \/>S\u00ed, ofrecemos kits para beb\u00e9s de alquiler por noche o por semana, que incluyen: una cuna y una trona (el colch\u00f3n de la cuna no est\u00e1 incluido por motivos de seguridad). <\/p>\n<p><strong>\u00bfPuedo invitar a familiares o amigos a que se alojen en la casa m\u00f3vil?<\/strong> <em>(En caso afirmativo, \u00bfhay que pagar algo?)<\/em><br \/>Se permiten visitas en el camping hasta la capacidad de la parcela y deben presentarse en recepci\u00f3n; deber\u00e1n abonar la tarifa de \u00abvisitante\u00bb.<br \/>Est\u00e1n prohibidas las reuniones en el camping.<\/p>\n<p>[\/et_pb_toggle][et_pb_toggle title=\u00bbAnimales\u00bb open_toggle_text_color=\u00bb#505050&#8243; open_toggle_background_color=\u00bbRGBA(255,255,255,0)\u00bb closed_toggle_background_color=\u00bbRGBA(255,255,255,0)\u00bb icon_color=\u00bb#EBA53C\u00bb toggle_icon=\u00bb&#x4c;||divi||400&#8243; use_icon_font_size=\u00bbon\u00bb icon_font_size=\u00bb30px\u00bb open_icon_color=\u00bbrgba(235,165,60,0.76)\u00bb open_toggle_icon=\u00bb&#xf2d1;||fa||400&#8243; open_use_icon_font_size=\u00bbon\u00bb open_icon_font_size=\u00bb24px\u00bb _builder_version=\u00bb4.27.4&#8243; _module_preset=\u00bbdefault\u00bb title_text_color=\u00bb#505050&#8243; title_level=\u00bbh3&#8243; title_font=\u00bb&#8211;et_global_heading_font|||on|||||\u00bb title_font_size=\u00bb16px\u00bb title_letter_spacing=\u00bb1px\u00bb title_line_height=\u00bb2em\u00bb closed_title_font=\u00bbPlayfair Display||||||||\u00bb body_text_color=\u00bb#505050&#8243; body_line_height=\u00bb1.6em\u00bb border_width_all=\u00bb0px\u00bb border_width_bottom=\u00bb2px\u00bb border_color_bottom=\u00bb#2d6a9b\u00bb global_colors_info=\u00bb{}\u00bb]<\/p>\n<p><strong>\u00bfSe admiten animales de compa\u00f1\u00eda?<\/strong><br \/>S\u00ed, se admiten mascotas bajo ciertas condiciones (correas, certificados de vacunaci\u00f3n, perros de categor\u00eda no autorizada&#8230;).<\/p>\n<p>Se admiten perros en el recinto, independientemente de su tama\u00f1o o peso, siempre que no est\u00e9n clasificados.<\/p>\n<p><strong>En algunos modelos de mobil-home<\/strong> se admiten perros. Los modelos de mobil-home en los que se admiten mascotas est\u00e1n especificados en nuestra p\u00e1gina Alojamiento y mobil-homes.<strong> No se admiten perros en los modelos Ultimate y Premium<\/strong>.  <\/p>\n<p>No dudes en ponerte en contacto con nosotros si tienes alguna pregunta sobre tus perritos.<\/p>\n<p>[\/et_pb_toggle][et_pb_toggle title=\u00bbServicios y actividades\u00bb open_toggle_text_color=\u00bb#505050&#8243; open_toggle_background_color=\u00bbRGBA(255,255,255,0)\u00bb closed_toggle_background_color=\u00bbRGBA(255,255,255,0)\u00bb icon_color=\u00bb#EBA53C\u00bb toggle_icon=\u00bb&#x4c;||divi||400&#8243; use_icon_font_size=\u00bbon\u00bb icon_font_size=\u00bb30px\u00bb open_icon_color=\u00bbrgba(235,165,60,0.76)\u00bb open_toggle_icon=\u00bb&#xf2d1;||fa||400&#8243; open_use_icon_font_size=\u00bbon\u00bb open_icon_font_size=\u00bb24px\u00bb _builder_version=\u00bb4.27.4&#8243; _module_preset=\u00bbdefault\u00bb title_text_color=\u00bb#505050&#8243; title_level=\u00bbh3&#8243; title_font=\u00bb&#8211;et_global_heading_font|||on|||||\u00bb title_font_size=\u00bb16px\u00bb title_letter_spacing=\u00bb1px\u00bb title_line_height=\u00bb2em\u00bb closed_title_font=\u00bbPlayfair Display||||||||\u00bb body_text_color=\u00bb#505050&#8243; body_line_height=\u00bb1.6em\u00bb border_width_all=\u00bb0px\u00bb border_width_bottom=\u00bb2px\u00bb border_color_bottom=\u00bb#2d6a9b\u00bb global_colors_info=\u00bb{}\u00bb]<\/p>\n<p><strong>\u00bfHay piscina?<\/strong><br \/>S\u00ed, \u00a1hay incluso dos!<\/p>\n<p>El camping dispone de una piscina cubierta climatizada, con zona infantil, abierta toda la temporada.<\/p>\n<p>De finales de mayo a finales de agosto, abre sus puertas nuestra piscina climatizada al aire libre, con toboganes, ba\u00f1era de hidromasaje y piscina infantil para los ni\u00f1os.<\/p>\n<p><strong>\u00bfHay alg\u00fan acontecimiento?<\/strong><br \/>En temporada alta (julio\/agosto), hay entretenimiento para todas las edades (club infantil, actividades para adolescentes, juegos, eventos nocturnos, actividades deportivas, talleres, etc.).<\/p>\n<p><strong>\u00bfOfrec\u00e9is servicio de catering?<\/strong><br \/>S\u00ed, encontrar\u00e1s un snack bar in situ con comida para llevar, helados italianos, gofres, bebidas y especialidades bretonas. El bar est\u00e1 abierto toda la temporada. El snack bar est\u00e1 abierto para comer (3 comidas a la semana) y cenar en julio y agosto.  <\/p>\n<p><strong>\u00bfHay Wi-Fi en el camping?<\/strong><br \/>Hay conexi\u00f3n Wi-Fi GRATUITA en todo el camping.<\/p>\n<p><strong>Garantizamos una mejor conexi\u00f3n en recepci\u00f3n y en el bar.<\/strong><\/p>\n<p>[\/et_pb_toggle][et_pb_toggle title=\u00bbBienvenida a caminantes y ciclistas\u00bb open_toggle_text_color=\u00bb#505050&#8243; open_toggle_background_color=\u00bbRGBA(255,255,255,0)\u00bb closed_toggle_background_color=\u00bbRGBA(255,255,255,0)\u00bb icon_color=\u00bb#EBA53C\u00bb toggle_icon=\u00bb&#x4c;||divi||400&#8243; use_icon_font_size=\u00bbon\u00bb icon_font_size=\u00bb30px\u00bb open_icon_color=\u00bbrgba(235,165,60,0.76)\u00bb open_toggle_icon=\u00bb&#xf2d1;||fa||400&#8243; open_use_icon_font_size=\u00bbon\u00bb open_icon_font_size=\u00bb24px\u00bb _builder_version=\u00bb4.27.4&#8243; _module_preset=\u00bbdefault\u00bb title_text_color=\u00bb#505050&#8243; title_level=\u00bbh3&#8243; title_font=\u00bb&#8211;et_global_heading_font|||on|||||\u00bb title_font_size=\u00bb16px\u00bb title_letter_spacing=\u00bb1px\u00bb title_line_height=\u00bb2em\u00bb closed_title_font=\u00bbPlayfair Display||||||||\u00bb body_text_color=\u00bb#505050&#8243; body_line_height=\u00bb1.6em\u00bb border_width_all=\u00bb0px\u00bb border_width_bottom=\u00bb2px\u00bb border_color_bottom=\u00bb#2d6a9b\u00bb global_colors_info=\u00bb{}\u00bb]<\/p>\n<p><strong>\u00bfA qu\u00e9 distancia est\u00e1 el camping de los carriles bici?<\/strong><br \/>El Camping du Goulet est\u00e1 situado junto a las rutas ciclistas de Brest y a s\u00f3lo 300 m de la V\u00e9loroute Littorale (V45). Idealmente situado para los cicloturistas, es f\u00e1cil llegar a las rutas ciclistas y disfrutar al m\u00e1ximo de la costa bretona. <\/p>\n<p><strong>\u00bfEst\u00e1 cerca el GR34?<\/strong><br \/>S\u00ed, el famoso sendero de gran recorrido GR34, tambi\u00e9n conocido como \u00absentier des douaniers\u00bb, pasa a s\u00f3lo 500 m del camping. Es un punto de parada ideal para los senderistas que deseen descubrir la belleza salvaje del litoral del Finisterre. <\/p>\n<p><strong>\u00bfOfrec\u00e9is una tarifa especial para itinerantes con movilidad reducida?<\/strong><br \/>S\u00ed, existe una tarifa reducida para excursionistas y ciclistas itinerantes (a pie o en bicicleta) <strong>s\u00f3lo durante julio y agosto<\/strong>. Encontrar\u00e1s todos los detalles en nuestra p\u00e1gina <a href=\"https:\/\/www.campingdugoulet.fr\/es\/descubra-nuestro-paquete-escala-de-senderismo-y-cicloturismo-en-el-norte-de-finisterre\/\" target=\"_blank\" rel=\"noopener\" title=\"Art\u00edculos web\"><strong>\u00abEscale rando\/v\u00e9lo<\/strong><\/a>especialmente dise\u00f1ado para viajeros en busca de libertad. <\/p>\n<p>&nbsp;<\/p>\n<p><strong>\u00bfHay alg\u00fan lugar cubierto para refugiarse o descansar?<\/strong>  S\u00ed, hemos <strong data-start=\"240\" data-end=\"274\">instalado el chalet La Douce Escale<\/strong>, el cuartel general de senderistas y ciclistas. Despu\u00e9s del esfuerzo, el confort: refugio contra la lluvia, una merecida zona de descanso&#8230; \u00a1y por qu\u00e9 no saborear el confort con una (peque\u00f1a) cerveza local en el bar! El chalet dispone de microondas, hervidor de agua y c\u00f3modos asientos: todo lo que necesitas para un descanso relajante y para compartir tus aventuras con otros aficionados al senderismo o al ciclismo.   <\/p>\n<p><strong>\u00bfOfrec\u00e9is alojamiento nocturno a los excursionistas?<\/strong><br \/>S\u00ed, algunos de nuestros ins\u00f3litos alojamientos pueden reservarse por noches, incluso en temporada alta, para acoger a excursionistas y ciclistas de paso. Una opci\u00f3n pr\u00e1ctica para prolongar tu estancia y disfrutar al m\u00e1ximo de la regi\u00f3n. <\/p>\n<p>[\/et_pb_toggle][et_pb_toggle title=\u00bbUnas vacaciones en familia: abuelos, padres y nietos juntos\u00bb open_toggle_text_color=\u00bb#505050&#8243; open_toggle_background_color=\u00bbRGBA(255,255,255,0)\u00bb closed_toggle_background_color=\u00bbRGBA(255,255,255,0)\u00bb icon_color=\u00bb#EBA53C\u00bb toggle_icon=\u00bb&#x4c;||divi||400&#8243; use_icon_font_size=\u00bbon\u00bb icon_font_size=\u00bb30px\u00bb open_icon_color=\u00bbrgba(235,165,60,0.76)\u00bb open_toggle_icon=\u00bb&#xf2d1;||fa||400&#8243; open_use_icon_font_size=\u00bbon\u00bb open_icon_font_size=\u00bb24px\u00bb _builder_version=\u00bb4.27.4&#8243; _module_preset=\u00bbdefault\u00bb title_text_color=\u00bb#505050&#8243; title_level=\u00bbh3&#8243; title_font=\u00bb&#8211;et_global_heading_font|||on|||||\u00bb title_font_size=\u00bb16px\u00bb title_letter_spacing=\u00bb1px\u00bb title_line_height=\u00bb2em\u00bb closed_title_font=\u00bbPlayfair Display||||||||\u00bb body_text_color=\u00bb#505050&#8243; body_line_height=\u00bb1.6em\u00bb border_width_all=\u00bb0px\u00bb border_width_bottom=\u00bb2px\u00bb border_color_bottom=\u00bb#2d6a9b\u00bb global_colors_info=\u00bb{}\u00bb]<\/p>\n<p><strong>\u00bfEl camping es adecuado para ni\u00f1os?<\/strong><br \/>\u00a1Por supuesto! El Camping du Goulet, en Brest (Finist\u00e8re), es ideal para unas vacaciones en familia. A los ni\u00f1os les encantar\u00e1 la zona de piscinas con piscina exterior y toboganes, piscina cubierta climatizada, parque infantil, pista polideportiva, castillo hinchable y club infantil todas las ma\u00f1anas en verano.  <\/p>\n<p><strong>\u00bfEs seguro para los ni\u00f1os?<\/strong><br \/>S\u00ed, el camping ofrece amplias zonas cerradas y tranquilas. Cada casa m\u00f3vil tiene un peque\u00f1o jard\u00edn privado donde los ni\u00f1os pueden jugar sin peligro mientras los abuelos se relajan. <\/p>\n<p><strong>\u00bfHay actividades para familias?<\/strong><br \/>En julio y agosto, el programa de entretenimiento familiar incluye un club infantil todas las ma\u00f1anas, actividades para adolescentes por la tarde, minidisco, veladas de baile, torneos de petanca y mucho m\u00e1s. Suficiente para satisfacer a nietos, ni\u00f1os&#8230; \u00a1y abuelos!  <\/p>\n<p>[\/et_pb_toggle][\/et_pb_column][\/et_pb_row][\/et_pb_section]<\/p>\n","protected":false},"excerpt":{"rendered":"<p>Preguntas m\u00e1s frecuentes \u00bfD\u00f3nde est\u00e1 el Camping du Goulet?El camping est\u00e1 situado en Brest, a s\u00f3lo 6 km del centro de la ciudad y a 500 m del mar. Para planificar tu itinerario, haz clic aqu\u00ed. \u00bfEl camping est\u00e1 abierto todo el a\u00f1o? No, el Camping du Goulet de Brest est\u00e1 abierto de abril a [&hellip;]<\/p>\n","protected":false},"author":2,"featured_media":0,"parent":0,"menu_order":0,"comment_status":"closed","ping_status":"closed","template":"","meta":{"_acf_changed":false,"_et_pb_use_builder":"on","_et_pb_old_content":"","_et_gb_content_width":"","inline_featured_image":false,"footnotes":""},"categories":[],"class_list":["post-9118","page","type-page","status-publish","hentry"],"acf":[],"yoast_head":"<!-- This site is optimized with the Yoast SEO plugin v27.3 - https:\/\/yoast.com\/product\/yoast-seo-wordpress\/ -->\n<title>Preguntas m\u00e1s frecuentes - Camping du Goulet<\/title>\n<meta name=\"robots\" content=\"index, follow, max-snippet:-1, max-image-preview:large, max-video-preview:-1\" \/>\n<link rel=\"canonical\" href=\"https:\/\/www.campingdugoulet.fr\/es\/preguntas-mas-frecuentes\/\" \/>\n<meta property=\"og:locale\" content=\"es_ES\" \/>\n<meta property=\"og:type\" content=\"article\" \/>\n<meta property=\"og:title\" content=\"Preguntas m\u00e1s frecuentes - Camping du Goulet\" \/>\n<meta property=\"og:description\" content=\"Preguntas m\u00e1s frecuentes \u00bfD\u00f3nde est\u00e1 el Camping du Goulet?El camping est\u00e1 situado en Brest, a s\u00f3lo 6 km del centro de la ciudad y a 500 m del mar. Para planificar tu itinerario, haz clic aqu\u00ed. \u00bfEl camping est\u00e1 abierto todo el a\u00f1o? No, el Camping du Goulet de Brest est\u00e1 abierto de abril a [&hellip;]\" \/>\n<meta property=\"og:url\" content=\"https:\/\/www.campingdugoulet.fr\/es\/preguntas-mas-frecuentes\/\" \/>\n<meta property=\"og:site_name\" content=\"Camping du Goulet\" \/>\n<meta property=\"article:publisher\" content=\"https:\/\/fr-fr.facebook.com\/camping.bretagne.goulet\" \/>\n<meta property=\"article:modified_time\" content=\"2025-10-17T14:00:10+00:00\" \/>\n<meta property=\"og:image\" content=\"https:\/\/www.campingdugoulet.fr\/wp-content\/uploads\/camping-fleche.svg\" \/>\n<meta name=\"twitter:card\" content=\"summary_large_image\" \/>\n<meta name=\"twitter:label1\" content=\"Tiempo de lectura\" \/>\n\t<meta name=\"twitter:data1\" content=\"17 minutos\" \/>\n<script type=\"application\/ld+json\" class=\"yoast-schema-graph\">{\"@context\":\"https:\\\/\\\/schema.org\",\"@graph\":[{\"@type\":\"WebPage\",\"@id\":\"https:\\\/\\\/www.campingdugoulet.fr\\\/es\\\/preguntas-mas-frecuentes\\\/\",\"url\":\"https:\\\/\\\/www.campingdugoulet.fr\\\/es\\\/preguntas-mas-frecuentes\\\/\",\"name\":\"Preguntas m\u00e1s frecuentes - Camping du Goulet\",\"isPartOf\":{\"@id\":\"https:\\\/\\\/www.campingdugoulet.fr\\\/es\\\/#website\"},\"primaryImageOfPage\":{\"@id\":\"https:\\\/\\\/www.campingdugoulet.fr\\\/es\\\/preguntas-mas-frecuentes\\\/#primaryimage\"},\"image\":{\"@id\":\"https:\\\/\\\/www.campingdugoulet.fr\\\/es\\\/preguntas-mas-frecuentes\\\/#primaryimage\"},\"thumbnailUrl\":\"https:\\\/\\\/www.campingdugoulet.fr\\\/wp-content\\\/uploads\\\/camping-fleche.svg\",\"datePublished\":\"2025-05-26T09:25:33+00:00\",\"dateModified\":\"2025-10-17T14:00:10+00:00\",\"breadcrumb\":{\"@id\":\"https:\\\/\\\/www.campingdugoulet.fr\\\/es\\\/preguntas-mas-frecuentes\\\/#breadcrumb\"},\"inLanguage\":\"es\",\"potentialAction\":[{\"@type\":\"ReadAction\",\"target\":[\"https:\\\/\\\/www.campingdugoulet.fr\\\/es\\\/preguntas-mas-frecuentes\\\/\"]}]},{\"@type\":\"ImageObject\",\"inLanguage\":\"es\",\"@id\":\"https:\\\/\\\/www.campingdugoulet.fr\\\/es\\\/preguntas-mas-frecuentes\\\/#primaryimage\",\"url\":\"https:\\\/\\\/www.campingdugoulet.fr\\\/wp-content\\\/uploads\\\/camping-fleche.svg\",\"contentUrl\":\"https:\\\/\\\/www.campingdugoulet.fr\\\/wp-content\\\/uploads\\\/camping-fleche.svg\"},{\"@type\":\"BreadcrumbList\",\"@id\":\"https:\\\/\\\/www.campingdugoulet.fr\\\/es\\\/preguntas-mas-frecuentes\\\/#breadcrumb\",\"itemListElement\":[{\"@type\":\"ListItem\",\"position\":1,\"name\":\"Accueil\",\"item\":\"https:\\\/\\\/www.campingdugoulet.fr\\\/es\\\/inicio-nuevo\\\/\"},{\"@type\":\"ListItem\",\"position\":2,\"name\":\"Preguntas m\u00e1s frecuentes\"}]},{\"@type\":\"WebSite\",\"@id\":\"https:\\\/\\\/www.campingdugoulet.fr\\\/es\\\/#website\",\"url\":\"https:\\\/\\\/www.campingdugoulet.fr\\\/es\\\/\",\"name\":\"Camping du Goulet\",\"description\":\"Camping 4 \u00e9toiles \u00e0 Brest, \u00e0 la pointe du Finist\u00e8re\",\"publisher\":{\"@id\":\"https:\\\/\\\/www.campingdugoulet.fr\\\/es\\\/#organization\"},\"potentialAction\":[{\"@type\":\"SearchAction\",\"target\":{\"@type\":\"EntryPoint\",\"urlTemplate\":\"https:\\\/\\\/www.campingdugoulet.fr\\\/es\\\/?s={search_term_string}\"},\"query-input\":{\"@type\":\"PropertyValueSpecification\",\"valueRequired\":true,\"valueName\":\"search_term_string\"}}],\"inLanguage\":\"es\"},{\"@type\":\"Organization\",\"@id\":\"https:\\\/\\\/www.campingdugoulet.fr\\\/es\\\/#organization\",\"name\":\"Camping Du Goulet\",\"url\":\"https:\\\/\\\/www.campingdugoulet.fr\\\/es\\\/\",\"logo\":{\"@type\":\"ImageObject\",\"inLanguage\":\"es\",\"@id\":\"https:\\\/\\\/www.campingdugoulet.fr\\\/es\\\/#\\\/schema\\\/logo\\\/image\\\/\",\"url\":\"https:\\\/\\\/www.campingdugoulet.fr\\\/wp-content\\\/uploads\\\/camping-finistere.png\",\"contentUrl\":\"https:\\\/\\\/www.campingdugoulet.fr\\\/wp-content\\\/uploads\\\/camping-finistere.png\",\"width\":190,\"height\":100,\"caption\":\"Camping Du Goulet\"},\"image\":{\"@id\":\"https:\\\/\\\/www.campingdugoulet.fr\\\/es\\\/#\\\/schema\\\/logo\\\/image\\\/\"},\"sameAs\":[\"https:\\\/\\\/fr-fr.facebook.com\\\/camping.bretagne.goulet\",\"https:\\\/\\\/www.instagram.com\\\/campingdugoulet\\\/?hl=fr\"]}]}<\/script>\n<!-- \/ Yoast SEO plugin. -->","yoast_head_json":{"title":"Preguntas m\u00e1s frecuentes - Camping du Goulet","robots":{"index":"index","follow":"follow","max-snippet":"max-snippet:-1","max-image-preview":"max-image-preview:large","max-video-preview":"max-video-preview:-1"},"canonical":"https:\/\/www.campingdugoulet.fr\/es\/preguntas-mas-frecuentes\/","og_locale":"es_ES","og_type":"article","og_title":"Preguntas m\u00e1s frecuentes - Camping du Goulet","og_description":"Preguntas m\u00e1s frecuentes \u00bfD\u00f3nde est\u00e1 el Camping du Goulet?El camping est\u00e1 situado en Brest, a s\u00f3lo 6 km del centro de la ciudad y a 500 m del mar. Para planificar tu itinerario, haz clic aqu\u00ed. \u00bfEl camping est\u00e1 abierto todo el a\u00f1o? No, el Camping du Goulet de Brest est\u00e1 abierto de abril a [&hellip;]","og_url":"https:\/\/www.campingdugoulet.fr\/es\/preguntas-mas-frecuentes\/","og_site_name":"Camping du Goulet","article_publisher":"https:\/\/fr-fr.facebook.com\/camping.bretagne.goulet","article_modified_time":"2025-10-17T14:00:10+00:00","og_image":[{"url":"https:\/\/www.campingdugoulet.fr\/wp-content\/uploads\/camping-fleche.svg","type":"","width":"","height":""}],"twitter_card":"summary_large_image","twitter_misc":{"Tiempo de lectura":"17 minutos"},"schema":{"@context":"https:\/\/schema.org","@graph":[{"@type":"WebPage","@id":"https:\/\/www.campingdugoulet.fr\/es\/preguntas-mas-frecuentes\/","url":"https:\/\/www.campingdugoulet.fr\/es\/preguntas-mas-frecuentes\/","name":"Preguntas m\u00e1s frecuentes - Camping du Goulet","isPartOf":{"@id":"https:\/\/www.campingdugoulet.fr\/es\/#website"},"primaryImageOfPage":{"@id":"https:\/\/www.campingdugoulet.fr\/es\/preguntas-mas-frecuentes\/#primaryimage"},"image":{"@id":"https:\/\/www.campingdugoulet.fr\/es\/preguntas-mas-frecuentes\/#primaryimage"},"thumbnailUrl":"https:\/\/www.campingdugoulet.fr\/wp-content\/uploads\/camping-fleche.svg","datePublished":"2025-05-26T09:25:33+00:00","dateModified":"2025-10-17T14:00:10+00:00","breadcrumb":{"@id":"https:\/\/www.campingdugoulet.fr\/es\/preguntas-mas-frecuentes\/#breadcrumb"},"inLanguage":"es","potentialAction":[{"@type":"ReadAction","target":["https:\/\/www.campingdugoulet.fr\/es\/preguntas-mas-frecuentes\/"]}]},{"@type":"ImageObject","inLanguage":"es","@id":"https:\/\/www.campingdugoulet.fr\/es\/preguntas-mas-frecuentes\/#primaryimage","url":"https:\/\/www.campingdugoulet.fr\/wp-content\/uploads\/camping-fleche.svg","contentUrl":"https:\/\/www.campingdugoulet.fr\/wp-content\/uploads\/camping-fleche.svg"},{"@type":"BreadcrumbList","@id":"https:\/\/www.campingdugoulet.fr\/es\/preguntas-mas-frecuentes\/#breadcrumb","itemListElement":[{"@type":"ListItem","position":1,"name":"Accueil","item":"https:\/\/www.campingdugoulet.fr\/es\/inicio-nuevo\/"},{"@type":"ListItem","position":2,"name":"Preguntas m\u00e1s frecuentes"}]},{"@type":"WebSite","@id":"https:\/\/www.campingdugoulet.fr\/es\/#website","url":"https:\/\/www.campingdugoulet.fr\/es\/","name":"Camping du Goulet","description":"Camping 4 \u00e9toiles \u00e0 Brest, \u00e0 la pointe du Finist\u00e8re","publisher":{"@id":"https:\/\/www.campingdugoulet.fr\/es\/#organization"},"potentialAction":[{"@type":"SearchAction","target":{"@type":"EntryPoint","urlTemplate":"https:\/\/www.campingdugoulet.fr\/es\/?s={search_term_string}"},"query-input":{"@type":"PropertyValueSpecification","valueRequired":true,"valueName":"search_term_string"}}],"inLanguage":"es"},{"@type":"Organization","@id":"https:\/\/www.campingdugoulet.fr\/es\/#organization","name":"Camping Du Goulet","url":"https:\/\/www.campingdugoulet.fr\/es\/","logo":{"@type":"ImageObject","inLanguage":"es","@id":"https:\/\/www.campingdugoulet.fr\/es\/#\/schema\/logo\/image\/","url":"https:\/\/www.campingdugoulet.fr\/wp-content\/uploads\/camping-finistere.png","contentUrl":"https:\/\/www.campingdugoulet.fr\/wp-content\/uploads\/camping-finistere.png","width":190,"height":100,"caption":"Camping Du Goulet"},"image":{"@id":"https:\/\/www.campingdugoulet.fr\/es\/#\/schema\/logo\/image\/"},"sameAs":["https:\/\/fr-fr.facebook.com\/camping.bretagne.goulet","https:\/\/www.instagram.com\/campingdugoulet\/?hl=fr"]}]}},"_links":{"self":[{"href":"https:\/\/www.campingdugoulet.fr\/es\/wp-json\/wp\/v2\/pages\/9118","targetHints":{"allow":["GET"]}}],"collection":[{"href":"https:\/\/www.campingdugoulet.fr\/es\/wp-json\/wp\/v2\/pages"}],"about":[{"href":"https:\/\/www.campingdugoulet.fr\/es\/wp-json\/wp\/v2\/types\/page"}],"author":[{"embeddable":true,"href":"https:\/\/www.campingdugoulet.fr\/es\/wp-json\/wp\/v2\/users\/2"}],"replies":[{"embeddable":true,"href":"https:\/\/www.campingdugoulet.fr\/es\/wp-json\/wp\/v2\/comments?post=9118"}],"version-history":[{"count":8,"href":"https:\/\/www.campingdugoulet.fr\/es\/wp-json\/wp\/v2\/pages\/9118\/revisions"}],"predecessor-version":[{"id":12302,"href":"https:\/\/www.campingdugoulet.fr\/es\/wp-json\/wp\/v2\/pages\/9118\/revisions\/12302"}],"wp:attachment":[{"href":"https:\/\/www.campingdugoulet.fr\/es\/wp-json\/wp\/v2\/media?parent=9118"}],"wp:term":[{"taxonomy":"category","embeddable":true,"href":"https:\/\/www.campingdugoulet.fr\/es\/wp-json\/wp\/v2\/categories?post=9118"}],"curies":[{"name":"wp","href":"https:\/\/api.w.org\/{rel}","templated":true}]}}