{"id":7158,"date":"2025-03-12T12:21:51","date_gmt":"2025-03-12T11:21:51","guid":{"rendered":"https:\/\/www.campingdugoulet.fr\/inicio-nuevo\/"},"modified":"2026-03-10T10:16:37","modified_gmt":"2026-03-10T09:16:37","slug":"inicio-nuevo","status":"publish","type":"page","link":"https:\/\/www.campingdugoulet.fr\/es\/","title":{"rendered":"Inicio"},"content":{"rendered":"<p>[et_pb_section fb_built=\u00bb1&#8243; _builder_version=\u00bb4.17.4&#8243; _module_preset=\u00bbdefault\u00bb background_image=\u00bbhttps:\/\/www.campingdugoulet.fr\/wp-content\/uploads\/camping-goulet-header-home.jpg\u00bb positioning=\u00bbabsolute\u00bb position_origin_a=\u00bbtop_center\u00bb custom_padding=\u00bb0px||0px||false|false\u00bb global_colors_info=\u00bb{}\u00bb][et_pb_row _builder_version=\u00bb4.17.4&#8243; _module_preset=\u00bbdefault\u00bb width=\u00bb100%\u00bb max_width=\u00bb2560px\u00bb custom_padding=\u00bb0px||0px||false|false\u00bb global_colors_info=\u00bb{}\u00bb][et_pb_column type=\u00bb4_4&#8243; _builder_version=\u00bb4.17.4&#8243; _module_preset=\u00bbdefault\u00bb global_colors_info=\u00bb{}\u00bb][et_pb_text _builder_version=\u00bb4.17.4&#8243; _module_preset=\u00bbdefault\u00bb global_colors_info=\u00bb{}\u00bb]<\/p>\n<div class=\"vimeo-wrapper\"><iframe src=\"https:\/\/player.vimeo.com\/video\/793388342?background=1&amp;autoplay=1&amp;loop=1&amp;byline=0&amp;title=0&amp;muted=1\" frameborder=\"0\" webkitallowfullscreen=\"\" mozallowfullscreen=\"\" allowfullscreen=\"\"><\/iframe><\/div>\n<p>[\/et_pb_text][\/et_pb_column][\/et_pb_row][\/et_pb_section][et_pb_section fb_built=\u00bb1&#8243; _builder_version=\u00bb4.27.4&#8243; _module_preset=\u00bbdefault\u00bb background_color=\u00bbrgba(0,0,0,0.4)\u00bb background_enable_image=\u00bboff\u00bb background_blend=\u00bbdarken\u00bb z_index=\u00bb500&#8243; height=\u00bb100vh\u00bb global_colors_info=\u00bb{}\u00bb][et_pb_row _builder_version=\u00bb4.27.4&#8243; _module_preset=\u00bbdefault\u00bb positioning=\u00bbabsolute\u00bb position_origin_a=\u00bbcenter_center\u00bb z_index=\u00bb192&#8243; width=\u00bb100%\u00bb width_tablet=\u00bb100%\u00bb width_phone=\u00bb90%\u00bb width_last_edited=\u00bbon|phone\u00bb max_width=\u00bb1248px\u00bb global_colors_info=\u00bb{}\u00bb][et_pb_column type=\u00bb4_4&#8243; _builder_version=\u00bb4.17.4&#8243; _module_preset=\u00bbdefault\u00bb global_colors_info=\u00bb{}\u00bb][et_pb_image src=\u00bbhttps:\/\/www.campingdugoulet.fr\/wp-content\/uploads\/\/camping-goulet-badge-zero-dechet.svg\u00bb alt=\u00bbcamping goulet distintivo residuos cero\u00bb title_text=\u00bbcamping goulet distintivo residuos cero\u00bb disabled_on=\u00bboff|off|off\u00bb _builder_version=\u00bb4.27.4&#8243; _module_preset=\u00bbdefault\u00bb width=\u00bb80px\u00bb width_tablet=\u00bb200px\u00bb width_phone=\u00bb55px\u00bb width_last_edited=\u00bbon|phone\u00bb custom_padding=\u00bb||10px|||\u00bb global_colors_info=\u00bb{}\u00bb][\/et_pb_image][et_pb_button button_url=\u00bb@ET-DC@eyJkeW5hbWljIjp0cnVlLCJjb250ZW50IjoicG9zdF9saW5rX3VybF9hdHRhY2htZW50Iiwic2V0dGluZ3MiOnsicG9zdF9pZCI6IjE0MDYxIn19@\u00bb button_text=\u00bbDescubra nuestro nuevo folleto\u00bb _builder_version=\u00bb4.27.4&#8243; _dynamic_attributes=\u00bbbutton_url\u00bb _module_preset=\u00bbdefault\u00bb custom_button=\u00bbon\u00bb button_text_color=\u00bb#FFFFFF\u00bb button_bg_color=\u00bb#0793B6&#8243; button_font=\u00bbAboreto||||||||\u00bb hover_enabled=\u00bb0&#8243; global_colors_info=\u00bb{}\u00bb sticky_enabled=\u00bb0&#8243; button_text_size=\u00bb10px\u00bb][\/et_pb_button][et_pb_code _builder_version=\u00bb4.27.4&#8243; _module_preset=\u00bbdefault\u00bb global_colors_info=\u00bb{}\u00bb]<script><!-- [et_pb_line_break_holder] -->document.addEventListener(\"DOMContentLoaded\", function(){<!-- [et_pb_line_break_holder] -->    var popup = document.getElementById(\"popup-section\");<!-- [et_pb_line_break_holder] -->    popup.style.display = \"block\"; \/\/ affichage automatique<!-- [et_pb_line_break_holder] -->});<!-- [et_pb_line_break_holder] --><\/script>[\/et_pb_code][et_pb_text module_id=\u00bbpopup-section\u00bb _builder_version=\u00bb4.27.4&#8243; _module_preset=\u00bbdefault\u00bb header_text_color=\u00bb#FFFFFF\u00bb global_colors_info=\u00bb{}\u00bb]<\/p>\n<h1 style=\"text-align: center;\">Unas vacaciones de 4 estrellas en la punta del Finisterre<\/h1>\n<p>[\/et_pb_text][et_pb_text _builder_version=\u00bb4.17.4&#8243; _module_preset=\u00bbdefault\u00bb text_font=\u00bb|700|||||||\u00bb text_text_color=\u00bb#505050&#8243; header_4_font=\u00bb||||||||\u00bb background_color=\u00bbrgba(255,255,255,0.72)\u00bb positioning=\u00bbrelative\u00bb z_index=\u00bb10&#8243; text_orientation=\u00bbcenter\u00bb overflow-x=\u00bbvisible\u00bb overflow-y=\u00bbvisible\u00bb custom_margin=\u00bb0px||||false|false\u00bb custom_padding=\u00bb10px||||false|false\u00bb border_radii=\u00bbon|25px|25px|25px|25px\u00bb locked=\u00bboff\u00bb global_colors_info=\u00bb{}\u00bb]<\/p>\n<p style=\"text-align: center;\"><strong>RESERVE SU ESTANCIA<\/strong><\/p>\n<thr-search-engine><\/thr-search-engine>[\/et_pb_text][\/et_pb_column][\/et_pb_row][\/et_pb_section][et_pb_section fb_built=\u00bb1&#8243; custom_padding_last_edited=\u00bbon|phone\u00bb _builder_version=\u00bb4.27.4&#8243; _module_preset=\u00bbdefault\u00bb custom_margin_tablet=\u00bb\u00bb custom_margin_phone=\u00bb||0px||false|false\u00bb custom_margin_last_edited=\u00bbon|phone\u00bb custom_padding_tablet=\u00bb\u00bb custom_padding_phone=\u00bb||0px||false|false\u00bb global_colors_info=\u00bb{}\u00bb][et_pb_row column_structure=\u00bb2_5,3_5&#8243; use_custom_gutter=\u00bbon\u00bb gutter_width=\u00bb1&#8243; _builder_version=\u00bb4.27.4&#8243; _module_preset=\u00bbdefault\u00bb max_width=\u00bb1248px\u00bb global_colors_info=\u00bb{}\u00bb][et_pb_column type=\u00bb2_5&#8243; _builder_version=\u00bb4.27.4&#8243; _module_preset=\u00bbdefault\u00bb global_colors_info=\u00bb{}\u00bb][et_pb_image src=\u00bbhttps:\/\/www.campingdugoulet.fr\/wp-content\/uploads\/emplacement-camping-bord-de-mer-finistere.jpg\u00bb alt=\u00bbemplacement camping bord de mer finistere\u00bb title_text=\u00bblocation-camping-bord-de-mer-finistere\u00bb _builder_version=\u00bb4.27.4&#8243; _module_preset=\u00bbdefault\u00bb custom_margin=\u00bb6vh||||false|false\u00bb custom_margin_tablet=\u00bb6vh||||false|false\u00bb custom_margin_phone=\u00bb6vh||||false|false\u00bb custom_margin_last_edited=\u00bbon|phone\u00bb border_radii=\u00bbon|26px|26px|26px|26px\u00bb global_colors_info=\u00bb{}\u00bb][\/et_pb_image][\/et_pb_column][et_pb_column type=\u00bb3_5&#8243; _builder_version=\u00bb4.27.4&#8243; _module_preset=\u00bbdefault\u00bb global_colors_info=\u00bb{}\u00bb][et_pb_text _builder_version=\u00bb4.27.4&#8243; _module_preset=\u00bbdefault\u00bb custom_margin=\u00bb||6px|||\u00bb custom_padding=\u00bb4%|6%|4%|6%|true|true\u00bb custom_padding_tablet=\u00bb4%|6%|4%|6%|true|true\u00bb custom_padding_phone=\u00bb4%|0%|4%|0%|true|true\u00bb custom_padding_last_edited=\u00bbon|phone\u00bb global_colors_info=\u00bb{}\u00bb]<\/p>\n<h2>Bienvenido al Camping du Goulet&#8230;<\/h2>\n<h2>\u00a1Su camping en Finist\u00e8re!<\/h2>\n<p>[\/et_pb_text][et_pb_text _builder_version=\u00bb4.27.4&#8243; _module_preset=\u00bbdefault\u00bb custom_padding=\u00bb4%|6%|4%|6%|true|true\u00bb custom_padding_tablet=\u00bb4%|6%|4%|6%|true|true\u00bb custom_padding_phone=\u00bb4%|0%|4%|0%|true|true\u00bb custom_padding_last_edited=\u00bbon|phone\u00bb global_colors_info=\u00bb{}\u00bb]<\/p>\n<p>Situado en la punta del Finisterre, nuestro <strong>camping de 4 estrellas<\/strong> le abre sus puertas para una estancia inolvidable <strong>en el coraz\u00f3n de un entorno natural y verde.<\/strong> Aqu\u00ed, <strong>entre la tierra y el mar<\/strong>, podr\u00e1 disfrutar de <strong>un entorno virgen<\/strong> y del acceso directo a un encantador puertecito pesquero llamado <a href=\"https:\/\/www.campingdugoulet.fr\/es\/finisterre-norte\/\" target=\"_blank\" rel=\"noopener\" title=\"Casa Blanca\">La Maison Blanche<\/a>.<br \/><strong>A pocos minutos de <a href=\"https:\/\/www.campingdugoulet.fr\/es\/brest\/\" target=\"_blank\" rel=\"noopener\" title=\"Brest\">Brest<\/a><\/strong>, sum\u00e9rjase en el ambiente mar\u00edtimo de esta din\u00e1mica ciudad y descubra sus tesoros, como el acuario <a href=\"https:\/\/www.campingdugoulet.fr\/es\/turismo\/#!\" target=\"_blank\" rel=\"noopener\" title=\"Oc\u00e9anopolis\">Oc\u00e9anopolis<\/a>, los Ateliers des Capucins y la Marina du Ch\u00e2teau. Los amantes de las vistas impresionantes estar\u00e1n encantados con la proximidad del famoso <a href=\"https:\/\/www.campingdugoulet.fr\/es\/finisterre-norte\/\" target=\"_blank\" rel=\"noopener\" title=\"faro de petit minou\">faro Petit Minou<\/a>, que ofrece una vista impresionante del mar de Iroise. <\/p>\n<p>[\/et_pb_text][et_pb_text module_class=\u00bbblanc\u00bb _builder_version=\u00bb4.27.4&#8243; _module_preset=\u00bbdefault\u00bb background_color=\u00bb#EBA53C\u00bb custom_padding=\u00bb4%|6%|4%|6%|true|true\u00bb border_radii=\u00bbon|12px|12px|12px|12px\u00bb global_colors_info=\u00bb{}\u00bb]<\/p>\n<p>En familia, entre amigos o en pareja, el Camping du Goulet le promete <strong>relajaci\u00f3n y evasi\u00f3n<\/strong>. Disfrute de<strong>instalaciones modernas, actividades variadas<\/strong> y un ambiente acogedor para pasar unas vacaciones de \u00e9xito en el fin del mundo, en Finisterre.<br \/>\u00bfBusca naturaleza, aire marino y descubrimientos? Deje las maletas en el Camping du Goulet, <strong>su remanso de paz en Finisterre<\/strong>, a las afueras de Brest.  <\/p>\n<p>[\/et_pb_text][\/et_pb_column][\/et_pb_row][\/et_pb_section][et_pb_section fb_built=\u00bb1&#8243; _builder_version=\u00bb4.27.4&#8243; _module_preset=\u00bbdefault\u00bb custom_margin=\u00bb0px||0px||true|false\u00bb custom_padding=\u00bb0px||0px||true|false\u00bb global_colors_info=\u00bb{}\u00bb][et_pb_row column_structure=\u00bb1_3,1_3,1_3&#8243; _builder_version=\u00bb4.27.0&#8243; _module_preset=\u00bbdefault\u00bb max_width=\u00bb1400px\u00bb min_height=\u00bb386.1px\u00bb locked=\u00bboff\u00bb global_colors_info=\u00bb{}\u00bb][et_pb_column type=\u00bb1_3&#8243; _builder_version=\u00bb4.17.4&#8243; _dynamic_attributes=\u00bblink_option_url\u00bb _module_preset=\u00bbdefault\u00bb link_option_url=\u00bb@ET-DC@eyJkeW5hbWljIjp0cnVlLCJjb250ZW50IjoicG9zdF9saW5rX3VybF9wYWdlIiwic2V0dGluZ3MiOnsicG9zdF9pZCI6IjE0In19@\u00bb global_colors_info=\u00bb{}\u00bb][et_pb_image src=\u00bbhttps:\/\/www.campingdugoulet.fr\/wp-content\/uploads\/mobil-home-brest-camping-finistere-scaled.jpeg\u00bb alt=\u00bbmobil home brest camping finistere\u00bb title_text=\u00bbmobile-home-brest-camping-finistere\u00bb url=\u00bbhttps:\/\/www.campingdugoulet.fr\/es\/casas-moviles\/\u00bb _builder_version=\u00bb4.27.4&#8243; _module_preset=\u00bbdefault\u00bb animation_style=\u00bbflip\u00bb border_radii=\u00bbon|20px|20px|20px|20px\u00bb box_shadow_style=\u00bbpreset5&#8243; box_shadow_color=\u00bb#98CFFC\u00bb global_colors_info=\u00bb{}\u00bb][\/et_pb_image][et_pb_text _builder_version=\u00bb4.27.4&#8243; _module_preset=\u00bbdefault\u00bb global_colors_info=\u00bb{}\u00bb]<\/p>\n<p style=\"text-align: center;\"><strong data-start=\"129\" data-end=\"202\">Descubra nuestras c\u00f3modas casas m\u00f3viles en <a href=\"https:\/\/www.campingdugoulet.fr\/es\/brest\/\" target=\"_blank\" rel=\"noopener\" title=\"Camping Brest\">Brest<\/a>. <\/strong>Disponibles de abril a septiembre, nuestros alojamientos tienen capacidad para 2 a 6 personas y se encuentran a s\u00f3lo <strong data-start=\"331\" data-end=\"350\">500 m del mar<\/strong>. Disfrute de unas <strong data-start=\"366\" data-end=\"424\">vacaciones en Breta\u00f1a<\/strong> que combinan relax, naturaleza y emoci\u00f3n, con <strong data-start=\"434\" data-end=\"468\" data-is-only-node=\"\">numerosas visitas<\/strong> y actividades para toda la familia. Disfrute de unas <strong data-start=\"519\" data-end=\"565\">vacaciones inolvidables<\/strong>, donde el confort y la convivencia se dan cita en el coraz\u00f3n del Finisterre.  <\/p>\n<p>[\/et_pb_text][et_pb_text _builder_version=\u00bb4.17.4&#8243; _module_preset=\u00bbdefault\u00bb header_2_text_color=\u00bb#505050&#8243; header_2_font_size=\u00bb40px\u00bb background_color=\u00bb#FFFFFF\u00bb positioning=\u00bbabsolute\u00bb position_origin_a=\u00bbtop_center\u00bb vertical_offset=\u00bb-25px\u00bb z_index=\u00bb12&#8243; width=\u00bb80%\u00bb custom_padding=\u00bb8px||||false|false\u00bb border_radii=\u00bbon|20px|20px|20px|20px\u00bb box_shadow_style=\u00bbpreset2&#8243; global_colors_info=\u00bb{}\u00bb]<\/p>\n<h2 style=\"text-align: center;\">Alquileres<\/h2>\n<p>[\/et_pb_text][\/et_pb_column][et_pb_column type=\u00bb1_3&#8243; _builder_version=\u00bb4.17.4&#8243; _dynamic_attributes=\u00bblink_option_url\u00bb _module_preset=\u00bbdefault\u00bb link_option_url=\u00bb@ET-DC@eyJkeW5hbWljIjp0cnVlLCJjb250ZW50IjoicG9zdF9saW5rX3VybF9wYWdlIiwic2V0dGluZ3MiOnsicG9zdF9pZCI6IjI2NiJ9fQ==@\u00bb global_colors_info=\u00bb{}\u00bb][et_pb_image src=\u00bbhttps:\/\/www.campingdugoulet.fr\/wp-content\/uploads\/Emplacement-goulet-brest-scaled.jpg\u00bb alt=\u00bbLocalizaci\u00f3n goulet brest\u00bb title_text=\u00bbLocalizaci\u00f3n-goulet-brest\u00bb url=\u00bbhttps:\/\/www.campingdugoulet.fr\/es\/los-lugares-2\/\u00bb _builder_version=\u00bb4.27.4&#8243; _module_preset=\u00bbdefault\u00bb animation_style=\u00bbflip\u00bb animation_starting_opacity=\u00bb19%\u00bb border_radii=\u00bbon|20px|20px|20px|20px\u00bb box_shadow_style=\u00bbpreset5&#8243; box_shadow_color=\u00bb#98CFFC\u00bb global_colors_info=\u00bb{}\u00bb][\/et_pb_image][et_pb_text _builder_version=\u00bb4.27.4&#8243; _module_preset=\u00bbdefault\u00bb global_colors_info=\u00bb{}\u00bb]<\/p>\n<p style=\"text-align: center;\">Descubra nuestras<strong data-start=\"76\" data-end=\"173\"> amplias y confortables parcelas<\/strong>, disponibles por semanas o por noches. Disfrute de <strong data-start=\"197\" data-end=\"244\">todos los servicios e instalaciones del camping<\/strong> para <strong>pasar unas magn\u00edficas vacaciones junto al mar en Brest<\/strong>. <\/p>\n<p style=\"text-align: center;\">Ya sea en <strong data-start=\"210\" data-end=\"244\">tienda de campa\u00f1a, caravana o autocaravana<\/strong>, disfrute de un <strong data-start=\"260\" data-end=\"303\">entorno natural y tranquilo en Breta\u00f1a<\/strong>, cerca de <a href=\"https:\/\/www.campingdugoulet.fr\/es\/brest\/\" target=\"_blank\" rel=\"noopener\" title=\"Camping Brest\">Brest<\/a> y del litoral del Finisterre.<\/p>\n<p>[\/et_pb_text][et_pb_text _builder_version=\u00bb4.17.4&#8243; _module_preset=\u00bbdefault\u00bb header_2_text_color=\u00bb#505050&#8243; header_2_font_size=\u00bb40px\u00bb background_color=\u00bb#FFFFFF\u00bb positioning=\u00bbabsolute\u00bb position_origin_a=\u00bbtop_center\u00bb vertical_offset=\u00bb-25px\u00bb z_index=\u00bb12&#8243; width=\u00bb80%\u00bb custom_padding=\u00bb8px||||false|false\u00bb border_radii=\u00bbon|20px|20px|20px|20px\u00bb box_shadow_style=\u00bbpreset2&#8243; global_colors_info=\u00bb{}\u00bb]<\/p>\n<h2 style=\"text-align: center;\">Los lugares<\/h2>\n<p>[\/et_pb_text][\/et_pb_column][et_pb_column type=\u00bb1_3&#8243; _builder_version=\u00bb4.17.4&#8243; _dynamic_attributes=\u00bblink_option_url\u00bb _module_preset=\u00bbdefault\u00bb link_option_url=\u00bb@ET-DC@eyJkeW5hbWljIjp0cnVlLCJjb250ZW50IjoicG9zdF9saW5rX3VybF9wYWdlIiwic2V0dGluZ3MiOnsicG9zdF9pZCI6IjQzNiJ9fQ==@\u00bb global_colors_info=\u00bb{}\u00bb][et_pb_image src=\u00bbhttps:\/\/www.campingdugoulet.fr\/wp-content\/uploads\/coco-sweet-camping-du-goulet.jpg\u00bb alt=\u00bbdulce de coco camping du goulet\u00bb title_text=\u00bbcoco-sweet-camping-du-goulet\u00bb url=\u00bbhttps:\/\/www.campingdugoulet.fr\/es\/albergue-coco-sweet\/\u00bb _builder_version=\u00bb4.27.4&#8243; _module_preset=\u00bbdefault\u00bb custom_margin=\u00bb||41px|||\u00bb animation_style=\u00bbflip\u00bb animation_starting_opacity=\u00bb18%\u00bb border_radii=\u00bbon|20px|20px|20px|20px\u00bb box_shadow_style=\u00bbpreset5&#8243; box_shadow_color=\u00bb#98CFFC\u00bb global_colors_info=\u00bb{}\u00bb][\/et_pb_image][et_pb_text _builder_version=\u00bb4.27.4&#8243; _module_preset=\u00bbdefault\u00bb global_colors_info=\u00bb{}\u00bb]<\/p>\n<p style=\"text-align: center;\">Duerme en un <strong data-start=\"154\" data-end=\"168\">coco <\/strong>y disfruta de la comodidad de nuestros <strong data-start=\"197\" data-end=\"212\">acogedores<\/strong> alojamientos, o d\u00e9jate seducir por las <strong data-start=\"245\" data-end=\"269\">cabane des Korrigans<\/strong>, ideales para <strong data-start=\"283\" data-end=\"321\" data-is-only-node=\"\">familias, excursionistas y ciclistas<\/strong>. Nuestros alojamientos pueden alojar hasta <strong data-start=\"357\" data-end=\"372\">4 personas<\/strong>, y algunos son perfectos para una <strong data-start=\"408\" data-end=\"452\">excursi\u00f3n nocturna a pie o en bicicleta para<\/strong>2. <\/p>\n<p style=\"text-align: center;\"><strong data-start=\"454\" data-end=\"514\">Disfrute de una experiencia \u00fanica en <a href=\"https:\/\/www.campingdugoulet.fr\/es\/finisterre-norte\/\" target=\"_blank\" rel=\"noopener\" title=\"Finisterre\">Finisterre<\/a>, <\/strong><strong data-start=\"454\" data-end=\"514\">\u00a1lo m\u00e1s cerca posible de la naturaleza!<\/strong><\/p>\n<p>[\/et_pb_text][et_pb_text _builder_version=\u00bb4.27.4&#8243; _module_preset=\u00bbdefault\u00bb header_2_text_color=\u00bb#505050&#8243; header_2_font_size=\u00bb40px\u00bb background_color=\u00bb#FFFFFF\u00bb positioning=\u00bbabsolute\u00bb position_origin_a=\u00bbtop_center\u00bb vertical_offset=\u00bb-25px\u00bb z_index=\u00bb12&#8243; width=\u00bb80%\u00bb custom_padding=\u00bb8px||||false|false\u00bb border_radii=\u00bbon|20px|20px|20px|20px\u00bb box_shadow_style=\u00bbpreset2&#8243; global_colors_info=\u00bb{}\u00bb]<\/p>\n<h2 style=\"text-align: center;\">Lo ins\u00f3lito<\/h2>\n<p>[\/et_pb_text][\/et_pb_column][\/et_pb_row][\/et_pb_section][et_pb_section fb_built=\u00bb1&#8243; _builder_version=\u00bb4.27.4&#8243; _module_preset=\u00bbdefault\u00bb vertical_offset=\u00bb-90px\u00bb vertical_offset_tablet=\u00bb-90px\u00bb vertical_offset_phone=\u00bb0px\u00bb vertical_offset_last_edited=\u00bbon|phone\u00bb custom_margin=\u00bb100px||||false|false\u00bb custom_padding=\u00bb0px||0px||true|false\u00bb global_colors_info=\u00bb{}\u00bb][et_pb_row column_structure=\u00bb1_2,1_2&#8243; make_equal=\u00bbon\u00bb custom_padding_last_edited=\u00bbon|phone\u00bb admin_label=\u00bbterreno\u00bb module_id=\u00bbtab-1&#8243; _builder_version=\u00bb4.27.4&#8243; _module_preset=\u00bbdefault\u00bb background_color=\u00bbrgba(152,207,252,0.15)\u00bb background_enable_image=\u00bboff\u00bb width_tablet=\u00bb\u00bb width_phone=\u00bb100%\u00bb width_last_edited=\u00bbon|phone\u00bb max_width=\u00bb1600px\u00bb custom_padding=\u00bb|5%||5%|true|true\u00bb custom_padding_tablet=\u00bb8.8%|5%|8.8%|5%|true|true\u00bb custom_padding_phone=\u00bb8.8%|10%|8.8%|10%|true|true\u00bb custom_css_before=\u00bb||\u00bb border_radii=\u00bbon|26px|26px|26px|26px\u00bb global_colors_info=\u00bb{}\u00bb][et_pb_column type=\u00bb1_2&#8243; module_class=\u00bbcentrer\u00bb _builder_version=\u00bb4.27.4&#8243; _module_preset=\u00bbdefault\u00bb global_colors_info=\u00bb{}\u00bb][et_pb_text _builder_version=\u00bb4.27.4&#8243; _module_preset=\u00bbdefault\u00bb custom_margin=\u00bb||||false|false\u00bb global_colors_info=\u00bb{}\u00bb]<\/p>\n<h2>Tu escapada de relax en Finisterre :<\/h2>\n<h2>Agua y naturaleza<\/h2>\n<p>[\/et_pb_text][et_pb_text _builder_version=\u00bb4.27.4&#8243; _module_preset=\u00bbdefault\u00bb custom_margin=\u00bb||13px|||\u00bb global_colors_info=\u00bb{}\u00bb]<\/p>\n<p>Disfrute de unas vacaciones inolvidables en el Camping du Goulet, <strong>un remanso de paz<\/strong> en el norte de Finisterre, cerca de <a href=\"https:\/\/www.campingdugoulet.fr\/es\/brest\/\" target=\"_blank\" rel=\"noopener\" title=\"Brest\">Brest<\/a>. Aqu\u00ed todo est\u00e1 pensado para usted y su familia. Disfrute de <strong>la exuberante vegetaci\u00f3n de los alrededores y de <a href=\"https:\/\/www.campingdugoulet.fr\/es\/la-piscina\/\" target=\"_blank\" rel=\"noopener\" title=\"piscinas\">un agradable espacio acu\u00e1tico<\/a><\/strong> que combina relax y diversi\u00f3n para grandes y peque\u00f1os.<br \/>Disfrute de los placeres del agua en <strong>nuestra piscina cubierta climatizada<\/strong>, abierta toda la temporada para garantizar la diversi\u00f3n en cualquier circunstancia. Los m\u00e1s peque\u00f1os podr\u00e1n divertirse en <strong>los juegos acu\u00e1ticos de la piscina infantil<\/strong>.  <\/p>\n<p>&nbsp;<\/p>\n<p>Nuestra <a href=\"https:\/\/www.campingdugoulet.fr\/es\/la-piscina\/\" target=\"_blank\" rel=\"noopener\" title=\"piscinas\"><strong>piscina exterior climatizada<\/strong><\/a>con <strong>toboganes<\/strong>, <strong>zona de balneoterapia<\/strong> y <strong>piscina infantil<\/strong> es ideal para los ni\u00f1os. Risas, diversi\u00f3n y chapuzones marcar\u00e1n sus d\u00edas bajo el sol del Finisterre. Rel\u00e1jese en una tumbona a la sombra de una sombrilla e impregnese de la atm\u00f3sfera relajante de este entorno verde.<br \/>Tanto si busca relajaci\u00f3n como actividades l\u00fadicas, nuestro camping es el lugar ideal para unas vacaciones llenas de convivencia y diversi\u00f3n. <strong>Situado en Breta\u00f1a<\/strong>, a pocos kil\u00f3metros de <a href=\"https:\/\/www.campingdugoulet.fr\/es\/brest\/\" target=\"_blank\" rel=\"noopener\" title=\"Brest\">Brest<\/a>, ofrece <strong>un marco \u00fanico<\/strong> en el que naturaleza y convivencia se dan la mano. Venga a descubrir <strong>los encantos <a href=\"https:\/\/www.campingdugoulet.fr\/es\/finisterre-norte\/\" target=\"_blank\" rel=\"noopener\" title=\"Finisterre\">del Finisterre<\/a><\/strong> y disfrute de momentos inolvidables en familia o entre amigos.   <\/p>\n<p>[\/et_pb_text][et_pb_text _builder_version=\u00bb4.27.4&#8243; _module_preset=\u00bbdefault\u00bb global_colors_info=\u00bb{}\u00bb]<\/p>\n<p><strong>Informaci\u00f3n pr\u00e1ctica :<\/strong><\/p>\n<p>La <strong>piscina cubierta est\u00e1 abierta toda la temporada<\/strong>, del 1 de mayo al 27 de septiembre de 2026.<br \/><strong>La piscina exterior climatizada<\/strong> est\u00e1 abierta del 23 de mayo al 30 de agosto de 2026.<\/p>\n<p>[\/et_pb_text][\/et_pb_column][et_pb_column type=\u00bb1_2&#8243; _builder_version=\u00bb4.27.4&#8243; _module_preset=\u00bbdefault\u00bb global_colors_info=\u00bb{}\u00bb][et_pb_text content_last_edited=\u00bboff|desktop\u00bb _builder_version=\u00bb4.27.4&#8243; _module_preset=\u00bbdefault\u00bb background_color=\u00bb#FFFFFF\u00bb positioning=\u00bbrelative\u00bb position_origin_a=\u00bbtop_center\u00bb position_origin_f=\u00bbtop_center\u00bb z_index=\u00bb100&#8243; width=\u00bb100%\u00bb custom_margin=\u00bb||||false|false\u00bb custom_padding=\u00bb5px|7px|5px|7px|true|true\u00bb animation_style=\u00bbslide\u00bb custom_css_main_element=\u00bbwidth:fit-content;||margin:auto;\u00bb border_radii=\u00bbon|4px|4px|4px|4px\u00bb border_width_all=\u00bb1px\u00bb global_colors_info=\u00bb{}\u00bb]<\/p>\n<p style=\"text-align: center; font-family: 'Verveine'; font-size: 2vw;\"><a href=\"https:\/\/www.campingdugoulet.fr\/es\/la-piscina\/\" target=\"_blank\" rel=\"noopener\" title=\"Piscina del Camping Brest\">La zona acu\u00e1tica<\/a><\/p>\n<p>[\/et_pb_text][et_pb_gallery gallery_ids=\u00bb11522,11526,10098,6454&#8243; orientation=\u00bbportrait\u00bb show_title_and_caption=\u00bboff\u00bb show_pagination=\u00bboff\u00bb _builder_version=\u00bb4.27.4&#8243; _module_preset=\u00bbdefault\u00bb border_radii=\u00bbon|12px|12px|12px|12px\u00bb global_colors_info=\u00bb{}\u00bb][\/et_pb_gallery][\/et_pb_column][\/et_pb_row][et_pb_row column_structure=\u00bb1_2,1_2&#8243; admin_label=\u00bbnuevo\u00bb _builder_version=\u00bb4.27.4&#8243; _module_preset=\u00bbdefault\u00bb background_color=\u00bbrgba(235,165,60,0.08)\u00bb width=\u00bb100%\u00bb max_width=\u00bb1440px\u00bb custom_margin=\u00bb100px||||false|false\u00bb border_radii=\u00bbon|26px|26px|26px|26px\u00bb global_colors_info=\u00bb{}\u00bb][et_pb_column type=\u00bb1_2&#8243; _builder_version=\u00bb4.27.4&#8243; _module_preset=\u00bbdefault\u00bb custom_padding=\u00bb40px||40px|20px|true|false\u00bb global_colors_info=\u00bb{}\u00bb][et_pb_text _builder_version=\u00bb4.27.4&#8243; _module_preset=\u00bbdefault\u00bb custom_margin=\u00bb|||60px|false|false\u00bb global_colors_info=\u00bb{}\u00bb]<\/p>\n<h2>Vacaciones activas en Finisterre :<\/h2>\n<h2>Actividades y relajaci\u00f3n en el camping<\/h2>\n<p>&nbsp;<\/p>\n<p>&nbsp;<\/p>\n<p data-pm-slice=\"0 0 []\">El Camping du Goulet de <a href=\"https:\/\/www.campingdugoulet.fr\/es\/brest\/\" target=\"_blank\" rel=\"noopener\" title=\"Brest\">Brest<\/a> es mucho m\u00e1s que un destino de vacaciones. En Breta\u00f1a, en el coraz\u00f3n del Finisterre, todo el mundo puede disfrutar de una amplia <strong>gama de actividades deportivas<\/strong> y de <strong>ocio<\/strong>. <a href=\"https:\/\/www.campingdugoulet.fr\/es\/animaciones\/#!\" target=\"_blank\" rel=\"noopener\" title=\"ocio\"><strong>actividades de ocio<\/strong><\/a>en un ambiente acogedor pensado para toda la familia. El lugar perfecto para recargar las pilas, divertirse y compartir momentos inolvidables mientras disfruta de la<strong> belleza de Breta\u00f1a<\/strong> y <a href=\"https:\/\/www.campingdugoulet.fr\/es\/finisterre-norte\/\" target=\"_blank\" rel=\"noopener\" title=\"Finisterre\">Finisterre<\/a>.  <\/p>\n<p>[\/et_pb_text][\/et_pb_column][et_pb_column type=\u00bb1_2&#8243; _builder_version=\u00bb4.27.4&#8243; _module_preset=\u00bbdefault\u00bb global_colors_info=\u00bb{}\u00bb][et_pb_text _builder_version=\u00bb4.27.4&#8243; _module_preset=\u00bbdefault\u00bb background_color=\u00bb#FFFFFF\u00bb z_index=\u00bb1&#8243; custom_margin=\u00bb||||false|false\u00bb custom_padding=\u00bb5px|7px|5px|7px|true|true\u00bb animation_style=\u00bbslide\u00bb animation_speed_curve=\u00bblinear\u00bb custom_css_main_element=\u00bbwidth:fit-content;||margin:auto;\u00bb border_radii=\u00bbon|4px|4px|4px|4px\u00bb border_width_all=\u00bb1px\u00bb global_colors_info=\u00bb{}\u00bb]<\/p>\n<p style=\"text-align: center; font-family: 'Verveine'; font-size: 2vw;\"><a href=\"https:\/\/www.campingdugoulet.fr\/es\/animaciones\/#!\" target=\"_blank\" rel=\"noopener\" title=\"Actividades del camping Brest\">Las actividades<\/a><\/p>\n<p>[\/et_pb_text][ba_image_carousel content_alignment=\u00bbcenter\u00bb slide_count=\u00bb2&#8243; slide_spacing=\u00bb40px\u00bb nav_height=\u00bb20px\u00bb nav_icon_size=\u00bb16px\u00bb nav_color=\u00bb#ffffff\u00bb nav_bg=\u00bb#eba53c\u00bb icon_left=\u00bb&#xf104;||fa||900&#8243; icon_right=\u00bb&#xf105;||fa||900&#8243; _builder_version=\u00bb4.27.4&#8243; _module_preset=\u00bbdefault\u00bb custom_margin=\u00bb||||false|false\u00bb custom_padding=\u00bb||||false|false\u00bb global_colors_info=\u00bb{}\u00bb][ba_image_carousel_child photo=\u00bbhttps:\/\/www.campingdugoulet.fr\/wp-content\/uploads\/camping-goulet-aire-de-jeux.jpg\u00bb _builder_version=\u00bb4.27.4&#8243; border_radii_item=\u00bbon|12px|12px|12px|12px\u00bb global_colors_info=\u00bb{}\u00bb][\/ba_image_carousel_child][ba_image_carousel_child photo=\u00bbhttps:\/\/www.campingdugoulet.fr\/wp-content\/uploads\/jeux-enfant-camping-du-goulet.jpg\u00bb _builder_version=\u00bb4.27.4&#8243; border_radii_item=\u00bbon|12px|12px|12px|12px\u00bb global_colors_info=\u00bb{}\u00bb][\/ba_image_carousel_child][ba_image_carousel_child photo=\u00bbhttps:\/\/www.campingdugoulet.fr\/wp-content\/uploads\/goulet-Espace-jeunes.jpg\u00bb content_padding=\u00bb||||true|true\u00bb image_hover_animation=\u00bbzoom-in\u00bb _builder_version=\u00bb4.27.4&#8243; border_radii_item=\u00bbon|12px|12px|12px|12px\u00bb global_colors_info=\u00bb{}\u00bb][\/ba_image_carousel_child][\/ba_image_carousel][\/et_pb_column][\/et_pb_row][et_pb_row column_structure=\u00bb1_3,1_3,1_3&#8243; admin_label=\u00bbnuevo\u00bb module_id=\u00bbtab-1&#8243; _builder_version=\u00bb4.27.4&#8243; _module_preset=\u00bbdefault\u00bb max_width=\u00bb1440px\u00bb global_colors_info=\u00bb{}\u00bb][et_pb_column type=\u00bb1_3&#8243; _builder_version=\u00bb4.27.4&#8243; _module_preset=\u00bbdefault\u00bb global_colors_info=\u00bb{}\u00bb][et_pb_image src=\u00bbhttps:\/\/www.campingdugoulet.fr\/wp-content\/uploads\/mini-golf-camping-du-goulet.png\u00bb alt=\u00bbmini golf camping du goulet\u00bb title_text=\u00bbminigolf-camping-du-goulet\u00bb _builder_version=\u00bb4.27.4&#8243; _module_preset=\u00bbdefault\u00bb width=\u00bb14%\u00bb max_width=\u00bb28%\u00bb global_colors_info=\u00bb{}\u00bb][\/et_pb_image][et_pb_text _builder_version=\u00bb4.27.4&#8243; _module_preset=\u00bbdefault\u00bb text_font=\u00bbRoboto||||||||\u00bb header_3_font=\u00bbPlayfair Display||||||||\u00bb header_3_font_size=\u00bb16px\u00bb custom_margin=\u00bb||67px|||\u00bb global_colors_info=\u00bb{}\u00bb]<\/p>\n<h3><em><strong>Minigolf y petanca<\/strong><\/em><\/h3>\n<p>&nbsp;<\/p>\n<p>El campo de <strong>minigolf<\/strong> es un lugar amistoso donde j\u00f3venes y mayores pueden competir en un <strong>ambiente divertido<\/strong>. Cerca de all\u00ed, <strong>la pista de petanca<\/strong>, el esp\u00edritu del Sur de Brest, invita a jugar amistosamente y con buen humor. Este juego tradicional y muy apreciado es una excelente manera de reunirse con amigos y familiares en <strong>un entorno agradable<\/strong>.  <\/p>\n<p>[\/et_pb_text][\/et_pb_column][et_pb_column type=\u00bb1_3&#8243; _builder_version=\u00bb4.27.4&#8243; _module_preset=\u00bbdefault\u00bb global_colors_info=\u00bb{}\u00bb][et_pb_image src=\u00bbhttps:\/\/www.campingdugoulet.fr\/wp-content\/uploads\/terrain-sport.png\u00bb alt=\u00bbcampo de deportes\u00bb title_text=\u00bbcampo deportivo\u00bb _builder_version=\u00bb4.27.4&#8243; _module_preset=\u00bbdefault\u00bb width=\u00bb20%\u00bb max_width=\u00bb16%\u00bb global_colors_info=\u00bb{}\u00bb][\/et_pb_image][et_pb_text _builder_version=\u00bb4.27.4&#8243; _module_preset=\u00bbdefault\u00bb text_font=\u00bbRoboto||||||||\u00bb header_3_font=\u00bbPlayfair Display||||||||\u00bb header_3_font_size=\u00bb16px\u00bb custom_margin=\u00bb||67px|||\u00bb global_colors_info=\u00bb{}\u00bb]<\/p>\n<h3><strong>Pista polideportiva<\/strong><\/h3>\n<p>&nbsp;<\/p>\n<p>Para los amantes del deporte, el camping dispone de <strong>un terreno polideportivo<\/strong>. Ya sea para jugar <strong>al f\u00fatbol o al baloncesto<\/strong>, esta zona permite pasar un rato activo y entretenido, en un ambiente agradable. <\/p>\n<p>[\/et_pb_text][\/et_pb_column][et_pb_column type=\u00bb1_3&#8243; _builder_version=\u00bb4.27.4&#8243; _module_preset=\u00bbdefault\u00bb global_colors_info=\u00bb{}\u00bb][et_pb_image src=\u00bbhttps:\/\/www.campingdugoulet.fr\/wp-content\/uploads\/espace-jeune-ping-pong.png\u00bb alt=\u00bbzona de ping pong para j\u00f3venes\u00bb title_text=\u00bbespace-jeune-ping-pong\u00bb _builder_version=\u00bb4.27.4&#8243; _module_preset=\u00bbdefault\u00bb width=\u00bb20%\u00bb max_width=\u00bb20%\u00bb global_colors_info=\u00bb{}\u00bb][\/et_pb_image][et_pb_text _builder_version=\u00bb4.27.4&#8243; _module_preset=\u00bbdefault\u00bb text_font=\u00bbRoboto||||||||\u00bb header_3_font=\u00bbPlayfair Display||||||||\u00bb header_3_font_size=\u00bb16px\u00bb custom_margin=\u00bb||67px|||\u00bb global_colors_info=\u00bb{}\u00bb]<\/p>\n<h3><strong>Espacio joven<\/strong><\/h3>\n<p>&nbsp;<\/p>\n<p>El camping dispone de zonas <strong>especialmente dise\u00f1adas para adolescentes<\/strong>, que ofrecen un lugar seguro donde pueden divertirse, jugar a juegos de mesa (disponibles en pr\u00e9stamo en recepci\u00f3n) y tejo y hacer nuevos amigos mientras <strong>comparten risas<\/strong> y momentos inolvidables.<\/p>\n<p>[\/et_pb_text][\/et_pb_column][\/et_pb_row][et_pb_row column_structure=\u00bb1_2,1_2&#8243; make_equal=\u00bbon\u00bb custom_padding_last_edited=\u00bbon|phone\u00bb admin_label=\u00bbterreno\u00bb module_id=\u00bbtab-1&#8243; _builder_version=\u00bb4.27.4&#8243; _module_preset=\u00bbdefault\u00bb background_color=\u00bbrgba(152,207,252,0.17)\u00bb background_enable_image=\u00bboff\u00bb width_tablet=\u00bb\u00bb width_phone=\u00bb100%\u00bb width_last_edited=\u00bbon|phone\u00bb max_width=\u00bb1600px\u00bb custom_margin=\u00bb100px||||false|false\u00bb custom_padding=\u00bb|5%||5%|true|true\u00bb custom_padding_tablet=\u00bb8.8%|5%|8.8%|5%|true|true\u00bb custom_padding_phone=\u00bb8.8%|10%|8.8%|10%|true|true\u00bb custom_css_before=\u00bb||\u00bb border_radii=\u00bbon|26px|26px|26px|26px\u00bb global_colors_info=\u00bb{}\u00bb][et_pb_column type=\u00bb1_2&#8243; module_class=\u00bbcentrer\u00bb _builder_version=\u00bb4.27.4&#8243; _module_preset=\u00bbdefault\u00bb global_colors_info=\u00bb{}\u00bb][et_pb_text module_id=\u00bbtab-3-toggle\u00bb _builder_version=\u00bb4.27.4&#8243; _module_preset=\u00bbdefault\u00bb background_color=\u00bb#FFFFFF\u00bb custom_margin=\u00bb||||false|false\u00bb custom_padding=\u00bb5px|7px|5px|7px|true|true\u00bb animation_style=\u00bbslide\u00bb custom_css_main_element=\u00bbwidth:fit-content;||margin:auto;\u00bb border_radii=\u00bbon|4px|4px|4px|4px\u00bb border_width_all=\u00bb1px\u00bb global_colors_info=\u00bb{}\u00bb]<\/p>\n<p style=\"text-align: center; font-family: 'Verveine'; font-size: 2vw;\"><a href=\"https:\/\/www.campingdugoulet.fr\/es\/brest\/\" target=\"_blank\" rel=\"noopener\" title=\"Vacaciones en Brest\">Brest, entre la ciudad y el mar<\/a><\/p>\n<p>[\/et_pb_text][et_pb_text _builder_version=\u00bb4.27.4&#8243; _module_preset=\u00bbdefault\u00bb custom_margin=\u00bb||12px|||\u00bb global_colors_info=\u00bb{}\u00bb]<\/p>\n<h2>Descubra Brest desde nuestro camping:<\/h2>\n<h2>cultura, mar y patrimonio mar\u00edtimo<\/h2>\n<p>[\/et_pb_text][et_pb_text _builder_version=\u00bb4.27.4&#8243; _module_preset=\u00bbdefault\u00bb custom_margin=\u00bb||67px|||\u00bb global_colors_info=\u00bb{}\u00bb]<\/p>\n<p><strong>Brest, ciudad emblem\u00e1tica <a href=\"https:\/\/www.campingdugoulet.fr\/es\/finisterre-norte\/\" target=\"_blank\" rel=\"noopener\" title=\"Finisterre\">del Finisterre<\/a><\/strong>, es un destino ideal para los amantes del camping que buscan <strong>proximidad al mar y descubrimiento urbano<\/strong>. A dos pasos del peque\u00f1o puerto pesquero de Maison Blanche, podr\u00e1 disfrutar de<strong> los encantos del oc\u00e9ano<\/strong> sin alejarse del centro de la ciudad. <a href=\"https:\/\/www.campingdugoulet.fr\/es\/brest\/\" target=\"_blank\" rel=\"noopener\" title=\"Visita a Brest\">Brest<\/a> es una ciudad din\u00e1mica donde se dan cita <strong>la cultura, el arte y la historia<\/strong>, y ofrece el marco perfecto para los amantes del patrimonio bret\u00f3n. <\/p>\n<p>Nuestro camping en Brest le permitir\u00e1 <strong>descubrir la riqueza de Breta\u00f1a<\/strong> a trav\u00e9s de sus excepcionales paisajes. <strong>Las salvajes costas de Finist\u00e8re<\/strong>, ba\u00f1adas por el oc\u00e9ano Atl\u00e1ntico, ofrecen panoramas espectaculares. Las rutas de senderismo, entre ellas <strong>la GR34 situada a 500 m del camping<\/strong>, le guiar\u00e1n a trav\u00e9s de paisajes naturales yodados, ofreci\u00e9ndole al mismo tiempo una vista ilimitada del mar. <\/p>\n<p>[\/et_pb_text][et_pb_text _builder_version=\u00bb4.27.4&#8243; _module_preset=\u00bbdefault\u00bb global_colors_info=\u00bb{}\u00bb]<\/p>\n<p><a href=\"https:\/\/www.campingdugoulet.fr\/es\/brest\/\" target=\"_blank\" rel=\"noopener\" title=\"Descubre Brest\">La ciudad de Brest<\/a>, con su historia mar\u00edtima, le invita a <strong>explorar el patrimonio bret\u00f3n<\/strong> en el Mus\u00e9e de la Marine, el Ch\u00e2teau de Brest, los Ateliers des Capucins u Oc\u00e9anopolis, un lugar dedicado a la biodiversidad marina. <strong>La rica y vibrante cultura bretona<\/strong> tambi\u00e9n se refleja en las fiestas y eventos locales de los que podr\u00e1 disfrutar durante su estancia.<\/p>\n<p><strong>Tanto<\/strong> si prefiere <strong>el turismo urbano como unas vacaciones junto al mar<\/strong>, nuestro camping de Brest, en el Finisterre Septentrional, es el lugar perfecto para combinar naturaleza, historia y descanso en <strong>un entorno excepcional en Breta\u00f1a<\/strong>.<\/p>\n<p>[\/et_pb_text][\/et_pb_column][et_pb_column type=\u00bb1_2&#8243; _builder_version=\u00bb4.27.4&#8243; _module_preset=\u00bbdefault\u00bb global_colors_info=\u00bb{}\u00bb][et_pb_image src=\u00bbhttps:\/\/www.campingdugoulet.fr\/wp-content\/uploads\/capucins-visite-brest.jpg\u00bb alt=\u00bblos capuchinos visitan brest\u00bb title_text=\u00bbcapuchinos-visita-brest\u00bb _builder_version=\u00bb4.27.4&#8243; _module_preset=\u00bbdefault\u00bb border_radii=\u00bbon|15px|15px|15px|15px\u00bb global_colors_info=\u00bb{}\u00bb][\/et_pb_image][et_pb_image src=\u00bbhttps:\/\/www.campingdugoulet.fr\/wp-content\/uploads\/camping-du-goulet-brest-Chateau_et_Tour_Tanguy.jpg\u00bb alt=\u00bbcamping du goulet brest Chateau et Tour Tanguy\u00bb title_text=\u00bbcamping du goulet brest Ch\u00e2teau_et_Tour_Tanguy\u00bb _builder_version=\u00bb4.27.4&#8243; _module_preset=\u00bbdefault\u00bb border_radii=\u00bbon|15px|15px|15px|15px\u00bb global_colors_info=\u00bb{}\u00bb][\/et_pb_image][\/et_pb_column][\/et_pb_row][\/et_pb_section][et_pb_section fb_built=\u00bb1&#8243; _builder_version=\u00bb4.27.4&#8243; _module_preset=\u00bbdefault\u00bb background_color=\u00bb#3b86c3&#8243; global_colors_info=\u00bb{}\u00bb][et_pb_row column_structure=\u00bb1_2,1_2&#8243; make_equal=\u00bbon\u00bb _builder_version=\u00bb4.27.4&#8243; _module_preset=\u00bbdefault\u00bb max_width=\u00bb1400px\u00bb global_colors_info=\u00bb{}\u00bb][et_pb_column type=\u00bb1_2&#8243; _builder_version=\u00bb4.27.4&#8243; _module_preset=\u00bbdefault\u00bb global_colors_info=\u00bb{}\u00bb][et_pb_image src=\u00bbhttps:\/\/www.campingdugoulet.fr\/wp-content\/uploads\/Photo-exterieur-MH-FINISTERE-2-Camping-du-goulet.jpg\u00bb alt=\u00bbFoto exterior MH FINISTERE 2 Camping du goulet\u00bb title_text=\u00bbFoto-exterieur-MH-FINISTERE-2-Camping-du-goulet\u00bb _builder_version=\u00bb4.27.4&#8243; _module_preset=\u00bbdefault\u00bb border_radii=\u00bbon|15px|15px|15px|15px\u00bb global_colors_info=\u00bb{}\u00bb][\/et_pb_image][\/et_pb_column][et_pb_column type=\u00bb1_2&#8243; module_class=\u00bbcentrer\u00bb _builder_version=\u00bb4.27.4&#8243; _module_preset=\u00bbdefault\u00bb global_colors_info=\u00bb{}\u00bb][et_pb_text module_class=\u00bbblanc\u00bb _builder_version=\u00bb4.27.4&#8243; _module_preset=\u00bbdefault\u00bb animation_style=\u00bbfade\u00bb global_colors_info=\u00bb{}\u00bb]<\/p>\n<h2>Tu alojamiento en el Camping du Goulet en Brest: Confort, Naturaleza y Relajaci\u00f3n en el coraz\u00f3n del Finisterre<\/h2>\n<p>[\/et_pb_text][et_pb_text module_class=\u00bbblanc\u00bb _builder_version=\u00bb4.27.4&#8243; _module_preset=\u00bbdefault\u00bb link_text_color=\u00bb#EBA53C\u00bb global_colors_info=\u00bb{}\u00bb]<\/p>\n<p>El Camping du Goulet en <a href=\"https:\/\/www.campingdugoulet.fr\/es\/brest\/\" target=\"_blank\" rel=\"noopener\" title=\"Descubre Brest\">Brest<\/a>, en la regi\u00f3n francesa <a href=\"https:\/\/www.campingdugoulet.fr\/es\/finisterre-norte\/\" target=\"_blank\" rel=\"noopener\" title=\"Descubre Finisterre\">de Finist\u00e8re<\/a>, ofrece <strong>un alojamiento de calidad<\/strong> para todo tipo de vacaciones, ya sea en familia, con amigos o en pareja. En <a href=\"https:\/\/www.campingdugoulet.fr\/es\/casas-moviles\/\" target=\"_blank\" rel=\"noopener\" title=\"Casas m\u00f3viles Brest\"><strong>nuestros confortables mobil homes<\/strong><\/a>Nuestras amplias y modernas casas m\u00f3viles ofrecen opciones para todos los gustos y presupuestos. Podr\u00e1 elegir entre mobil-homes cl\u00e1sicos, pr\u00e1cticos y funcionales, o mobil-homes premium, para una estancia a\u00fan m\u00e1s confortable en Breta\u00f1a.  <\/p>\n<p>Situado en <strong>un entorno natural<\/strong>, nuestro alojamiento le permite disfrutar de la tranquilidad y la belleza de la regi\u00f3n sin dejar de estar cerca de la ciudad de Brest. Ideal para los que buscan a la vez la <strong>proximidad de la ciudad y un entorno relajante<\/strong> en plena naturaleza, el Camping du Goulet es <strong>un verdadero oasis de serenidad<\/strong>. <\/p>\n<p>Si busca relajaci\u00f3n, descanso o convivencia, <strong>nuestro camping en <a href=\"https:\/\/www.campingdugoulet.fr\/es\/finisterre-norte\/\" target=\"_blank\" rel=\"noopener\" title=\"Descubrir el Finisterre\">Finist\u00e8re<\/a><\/strong> es el lugar perfecto para desconectar. Ofrece un ambiente propicio para compartir y descubrir, adem\u00e1s de ser <strong>una base ideal para explorar Brest y sus alrededores<\/strong>. El Camping du Goulet le promete una estancia inolvidable en Breta\u00f1a, combinando confort y naturaleza.  <\/p>\n<p>[\/et_pb_text][et_pb_button button_url=\u00bbhttps:\/\/www.campingdugoulet.fr\/es\/alquileres\/\u00bb button_text=\u00bbVer casas m\u00f3viles\u00bb button_alignment=\u00bbcenter\u00bb _builder_version=\u00bb4.27.4&#8243; _module_preset=\u00bbdefault\u00bb custom_button=\u00bbon\u00bb button_text_size=\u00bb15px\u00bb button_text_color=\u00bb#505050&#8243; button_bg_color=\u00bb#FFFFFF\u00bb button_border_width=\u00bb2px\u00bb button_border_color=\u00bb#FFFFFF\u00bb button_border_radius=\u00bb10px\u00bb button_font=\u00bb|700||on|||||\u00bb custom_padding=\u00bb10px||10px||true|false\u00bb locked=\u00bboff\u00bb global_colors_info=\u00bb{}\u00bb][\/et_pb_button][\/et_pb_column][\/et_pb_row][\/et_pb_section][et_pb_section fb_built=\u00bb1&#8243; specialty=\u00bbon\u00bb _builder_version=\u00bb4.27.4&#8243; _module_preset=\u00bbdefault\u00bb inner_max_width=\u00bb1440px\u00bb global_colors_info=\u00bb{}\u00bb][et_pb_column type=\u00bb1_2&#8243; _builder_version=\u00bb4.16&#8243; custom_padding=\u00bb|||\u00bb global_colors_info=\u00bb{}\u00bb custom_padding__hover=\u00bb|||\u00bb][et_pb_text _builder_version=\u00bb4.27.4&#8243; _module_preset=\u00bbdefault\u00bb global_colors_info=\u00bb{}\u00bb]<\/p>\n<h2>Escapada en Breta\u00f1a : Nuestras confortables parcelas para Camper, Caravanas y Tiendas<\/h2>\n<p>[\/et_pb_text][et_pb_text _builder_version=\u00bb4.27.4&#8243; _module_preset=\u00bbdefault\u00bb global_colors_info=\u00bb{}\u00bb]<\/p>\n<p>Nuestro camping en Brest, situado en Finist\u00e8re, le ofrece <a href=\"https:\/\/www.campingdugoulet.fr\/es\/los-lugares-2\/\" target=\"_blank\" rel=\"noopener\" title=\"lugares\"><strong>parcelas espaciosas y confortables<\/strong><\/a> para su<strong> autocaravana, caravana o tienda<\/strong>. Situadas en un entorno natural, estas parcelas son ideales para los campistas que buscan relajaci\u00f3n, verdor y tranquilidad. Lejos del bullicio, disfrutar\u00e1 de <strong>un entorno tranquilo y seguro<\/strong>, ideal para una estancia relajante en Breta\u00f1a.  <\/p>\n<p>Las parcelas est\u00e1n equipadas con todo lo necesario para su comodidad: agua, electricidad, as\u00ed como instalaciones de vaciado para autocaravanas a la salida del camping. Estos espacios est\u00e1n dise\u00f1ados para responder a las necesidades de los viajeros y permitirles al mismo tiempo volver a conectar con la naturaleza. Tanto si est\u00e1 de paso como para una estancia prolongada, <strong>este rinc\u00f3n paradis\u00edaco en el coraz\u00f3n <a href=\"https:\/\/www.campingdugoulet.fr\/es\/finisterre-norte\/\" target=\"_blank\" rel=\"noopener\" title=\"Finisterre\">del Finisterre<\/a><\/strong> le encantar\u00e1.  <\/p>\n<p>Nuestro camping tambi\u00e9n es <strong>un destino popular para senderistas y ciclistas<\/strong>, gracias a su proximidad al GR34, una de las rutas de senderismo m\u00e1s famosas de Breta\u00f1a, y a la v\u00eda verde V45, una ruta ciclista segura. Estamos orgullosos de ofrecer <strong>la etiqueta Accueil V\u00e9lo<\/strong>, que garantiza servicios adaptados a sus necesidades. Ciclistas y senderistas encontrar\u00e1n una c\u00e1lida bienvenida y pr\u00e1cticas instalaciones para su estancia.  <\/p>\n<p>Para los viajeros de paso, nuestro camping ofrece parcelas para tiendas de campa\u00f1a, as\u00ed como <a href=\"https:\/\/www.campingdugoulet.fr\/es\/albergue-coco-sweet\/\" target=\"_blank\" rel=\"noopener\" title=\"inusual\"><strong>alojamientos ins\u00f3litos<\/strong><\/a> con la posibilidad de alquilar por noches. En familia, entre amigos o solo, encontrar\u00e1 un alojamiento adaptado a sus necesidades y a su presupuesto en este marco excepcional, <strong><a href=\"https:\/\/www.campingdugoulet.fr\/es\/brest\/\" target=\"_blank\" rel=\"noopener\" title=\"Brest\">cerca de Brest<\/a> y de las maravillas naturales del Finisterre<\/strong>. <\/p>\n<p>[\/et_pb_text][et_pb_button button_url=\u00bb@ET-DC@eyJkeW5hbWljIjp0cnVlLCJjb250ZW50IjoicG9zdF9saW5rX3VybF9wYWdlIiwic2V0dGluZ3MiOnsicG9zdF9pZCI6IjY0OSJ9fQ==@\u00bb button_text=\u00bbVer lugares\u00bb button_alignment=\u00bbleft\u00bb _builder_version=\u00bb4.27.4&#8243; _dynamic_attributes=\u00bbbutton_url\u00bb _module_preset=\u00bbdefault\u00bb custom_button=\u00bbon\u00bb button_text_size=\u00bb15px\u00bb button_text_color=\u00bb#FFFFFF\u00bb button_bg_color=\u00bb#3B86C3&#8243; button_border_width=\u00bb2px\u00bb button_border_color=\u00bb#3B86C3&#8243; button_border_radius=\u00bb10px\u00bb button_font=\u00bb|700||on|||||\u00bb custom_margin=\u00bb74px|||||\u00bb custom_padding=\u00bb10px||10px||true|false\u00bb global_colors_info=\u00bb{}\u00bb][\/et_pb_button][\/et_pb_column][et_pb_column type=\u00bb1_2&#8243; specialty_columns=\u00bb2&#8243; _builder_version=\u00bb4.16&#8243; custom_padding=\u00bb|||\u00bb global_colors_info=\u00bb{}\u00bb custom_padding__hover=\u00bb|||\u00bb][et_pb_row_inner _builder_version=\u00bb4.27.4&#8243; _module_preset=\u00bbdefault\u00bb custom_margin=\u00bb||||false|false\u00bb custom_padding=\u00bb4px||4px||true|false\u00bb global_colors_info=\u00bb{}\u00bb][et_pb_column_inner saved_specialty_column_type=\u00bb1_2&#8243; _builder_version=\u00bb4.27.4&#8243; _module_preset=\u00bbdefault\u00bb global_colors_info=\u00bb{}\u00bb][dsm_perspective_image src=\u00bbhttps:\/\/www.campingdugoulet.fr\/wp-content\/uploads\/van-camping-du-goulet-finistere.jpg\u00bb alt=\u00bbfurgoneta camping du goulet finistere\u00bb title_text=\u00bbvan-camping-du-goulet-finistere\u00bb _builder_version=\u00bb4.27.4&#8243; _module_preset=\u00bbdefault\u00bb border_radii=\u00bbon|26px|26px|26px|26px\u00bb global_colors_info=\u00bb{}\u00bb][\/dsm_perspective_image][\/et_pb_column_inner][\/et_pb_row_inner][et_pb_row_inner column_structure=\u00bb1_2,1_2&#8243; _builder_version=\u00bb4.27.4&#8243; _module_preset=\u00bbdefault\u00bb global_colors_info=\u00bb{}\u00bb][et_pb_column_inner type=\u00bb1_2&#8243; saved_specialty_column_type=\u00bb1_2&#8243; _builder_version=\u00bb4.27.4&#8243; _module_preset=\u00bbdefault\u00bb global_colors_info=\u00bb{}\u00bb][dsm_perspective_image src=\u00bbhttps:\/\/www.campingdugoulet.fr\/wp-content\/uploads\/emplacement-camping-car-finistere-camping-du-goulet.jpg\u00bb alt=\u00bbemplacement camping car finistere camping du goulet\u00bb title_text=\u00bblocation-camping-car-finistere-camping-du-goulet\u00bb _builder_version=\u00bb4.27.4&#8243; _module_preset=\u00bbdefault\u00bb border_radii=\u00bbon|26px|26px|26px|26px\u00bb global_colors_info=\u00bb{}\u00bb][\/dsm_perspective_image][\/et_pb_column_inner][et_pb_column_inner type=\u00bb1_2&#8243; saved_specialty_column_type=\u00bb1_2&#8243; _builder_version=\u00bb4.27.4&#8243; _module_preset=\u00bbdefault\u00bb global_colors_info=\u00bb{}\u00bb][dsm_perspective_image src=\u00bbhttps:\/\/www.campingdugoulet.fr\/wp-content\/uploads\/seniors-camping-du-goulet-brest.jpg\u00bb alt=\u00bbmayores camping du goulet brest\u00bb title_text=\u00bbseniors-camping-du-goulet-brest\u00bb _builder_version=\u00bb4.27.4&#8243; _module_preset=\u00bbdefault\u00bb border_radii=\u00bbon|26px|26px|26px|26px\u00bb global_colors_info=\u00bb{}\u00bb][\/dsm_perspective_image][\/et_pb_column_inner][\/et_pb_row_inner][\/et_pb_column][\/et_pb_section][et_pb_section fb_built=\u00bb1&#8243; _builder_version=\u00bb4.27.4&#8243; _module_preset=\u00bbdefault\u00bb global_colors_info=\u00bb{}\u00bb][et_pb_row column_structure=\u00bb2_5,3_5&#8243; make_equal=\u00bbon\u00bb _builder_version=\u00bb4.27.4&#8243; _module_preset=\u00bbdefault\u00bb max_width=\u00bb1400px\u00bb global_colors_info=\u00bb{}\u00bb][et_pb_column type=\u00bb2_5&#8243; _builder_version=\u00bb4.27.4&#8243; _module_preset=\u00bbdefault\u00bb global_colors_info=\u00bb{}\u00bb][et_pb_image src=\u00bbhttps:\/\/www.campingdugoulet.fr\/wp-content\/uploads\/services-camping-goulet-4-etoile-2025.jpg\u00bb alt=\u00bbservicios camping goulet 4 etoile 2025&#8243; title_text=\u00bbservicios-camping-goulet-4-etoile-2025&#8243; _builder_version=\u00bb4.27.4&#8243; _module_preset=\u00bbdefault\u00bb border_radii=\u00bbon|15px|15px|15px|15px\u00bb global_colors_info=\u00bb{}\u00bb][\/et_pb_image][\/et_pb_column][et_pb_column type=\u00bb3_5&#8243; module_class=\u00bbcentrer\u00bb _builder_version=\u00bb4.27.4&#8243; _module_preset=\u00bbdefault\u00bb global_colors_info=\u00bb{}\u00bb][et_pb_text module_class=\u00bbblanc\u00bb _builder_version=\u00bb4.27.4&#8243; _module_preset=\u00bbdefault\u00bb global_colors_info=\u00bb{}\u00bb]<\/p>\n<h2>Todos los servicios de un camping 4 estrellas en Finist\u00e8re<\/h2>\n<p>[\/et_pb_text][et_pb_text module_class=\u00bbblanc\u00bb _builder_version=\u00bb4.27.4&#8243; _module_preset=\u00bbdefault\u00bb link_text_color=\u00bb#1278AF\u00bb global_colors_info=\u00bb{}\u00bb]<\/p>\n<p>El Camping du Goulet en<a href=\"https:\/\/www.campingdugoulet.fr\/es\/brest\/\" target=\"_blank\" rel=\"noopener\" title=\"Descubre Brest\"> Brest<\/a>, situado en Finist\u00e8re, le ofrece <a href=\"https:\/\/www.campingdugoulet.fr\/es\/el-camping\/#!\" target=\"_blank\" rel=\"noopener\" title=\"Servicios del camping\"><strong>una amplia gama de servicios<\/strong><\/a> para que su estancia sea a\u00fan m\u00e1s agradable. Mant\u00e9ngase conectado con nuestra conexi\u00f3n Wi-Fi gratuita, ideal para compartir recuerdos o planificar excursiones por la zona. Para mayor comodidad, aproveche nuestra lavander\u00eda y tienda de comestibles que ofrece productos de conveniencia, as\u00ed como productos locales, lo que le permite degustar los aut\u00e9nticos sabores de Finist\u00e8re.  <\/p>\n<p>Rel\u00e1jese en el bar del camping, donde podr\u00e1<strong> disfrutar de cervezas bretonas<\/strong>, <strong>refrescantes c\u00f3cteles<\/strong> y zumos de fruta fresca en un ambiente agradable. En temporada alta, nuestro snack bar sirve sabrosas comidas al mediod\u00eda y por la noche, con hamburguesas, patatas fritas frescas y pizzas caseras para satisfacer todos los gustos. <\/p>\n<p>Tanto si viene para una escapada corta como para una estancia m\u00e1s larga, encontrar\u00e1 todo lo que necesita para disfrutar al m\u00e1ximo de <strong>su estancia en Breta\u00f1a<\/strong>.<\/p>\n<p>[\/et_pb_text][et_pb_button button_url=\u00bbhttps:\/\/www.campingdugoulet.fr\/es\/el-camping\/#!\u00bb button_text=\u00bbDescubra todos nuestros servicios\u00bb button_alignment=\u00bbcenter\u00bb _builder_version=\u00bb4.27.4&#8243; _module_preset=\u00bbdefault\u00bb custom_button=\u00bbon\u00bb button_text_color=\u00bb#FFFFFF\u00bb button_bg_color=\u00bb#1278AF\u00bb button_border_width=\u00bb0px\u00bb button_border_color=\u00bb#505050&#8243; button_border_radius=\u00bb16px\u00bb button_icon=\u00bb&#x77;||divi||400&#8243; custom_margin=\u00bb||||false|false\u00bb custom_padding=\u00bb|12px||12px|false|true\u00bb global_colors_info=\u00bb{}\u00bb][\/et_pb_button][\/et_pb_column][\/et_pb_row][et_pb_row custom_padding_last_edited=\u00bbon|phone\u00bb _builder_version=\u00bb4.27.4&#8243; _module_preset=\u00bbdefault\u00bb background_color=\u00bb#EBA53C\u00bb positioning=\u00bbabsolute\u00bb position_origin_a=\u00bbcenter_right\u00bb position_origin_a_tablet=\u00bbcenter_right\u00bb position_origin_a_phone=\u00bbcenter_center\u00bb position_origin_a_last_edited=\u00bbon|phone\u00bb position_origin_f_tablet=\u00bb\u00bb position_origin_f_phone=\u00bb\u00bb position_origin_f_last_edited=\u00bbon|phone\u00bb position_origin_r_tablet=\u00bb\u00bb position_origin_r_phone=\u00bb\u00bb position_origin_r_last_edited=\u00bbon|phone\u00bb width_tablet=\u00bb\u00bb width_phone=\u00bb90%\u00bb width_last_edited=\u00bbon|phone\u00bb max_width=\u00bb1494px\u00bb min_height=\u00bb75%\u00bb min_height_tablet=\u00bb75%\u00bb min_height_phone=\u00bb100%\u00bb min_height_last_edited=\u00bbon|phone\u00bb custom_padding=\u00bb25vh||25vh||true|false\u00bb custom_padding_tablet=\u00bb25vh||25vh||true|false\u00bb custom_padding_phone=\u00bb0vh||0vh||true|false\u00bb positioning_tablet=\u00bbabsolute\u00bb positioning_phone=\u00bbabsolute\u00bb positioning_last_edited=\u00bbon|phone\u00bb global_colors_info=\u00bb{}\u00bb][et_pb_column type=\u00bb4_4&#8243; _builder_version=\u00bb4.27.4&#8243; _module_preset=\u00bbdefault\u00bb global_colors_info=\u00bb{}\u00bb][\/et_pb_column][\/et_pb_row][\/et_pb_section][et_pb_section fb_built=\u00bb1&#8243; _builder_version=\u00bb4.27.4&#8243; _module_preset=\u00bbdefault\u00bb global_colors_info=\u00bb{}\u00bb][et_pb_row column_structure=\u00bb1_2,1_2&#8243; use_custom_gutter=\u00bbon\u00bb gutter_width=\u00bb1&#8243; make_equal=\u00bbon\u00bb _builder_version=\u00bb4.27.4&#8243; _module_preset=\u00bbdefault\u00bb width=\u00bb90%\u00bb max_width=\u00bb1885px\u00bb module_alignment=\u00bbleft\u00bb module_alignment_tablet=\u00bbleft\u00bb module_alignment_phone=\u00bbcenter\u00bb module_alignment_last_edited=\u00bbon|phone\u00bb global_colors_info=\u00bb{}\u00bb][et_pb_column type=\u00bb1_2&#8243; _builder_version=\u00bb4.27.4&#8243; _module_preset=\u00bbdefault\u00bb background_image=\u00bbhttps:\/\/www.campingdugoulet.fr\/wp-content\/uploads\/castor-team-trail-2.jpg\u00bb custom_padding_tablet=\u00bb\u00bb custom_padding_phone=\u00bb32%||32%||true|false\u00bb custom_padding_last_edited=\u00bbon|phone\u00bb global_colors_info=\u00bb{}\u00bb][\/et_pb_column][et_pb_column type=\u00bb1_2&#8243; _builder_version=\u00bb4.27.4&#8243; _module_preset=\u00bbdefault\u00bb background_color=\u00bb#3b86c3&#8243; custom_padding=\u00bb5%|7%|5%|7%|true|true\u00bb border_radii=\u00bboff||15px|15px|\u00bb border_radii_tablet=\u00bboff||15px|15px|\u00bb border_radii_phone=\u00bboff||0px|15px|\u00bb border_radii_last_edited=\u00bbon|phone\u00bb global_colors_info=\u00bb{}\u00bb][et_pb_text module_class=\u00bbblanc\u00bb _builder_version=\u00bb4.27.4&#8243; _module_preset=\u00bbdefault\u00bb global_colors_info=\u00bb{}\u00bb]<\/p>\n<h2>Eventos estivales en los que la diversi\u00f3n, el deporte y la convivencia marcan el ritmo de sus vacaciones en Finisterre<\/h2>\n<p>[\/et_pb_text][et_pb_text module_class=\u00bbblanc\u00bb _builder_version=\u00bb4.27.4&#8243; _module_preset=\u00bbdefault\u00bb link_text_color=\u00bb#EBA53C\u00bb global_colors_info=\u00bb{}\u00bb]<\/p>\n<p>En el Camping du Goulet de <a href=\"https:\/\/www.campingdugoulet.fr\/es\/brest\/\" target=\"_blank\" rel=\"noopener\" title=\"Descubre Brest\">Brest<\/a>, la animaci\u00f3n estival est\u00e1 pensada para entretener a toda la familia y <strong>regalarle momentos inolvidables<\/strong> en Finisterre. <a href=\"https:\/\/www.campingdugoulet.fr\/es\/eventos-de-verano\/\" target=\"_blank\" rel=\"noopener\" title=\"Club infantil\"><strong>Club Castor<\/strong><\/a>reservado a los ni\u00f1os de 4 a 10 a\u00f1os, propone manualidades, canto y baile. Es una forma divertida y amistosa de que los ni\u00f1os se diviertan, hagan nuevos amigos y desarrollen su creatividad. <strong>Monsieur<\/strong> Castor est\u00e1 a su disposici\u00f3n todas las ma\u00f1anas de lunes a viernes en temporada alta (julio\/agosto).  <\/p>\n<p>Los adultos no se quedan fuera con <a href=\"https:\/\/www.campingdugoulet.fr\/es\/eventos-de-verano\/\" target=\"_blank\" rel=\"noopener\" title=\"Actividades deportivas\"><strong>nuestras actividades deportivas<\/strong><\/a> zumba, fit-dance, pilates y tonificaci\u00f3n muscular para empezar bien el d\u00eda. Durante el d\u00eda, <strong>llega<\/strong> la <strong>hora de la aventura<\/strong> con divertidas actividades como fiestas de la espuma, water tag y paseos en burro, \u00a1perfectas para refrescarse y<strong>divertirse con la familia y los amigos<\/strong>! <\/p>\n<p><a href=\"https:\/\/www.campingdugoulet.fr\/es\/eventos-de-verano\/\" target=\"_blank\" rel=\"noopener\" title=\"Tardes de camping\"><strong>Las noches<\/strong><\/a> tambi\u00e9n son animadas en nuestro camping <a href=\"https:\/\/www.campingdugoulet.fr\/es\/brest\/\" target=\"_blank\" rel=\"noopener\" title=\"Descubre Brest\">de Brest<\/a>, con <strong>eventos para todos los gustos<\/strong>. Disfrute del karaoke, de una prueba a ciegas, de una noche de discoteca o d\u00e9jese llevar por los bailes y conciertos de verano. La b\u00fasqueda del tesoro y el bingo a\u00f1adir\u00e1n un poco de suspense y risas a sus veladas estivales.<br \/>En el marco natural y acogedor <a href=\"https:\/\/www.campingdugoulet.fr\/es\/finisterre-norte\/\" target=\"_blank\" rel=\"noopener\" title=\"Descubre Finisterre\">del Finisterre<\/a>, estas actividades crean <strong>recuerdos imborrables para todas las edades<\/strong>, haciendo que su estancia en Breta\u00f1a sea de lo m\u00e1s agradable.  <\/p>\n<p>[\/et_pb_text][\/et_pb_column][\/et_pb_row][\/et_pb_section][et_pb_section fb_built=\u00bb1&#8243; custom_padding_last_edited=\u00bbon|phone\u00bb _builder_version=\u00bb4.27.4&#8243; _module_preset=\u00bbdefault\u00bb custom_padding_tablet=\u00bb\u00bb custom_padding_phone=\u00bb||0px||false|false\u00bb global_colors_info=\u00bb{}\u00bb][et_pb_row _builder_version=\u00bb4.27.4&#8243; _module_preset=\u00bbdefault\u00bb background_color=\u00bb#5EB4F9&#8243; width=\u00bb100%\u00bb max_width=\u00bb2560px\u00bb custom_margin=\u00bb||||false|false\u00bb custom_padding=\u00bb|||10%|false|false\u00bb global_colors_info=\u00bb{}\u00bb][et_pb_column type=\u00bb4_4&#8243; _builder_version=\u00bb4.27.4&#8243; _module_preset=\u00bbdefault\u00bb global_colors_info=\u00bb{}\u00bb][et_pb_text module_class=\u00bbblanc\u00bb _builder_version=\u00bb4.27.4&#8243; _module_preset=\u00bbdefault\u00bb width=\u00bb50%\u00bb width_tablet=\u00bb50%\u00bb width_phone=\u00bb90%\u00bb width_last_edited=\u00bbon|phone\u00bb global_colors_info=\u00bb{}\u00bb]<\/p>\n<h2>\u00a1Su escapada \u00abDestino Sostenible\u00bb en Breta\u00f1a!<\/h2>\n<p>[\/et_pb_text][et_pb_text module_class=\u00bbblanc\u00bb _builder_version=\u00bb4.27.4&#8243; _module_preset=\u00bbdefault\u00bb link_text_color=\u00bb#505050&#8243; width=\u00bb50%\u00bb width_tablet=\u00bb50%\u00bb width_phone=\u00bb80%\u00bb width_last_edited=\u00bbon|phone\u00bb global_colors_info=\u00bb{}\u00bb]<\/p>\n<p>El Camping du Goulet de <a href=\"https:\/\/www.campingdugoulet.fr\/es\/brest\/\" target=\"_blank\" rel=\"noopener\" title=\"Descubre Brest\">Brest<\/a> se compromete activamente con un enfoque<a href=\"https:\/\/www.campingdugoulet.fr\/es\/acampa-cuidando-el-medio-ambiente\/\" target=\"_blank\" rel=\"noopener\" title=\"Camping sostenible\"> <strong>enfoque eco-responsable<\/strong><\/a> para ofrecer a los visitantes <strong>una experiencia sostenible en <a href=\"https:\/\/www.campingdugoulet.fr\/es\/finisterre-norte\/\" target=\"_blank\" rel=\"noopener\" title=\"Vacaciones Finisterre\">Finist\u00e8re<\/a><\/strong>. Como destino sostenible, hemos puesto en marcha una serie de acciones para preservar el medio ambiente al tiempo que garantizamos una estancia agradable. La <strong>clasificaci\u00f3n de residuos es una prioridad<\/strong>, con zonas dedicadas para facilitar el reciclaje, y el compostaje para reducir la huella ecol\u00f3gica del camping. Con el <strong>fin de reducir los residuos<\/strong>, hemos creado un buz\u00f3n de donaciones para que los veraneantes puedan entregar los objetos que ya no utilicen, fomentando as\u00ed su reutilizaci\u00f3n.  <\/p>\n<p>Tambi\u00e9n promovemos <strong>el ahorro de energ\u00eda<\/strong> optimizando el consumo durante su estancia, instalando gradualmente equipos m\u00e1s eficientes energ\u00e9ticamente y fomentando un comportamiento responsable.<\/p>\n<p>Asimismo, nos honramos en apoyar las compras locales, dando preferencia a los <strong>productores de Finist\u00e8re y Breta\u00f1a<\/strong> para nuestros suministros y servicios. <strong>Nuestro enfoque de RSE<\/strong> (Responsabilidad Social Corporativa) se refleja en nuestro compromiso de minimizar nuestro impacto ecol\u00f3gico al tiempo que contribuimos al desarrollo econ\u00f3mico y social de nuestra regi\u00f3n.<\/p>\n<p>En el Camping du Goulet, creemos que unas vacaciones agradables tambi\u00e9n pueden ser respetuosas con el medio ambiente, e <strong>invitamos a nuestros campistas a unirse a nosotros en esta aventura ecol\u00f3gica y sostenible<\/strong>.<\/p>\n<p>[\/et_pb_text][\/et_pb_column][\/et_pb_row][et_pb_row _builder_version=\u00bb4.27.4&#8243; _module_preset=\u00bbdefault\u00bb positioning=\u00bbabsolute\u00bb position_origin_a=\u00bbcenter_right\u00bb position_origin_a_tablet=\u00bbcenter_right\u00bb position_origin_a_phone=\u00bbcenter_right\u00bb position_origin_a_last_edited=\u00bbon|phone\u00bb position_origin_f_tablet=\u00bb\u00bb position_origin_f_phone=\u00bb\u00bb position_origin_f_last_edited=\u00bbon|phone\u00bb position_origin_r_tablet=\u00bb\u00bb position_origin_r_phone=\u00bb\u00bb position_origin_r_last_edited=\u00bbon|phone\u00bb width=\u00bb40%\u00bb width_tablet=\u00bb40%\u00bb width_phone=\u00bb85%\u00bb width_last_edited=\u00bbon|phone\u00bb positioning_tablet=\u00bbabsolute\u00bb positioning_phone=\u00bbnone\u00bb positioning_last_edited=\u00bbon|phone\u00bb global_colors_info=\u00bb{}\u00bb][et_pb_column type=\u00bb4_4&#8243; _builder_version=\u00bb4.27.4&#8243; _module_preset=\u00bbdefault\u00bb global_colors_info=\u00bb{}\u00bb][et_pb_image src=\u00bbhttps:\/\/www.campingdugoulet.fr\/wp-content\/uploads\/feuille-sable.jpg\u00bb alt=\u00bbhoja de arena\u00bb title_text=\u00bbhoja-arena\u00bb align=\u00bbright\u00bb _builder_version=\u00bb4.27.4&#8243; _module_preset=\u00bbdefault\u00bb border_radii=\u00bbon|20px|20px|20px|20px\u00bb global_colors_info=\u00bb{}\u00bb][\/et_pb_image][\/et_pb_column][\/et_pb_row][\/et_pb_section][et_pb_section fb_built=\u00bb1&#8243; custom_padding_last_edited=\u00bbon|phone\u00bb _builder_version=\u00bb4.27.4&#8243; _module_preset=\u00bbdefault\u00bb custom_margin_tablet=\u00bb\u00bb custom_margin_phone=\u00bb0px||||false|false\u00bb custom_margin_last_edited=\u00bbon|phone\u00bb custom_padding_tablet=\u00bb\u00bb custom_padding_phone=\u00bb0px||||false|false\u00bb global_colors_info=\u00bb{}\u00bb][et_pb_row _builder_version=\u00bb4.27.4&#8243; _module_preset=\u00bbdefault\u00bb global_colors_info=\u00bb{}\u00bb][et_pb_column type=\u00bb4_4&#8243; _builder_version=\u00bb4.27.4&#8243; _module_preset=\u00bbdefault\u00bb global_colors_info=\u00bb{}\u00bb][et_pb_text _builder_version=\u00bb4.27.4&#8243; _module_preset=\u00bbdefault\u00bb global_colors_info=\u00bb{}\u00bb]<\/p>\n<h2 style=\"text-align: center;\">Descubrir el Finisterre :<\/h2>\n<h2 style=\"text-align: center;\">Paisajes excepcionales, patrimonio bret\u00f3n y naturaleza virgen<\/h2>\n<p>[\/et_pb_text][\/et_pb_column][\/et_pb_row][et_pb_row column_structure=\u00bb1_2,1_2&#8243; _builder_version=\u00bb4.27.4&#8243; _module_preset=\u00bbdefault\u00bb max_width=\u00bb1400px\u00bb global_colors_info=\u00bb{}\u00bb][et_pb_column type=\u00bb1_2&#8243; _builder_version=\u00bb4.27.4&#8243; _module_preset=\u00bbdefault\u00bb global_colors_info=\u00bb{}\u00bb][et_pb_text content_tablet=\u00bb<\/p>\n<div style=%22display: flex; align-items: center; gap: 20px;%22><img src=%22https:\/\/www.campingdugoulet.fr\/wp-content\/uploads\/camping-goulet-decouvrir-la-pointe-saint-mathieu-2025-150x150.jpg%22 width=%22150%22 height=%22150%22 alt=%22camping goulet decouvrir la pointe saint mathieu 2025%22 class=%22wp-image-7267 alignnone size-thumbnail%22 style=%22border-radius: 20px;%22>A pocos kil\u00f3metros de Brest, descubre la Punta Saint-Mathieu, un lugar emblem\u00e1tico con su faro, su abad\u00eda y sus vistas ininterrumpidas sobre el oc\u00e9ano.<\/div>\n<p>\u00bb content_phone=\u00bb<\/p>\n<div style=%22display: flex; align-items: center; gap: 20px;%22><img src=%22https:\/\/www.campingdugoulet.fr\/wp-content\/uploads\/camping-goulet-decouvrir-la-pointe-saint-mathieu-2025-150x150.jpg%22 width=%2280%22 height=%2280%22 alt=%22camping goulet decouvrir la pointe saint mathieu 2025%22 class=%22wp-image-7267 alignnone size-thumbnail%22 style=%22border-radius: 20px;%22>A pocos kil\u00f3metros de Brest, descubre la Punta Saint-Mathieu, un lugar emblem\u00e1tico con su faro, su abad\u00eda y sus vistas ininterrumpidas sobre el oc\u00e9ano.<\/div>\n<p>\u00bb content_last_edited=\u00bbon|phone\u00bb _builder_version=\u00bb4.27.4&#8243; _module_preset=\u00bbdefault\u00bb global_colors_info=\u00bb{}\u00bb]<\/p>\n<div style=\"display: flex; align-items: center; gap: 20px;\"><img loading=\"lazy\" decoding=\"async\" src=\"https:\/\/www.campingdugoulet.fr\/wp-content\/uploads\/camping-goulet-decouvrir-la-pointe-saint-mathieu-2025-150x150.jpg\" width=\"150\" height=\"150\" alt=\"camping goulet decouvrir la pointe saint mathieu 2025\" class=\"wp-image-7267 alignnone size-thumbnail\" style=\"border-radius: 20px;\">A pocos kil\u00f3metros de Brest, descubre la Punta Saint-Mathieu, un lugar emblem\u00e1tico con su faro, su abad\u00eda y sus vistas ininterrumpidas sobre el oc\u00e9ano.<\/div>\n<p>[\/et_pb_text][et_pb_text content_tablet=\u00bb<\/p>\n<div style=%22display: flex; align-items: center; gap: 20px;%22><img src=%22https:\/\/www.campingdugoulet.fr\/wp-content\/uploads\/camping-goulet-2025-conquet-proximite.jpg%22 width=%22150%22 height=%22150%22 alt=%22camping goulet decouvrir la pointe saint mathieu 2025%22 class=%22wp-image-7267 alignnone size-thumbnail%22 style=%22border-radius: 20px;%22>Cerca de all\u00ed, Le Conquet te invita a pasear por su encantador puerto pesquero y a emprender una excursi\u00f3n a las islas de Mol\u00e8ne y Ouessant, tesoros del mar de Iroise, donde la naturaleza salvaje y virgen te sorprender\u00e1.<\/div>\n<p>\u00bb content_phone=\u00bb<\/p>\n<div style=%22display: flex; align-items: center; gap: 20px;%22><img src=%22https:\/\/www.campingdugoulet.fr\/wp-content\/uploads\/camping-goulet-2025-conquet-proximite.jpg%22 width=%2280%22 height=%2280%22 alt=%22camping goulet decouvrir la pointe saint mathieu 2025%22 class=%22wp-image-7267 alignnone size-thumbnail%22 style=%22border-radius: 20px;%22>Cerca de all\u00ed, Le Conquet te invita a pasear por su encantador puerto pesquero y a emprender una excursi\u00f3n a las islas de Mol\u00e8ne y Ouessant, tesoros del mar de Iroise, donde la naturaleza salvaje y virgen te sorprender\u00e1.<\/div>\n<p>\u00bb content_last_edited=\u00bbon|phone\u00bb _builder_version=\u00bb4.27.4&#8243; _module_preset=\u00bbdefault\u00bb global_colors_info=\u00bb{}\u00bb]<\/p>\n<div style=\"display: flex; align-items: center; gap: 20px;\"><img loading=\"lazy\" decoding=\"async\" src=\"https:\/\/www.campingdugoulet.fr\/wp-content\/uploads\/camping-goulet-2025-conquet-proximite.jpg\" width=\"150\" height=\"150\" alt=\"camping goulet decouvrir la pointe saint mathieu 2025\" class=\"wp-image-7267 alignnone size-thumbnail\" style=\"border-radius: 20px;\">Cerca de all\u00ed, Le Conquet te invita a pasear por su encantador puerto pesquero y a emprender una excursi\u00f3n a las islas de Mol\u00e8ne y Ouessant, tesoros del mar de Iroise, donde la naturaleza salvaje y virgen te sorprender\u00e1.<\/div>\n<p>[\/et_pb_text][et_pb_text content_tablet=\u00bb<\/p>\n<div style=%22display: flex; align-items: center; gap: 20px;%22><img src=%22https:\/\/www.campingdugoulet.fr\/wp-content\/uploads\/camping-goulet-2025-plages.jpg%22 width=%22150%22 height=%22150%22 alt=%22camping goulet decouvrir la pointe saint mathieu 2025%22 class=%22wp-image-7267 alignnone size-thumbnail%22 style=%22border-radius: 20px;%22>Las playas de Tr\u00e9gana y Porsmilin, no lejos de Brest, son lugares perfectos para relajarse y disfrutar de las aguas cristalinas del mar de Iroise.<\/div>\n<p>\u00bb content_phone=\u00bb<\/p>\n<div style=%22display: flex; align-items: center; gap: 20px;%22><img src=%22https:\/\/www.campingdugoulet.fr\/wp-content\/uploads\/camping-goulet-2025-plages.jpg%22 width=%2280%22 height=%2280%22 alt=%22camping goulet decouvrir la pointe saint mathieu 2025%22 class=%22wp-image-7267 alignnone size-thumbnail%22 style=%22border-radius: 20px;%22>Las playas de Tr\u00e9gana y Porsmilin, no lejos de Brest, son lugares perfectos para relajarse y disfrutar de las aguas cristalinas del mar de Iroise.<\/div>\n<p>\u00bb content_last_edited=\u00bbon|phone\u00bb _builder_version=\u00bb4.27.4&#8243; _module_preset=\u00bbdefault\u00bb global_colors_info=\u00bb{}\u00bb]<\/p>\n<div style=\"display: flex; align-items: center; gap: 20px;\"><img loading=\"lazy\" decoding=\"async\" src=\"https:\/\/www.campingdugoulet.fr\/wp-content\/uploads\/camping-goulet-2025-plages.jpg\" width=\"150\" height=\"150\" alt=\"camping goulet decouvrir la pointe saint mathieu 2025\" class=\"wp-image-7267 alignnone size-thumbnail\" style=\"border-radius: 20px;\">Las playas de Tr\u00e9gana y Porsmilin, no lejos de Brest, son lugares perfectos para relajarse y disfrutar de las aguas cristalinas del mar de Iroise.<\/div>\n<p>[\/et_pb_text][\/et_pb_column][et_pb_column type=\u00bb1_2&#8243; _builder_version=\u00bb4.27.4&#8243; _module_preset=\u00bbdefault\u00bb global_colors_info=\u00bb{}\u00bb][et_pb_text content_tablet=\u00bb<\/p>\n<div style=%22display: flex; align-items: center; gap: 20px;%22><img src=%22https:\/\/www.campingdugoulet.fr\/wp-content\/uploads\/Sentiers-randonnees-crozon-camping-goulet-2025.jpg%22 width=%22150%22 height=%22150%22 alt=%22camping goulet decouvrir la pointe saint mathieu 2025%22 class=%22wp-image-7267 alignnone size-thumbnail%22 style=%22border-radius: 20px;%22>A los amantes de la naturaleza tambi\u00e9n les encantar\u00e1 la pen\u00ednsula de Crozon, un para\u00edso para los senderistas con espectaculares paisajes costeros, acantilados y calas.<\/div>\n<p>\u00bb content_phone=\u00bb<\/p>\n<div style=%22display: flex; align-items: center; gap: 20px;%22><img src=%22https:\/\/www.campingdugoulet.fr\/wp-content\/uploads\/Sentiers-randonnees-crozon-camping-goulet-2025.jpg%22 width=%2280%22 height=%2280%22 alt=%22camping goulet decouvrir la pointe saint mathieu 2025%22 class=%22wp-image-7267 alignnone size-thumbnail%22 style=%22border-radius: 20px;%22>A los amantes de la naturaleza tambi\u00e9n les encantar\u00e1 la pen\u00ednsula de Crozon, un para\u00edso para los senderistas con espectaculares paisajes costeros, acantilados y calas.<\/div>\n<p>\u00bb content_last_edited=\u00bbon|phone\u00bb _builder_version=\u00bb4.27.4&#8243; _module_preset=\u00bbdefault\u00bb global_colors_info=\u00bb{}\u00bb]<\/p>\n<div style=\"display: flex; align-items: center; gap: 20px;\"><img loading=\"lazy\" decoding=\"async\" src=\"https:\/\/www.campingdugoulet.fr\/wp-content\/uploads\/Sentiers-randonnees-crozon-camping-goulet-2025.jpg\" width=\"150\" height=\"150\" alt=\"camping goulet decouvrir la pointe saint mathieu 2025\" class=\"wp-image-7267 alignnone size-thumbnail\" style=\"border-radius: 20px;\">A los amantes de la naturaleza tambi\u00e9n les encantar\u00e1 la pen\u00ednsula de Crozon, un para\u00edso para los senderistas con espectaculares paisajes costeros, acantilados y calas.<\/div>\n<p>[\/et_pb_text][et_pb_text content_tablet=\u00bb<\/p>\n<div style=%22display: flex; align-items: center; gap: 20px;%22><img src=%22https:\/\/www.campingdugoulet.fr\/wp-content\/uploads\/kerloun-meneham-camping-goulet-2025.jpg%22 width=%22150%22 height=%22150%22 alt=%22camping goulet decouvrir la pointe saint mathieu 2025%22 class=%22wp-image-7267 alignnone size-thumbnail%22 style=%22border-radius: 20px;%22>El pueblo de Meneham, con sus viejas casitas de paja y su ambiente de anta\u00f1o, es una visita obligada para explorar la cultura bretona. Si te apasiona la historia, la naturaleza o el descubrimiento mar\u00edtimo, Finisterre est\u00e1 lleno de lugares fascinantes que visitar. <\/div>\n<p>\u00bb content_phone=\u00bb<\/p>\n<div style=%22display: flex; align-items: center; gap: 20px;%22><img src=%22https:\/\/www.campingdugoulet.fr\/wp-content\/uploads\/kerloun-meneham-camping-goulet-2025.jpg%22 width=%2280%22 height=%2280%22 alt=%22camping goulet decouvrir la pointe saint mathieu 2025%22 class=%22wp-image-7267 alignnone size-thumbnail%22 style=%22border-radius: 20px;%22>El pueblo de Meneham, con sus viejas casitas de paja y su ambiente de anta\u00f1o, es una visita obligada para explorar la cultura bretona. Si te apasiona la historia, la naturaleza o el descubrimiento mar\u00edtimo, Finisterre est\u00e1 lleno de lugares fascinantes que visitar. <\/div>\n<p>\u00bb content_last_edited=\u00bbon|phone\u00bb _builder_version=\u00bb4.27.4&#8243; _module_preset=\u00bbdefault\u00bb global_colors_info=\u00bb{}\u00bb]<\/p>\n<div style=\"display: flex; align-items: center; gap: 20px;\"><img loading=\"lazy\" decoding=\"async\" src=\"https:\/\/www.campingdugoulet.fr\/wp-content\/uploads\/kerloun-meneham-camping-goulet-2025.jpg\" width=\"150\" height=\"150\" alt=\"camping goulet decouvrir la pointe saint mathieu 2025\" class=\"wp-image-7267 alignnone size-thumbnail\" style=\"border-radius: 20px;\">El pueblo de Meneham, con sus viejas casitas de paja y su ambiente de anta\u00f1o, es una visita obligada para explorar la cultura bretona. Si te apasiona la historia, la naturaleza o el descubrimiento mar\u00edtimo, Finisterre est\u00e1 lleno de lugares fascinantes que visitar. <\/div>\n<p>[\/et_pb_text][et_pb_text _builder_version=\u00bb4.27.4&#8243; _module_preset=\u00bbdefault\u00bb background_color=\u00bbrgba(94,180,249,0.13)\u00bb custom_padding=\u00bb5%|5%|5%|5%|true|true\u00bb border_radii=\u00bbon|16px|16px|16px|16px\u00bb global_colors_info=\u00bb{}\u00bb]<\/p>\n<div style=\"display: flex; align-items: center; gap: 20px;\">Ven a alojarte al Camping du Goulet en Brest y descubre los lugares excepcionales que hacen de Breta\u00f1a un para\u00edso para los viajeros.<img loading=\"lazy\" decoding=\"async\" src=\"https:\/\/www.campingdugoulet.fr\/wp-content\/uploads\/treskell-gris-titre.svg\" width=\"95\" height=\"88\" alt=\"camping goulet decouvrir la pointe saint mathieu 2025\" class=\"wp-image-7267 alignnone size-thumbnail\" style=\"border-radius: 20px; opacity: 0.2;\"><\/div>\n<p>[\/et_pb_text][\/et_pb_column][\/et_pb_row][\/et_pb_section][et_pb_section fb_built=\u00bb1&#8243; _builder_version=\u00bb4.17.4&#8243; _module_preset=\u00bbdefault\u00bb background_color=\u00bbrgba(235,165,60,0.24)\u00bb global_colors_info=\u00bb{}\u00bb][et_pb_row _builder_version=\u00bb4.17.4&#8243; _module_preset=\u00bbdefault\u00bb global_colors_info=\u00bb{}\u00bb][et_pb_column type=\u00bb4_4&#8243; _builder_version=\u00bb4.17.4&#8243; _module_preset=\u00bbdefault\u00bb global_colors_info=\u00bb{}\u00bb][et_pb_text _builder_version=\u00bb4.17.4&#8243; _module_preset=\u00bbdefault\u00bb text_text_color=\u00bb#FFFFFF\u00bb header_3_text_color=\u00bb#505050&#8243; global_colors_info=\u00bb{}\u00bb]<\/p>\n<h3 style=\"text-align: center;\">La opini\u00f3n de nuestros clientes<\/h3>\n<p>[\/et_pb_text][et_pb_code _builder_version=\u00bb4.17.4&#8243; _module_preset=\u00bbdefault\u00bb global_colors_info=\u00bb{}\u00bb]<div id=\"google-business-reviews-rating\" class=\"google-business-reviews-rating gmbrr columns three center carousel\" data-view=\"3\">\r\n\t<h2 class=\"heading\"><span class=\"icon\"><img decoding=\"async\" src=\"https:\/\/maps.gstatic.com\/mapfiles\/place_api\/icons\/v1\/png_71\/camping-71.png\" alt=\"Camping du Goulet Icon\"><\/span>Camping du Goulet<\/h2>\r\n\t<p class=\"vicinity\">285 Chemin de Lanhouarnec, Brest<\/p>\r\n\t<p class=\"rating\"><span class=\"number\">4,0<\/span> <span class=\"all-stars animate\"><span class=\"star\"><\/span><span class=\"star\"><\/span><span class=\"star\"><\/span><span class=\"star\"><\/span><span class=\"star gray\"><\/span><\/span> <a href=\"https:\/\/search.google.com\/local\/reviews?placeid=ChIJGcbNjfG-FkgRXfwUWQuVO18\" target=\"_blank\" rel=\"nofollow\" class=\"count\">428 reviews<\/a><\/p>\r\n<ul class=\"listing\">\r\n\t\t<li class=\"rating-4 visible\" data-index=\"0\">\r\n\t\t\t<span class=\"author-avatar\"><a href=\"https:\/\/www.google.com\/maps\/contrib\/101639217259890587206\/reviews\" target=\"_blank\" rel=\"nofollow\"><img decoding=\"async\" src=\"https:\/\/lh3.googleusercontent.com\/a-\/AD_cMMTdaet1mJBIp7hHyttEAEaYYT6F4SDrugGlhvWg3w=s128-c0x00000000-cc-rp-mo-ba3\" alt=\"Avatar\"><\/a><\/span>\r\n\t\t\t<span class=\"review-meta\">\r\n\t\t\t\t<span class=\"author-name\"><a href=\"https:\/\/www.google.com\/maps\/contrib\/101639217259890587206\/reviews\" target=\"_blank\" rel=\"nofollow\">corinne couturet<\/a><\/span>\r\n\t\t\t\t<span class=\"rating\">\u2605\u2605\u2605\u2605<span class=\"not\">\u2606<\/span><\/span>\r\n\t\t\t\t<span class=\"relative-time-description\">il y a 2\u00a0semaines<\/span>\r\n\t\t\t<\/span>\r\n\t\t\t<div class=\"text text-excerpt\"><span class=\"review-snippet\">Une \u00e9tape d&#039;une nuit, malgr\u00e9 une arriv\u00e9e tardive nous avons \u00e9t\u00e9 tr\u00e8s bien re\u00e7u. Emplacement tr\u00e8s beau et spacieux, camping tr\u00e8s agr\u00e9able<\/span> <span class=\"review-more-placeholder\">\u2026 More<\/span><span class=\"review-full-text\"> avec bloc sanitaire superbe. Un seul petit b\u00e9mol le wifi malgr\u00e9 le code n&#039;a pas fonctionn\u00e9, mais pour une nuit pas indispensable. Le co\u00fbt est un peu \u00e9lev\u00e9 mais situ\u00e9 \u00e0 &#039;&#039;deux pas&#039;&#039; de Brest donc c&#039;est compr\u00e9hensible. Si l&#039;occasion se repr\u00e9sente nous n&#039;h\u00e9siterons pas \u00e0 revenir.<\/span><\/div>\r\n\t\t<\/li>\r\n\t\t<li class=\"rating-5 visible\" data-index=\"1\">\r\n\t\t\t<span class=\"author-avatar\"><a href=\"https:\/\/www.google.com\/maps\/contrib\/102254301146674499908\/reviews\" target=\"_blank\" rel=\"nofollow\"><img decoding=\"async\" src=\"https:\/\/lh3.googleusercontent.com\/a\/AAcHTtcOc0MkFi0mlOoTJ_5HT48zYYbmKmzAO-V4dHeZ=s128-c0x00000000-cc-rp-mo\" alt=\"Avatar\"><\/a><\/span>\r\n\t\t\t<span class=\"review-meta\">\r\n\t\t\t\t<span class=\"author-name\"><a href=\"https:\/\/www.google.com\/maps\/contrib\/102254301146674499908\/reviews\" target=\"_blank\" rel=\"nofollow\">Cecel The best<\/a><\/span>\r\n\t\t\t\t<span class=\"rating\">\u2605\u2605\u2605\u2605\u2605<\/span>\r\n\t\t\t\t<span class=\"relative-time-description\">il y a un mois<\/span>\r\n\t\t\t<\/span>\r\n\t\t\t<div class=\"text text-excerpt\"><span class=\"review-snippet\">Camping parfait verdoyant fleuri impeccable. Les mobils homes sont sur  de beaux espaces verdoyants quel bonheur quand on un toutou.<br>\n\t\t\t\tMerci<\/span> <span class=\"review-more-placeholder\">\u2026 More<\/span><span class=\"review-full-text\"> pour votre accueil .<br>\n\t\t\t\tNous reviendrons sans h\u00e9siter<\/span><\/div>\r\n\t\t<\/li>\r\n\t\t<li class=\"rating-5 visible\" data-index=\"2\">\r\n\t\t\t<span class=\"author-avatar\"><a href=\"https:\/\/www.google.com\/maps\/contrib\/108205141566820575315\/reviews\" target=\"_blank\" rel=\"nofollow\"><img decoding=\"async\" src=\"https:\/\/lh3.googleusercontent.com\/a\/AAcHTteGH3zT_ZjoLP6TuIYZlI7QKDJQZA-QZxjjTozo=s128-c0x00000000-cc-rp-mo\" alt=\"Avatar\"><\/a><\/span>\r\n\t\t\t<span class=\"review-meta\">\r\n\t\t\t\t<span class=\"author-name\"><a href=\"https:\/\/www.google.com\/maps\/contrib\/108205141566820575315\/reviews\" target=\"_blank\" rel=\"nofollow\">David Gniadek<\/a><\/span>\r\n\t\t\t\t<span class=\"rating\">\u2605\u2605\u2605\u2605\u2605<\/span>\r\n\t\t\t\t<span class=\"relative-time-description\">il y a une semaine<\/span>\r\n\t\t\t<\/span>\r\n\t\t\t<div class=\"text text-excerpt\"><span class=\"review-snippet\">Personnel tr\u00e8s sympathique Camping tr\u00e8s bien entretenu sanitaires nickel<br>\n\t\t\t\tEmplacement pour fourgon ou camping car spacieux<br>\n\t\t\t\tQue dire de plus<\/span> <span class=\"review-more-placeholder\">\u2026 More<\/span><span class=\"review-full-text\"> \u00e0 part de le conseiller<\/span><\/div>\r\n\t\t<\/li>\r\n\t\t<li class=\"rating-5 hidden\" data-index=\"3\">\r\n\t\t\t<span class=\"author-avatar\"><a href=\"https:\/\/www.google.com\/maps\/contrib\/109696241128982994697\/reviews\" target=\"_blank\" rel=\"nofollow\"><img decoding=\"async\" src=\"https:\/\/lh3.googleusercontent.com\/a\/AAcHTtfGMOGyq57T1dNfi3qoNNB7f9443SthUCcGXTPL=s128-c0x00000000-cc-rp-mo\" alt=\"Avatar\"><\/a><\/span>\r\n\t\t\t<span class=\"review-meta\">\r\n\t\t\t\t<span class=\"author-name\"><a href=\"https:\/\/www.google.com\/maps\/contrib\/109696241128982994697\/reviews\" target=\"_blank\" rel=\"nofollow\">Carine Arnales<\/a><\/span>\r\n\t\t\t\t<span class=\"rating\">\u2605\u2605\u2605\u2605\u2605<\/span>\r\n\t\t\t\t<span class=\"relative-time-description\">il y a 3\u00a0mois<\/span>\r\n\t\t\t<\/span>\r\n\t\t\t<div class=\"text text-excerpt\"><span class=\"review-snippet\">Charmant camping, avec un personnel tr\u00e8s agr\u00e9able.  Proche de la mer et du sentier maritime. Le mobil home est fonctionnel et tr\u00e8s propre.<\/span> <span class=\"review-more-placeholder\">\u2026 More<\/span><span class=\"review-full-text\">  A refaire,  merci<\/span><\/div>\r\n\t\t<\/li>\r\n\t\t<li class=\"rating-5 hidden\" data-index=\"4\">\r\n\t\t\t<span class=\"author-avatar\"><a href=\"https:\/\/www.google.com\/maps\/contrib\/109824043472740186790\/reviews\" target=\"_blank\" rel=\"nofollow\"><img decoding=\"async\" src=\"https:\/\/lh3.googleusercontent.com\/a\/AEdFTp5yNtglIkYgjPT49NmpBs1GKC8ZPCRZjtu3pZh7=s128-c0x00000000-cc-rp-mo\" alt=\"Avatar\"><\/a><\/span>\r\n\t\t\t<span class=\"review-meta\">\r\n\t\t\t\t<span class=\"author-name\"><a href=\"https:\/\/www.google.com\/maps\/contrib\/109824043472740186790\/reviews\" target=\"_blank\" rel=\"nofollow\">Virginie Durand<\/a><\/span>\r\n\t\t\t\t<span class=\"rating\">\u2605\u2605\u2605\u2605\u2605<\/span>\r\n\t\t\t\t<span class=\"relative-time-description\">10 months ago<\/span>\r\n\t\t\t<\/span>\r\n\t\t\t<div class=\"text text-excerpt\"><span class=\"review-snippet\">3 nuits au Camping en tente, emplacement spacieux, ombrag\u00e9.<br>\n\t\t\t\tTr\u00e8s calme, sanitaires et camping tr\u00e8s propre .<br>\n\t\t\t\tEspace aquatique au top, accueil<\/span> <span class=\"review-more-placeholder\">\u2026 More<\/span><span class=\"review-full-text\"> tr\u00e8s sympathique.<br>\n\t\t\t\tNombreux jeux et activit\u00e9s le tout pour passer un agr\u00e9able s\u00e9jour.<br>\n\t\t\t\tAcc\u00e8s \u00e0 la mer sympa par le sentier.<br>\n\t\t\t\tA refaire ????<\/span><\/div>\r\n\t\t<\/li>\r\n\t\t<li class=\"rating-4 hidden\" data-index=\"5\">\r\n\t\t\t<span class=\"author-avatar\"><a href=\"https:\/\/www.google.com\/maps\/contrib\/100875008948594537722\/reviews\" target=\"_blank\" rel=\"nofollow\"><img decoding=\"async\" src=\"https:\/\/lh3.googleusercontent.com\/a\/AEdFTp7duXK7nhnMgcppNFmc75tHHWq3K8INng5-1Gal=s128-c0x00000000-cc-rp-mo-ba3\" alt=\"Avatar\"><\/a><\/span>\r\n\t\t\t<span class=\"review-meta\">\r\n\t\t\t\t<span class=\"author-name\"><a href=\"https:\/\/www.google.com\/maps\/contrib\/100875008948594537722\/reviews\" target=\"_blank\" rel=\"nofollow\">S. Boidin<\/a><\/span>\r\n\t\t\t\t<span class=\"rating\">\u2605\u2605\u2605\u2605<span class=\"not\">\u2606<\/span><\/span>\r\n\t\t\t\t<span class=\"relative-time-description\">10 months ago<\/span>\r\n\t\t\t<\/span>\r\n\t\t\t<div class=\"text text-excerpt\"><span class=\"review-snippet\">Tr\u00e8s bon accueil<br>\n\t\t\t\tPersonnel tr\u00e8s gentil et qui \u00e0 l&#039;\u00e9coute.<br>\n\t\t\t\tLa proximit\u00e9 de la plage de la maison Blanche est super.<br>\n\t\t\t\tLe camping est tr\u00e8s<\/span> <span class=\"review-more-placeholder\">\u2026 More<\/span><span class=\"review-full-text\"> calme (\u00e0 la p\u00e9riode o\u00f9 nous sommes all\u00e9s).<br>\n\t\t\t\tSimplement revoir la carte pour la restauration.<\/span><\/div>\r\n\t\t<\/li>\r\n\t\t<li class=\"rating-5 hidden\" data-index=\"6\">\r\n\t\t\t<span class=\"author-avatar\"><a href=\"https:\/\/www.google.com\/maps\/contrib\/107871085205444243200\/reviews\" target=\"_blank\" rel=\"nofollow\"><img decoding=\"async\" src=\"https:\/\/lh3.googleusercontent.com\/a-\/AD5-WCnzQgtNEnYoRjuyoD2kO1QZopnuZtJ4ByoLxVt2=s128-c0x00000000-cc-rp-mo\" alt=\"Avatar\"><\/a><\/span>\r\n\t\t\t<span class=\"review-meta\">\r\n\t\t\t\t<span class=\"author-name\"><a href=\"https:\/\/www.google.com\/maps\/contrib\/107871085205444243200\/reviews\" target=\"_blank\" rel=\"nofollow\">Elodie Mortier<\/a><\/span>\r\n\t\t\t\t<span class=\"rating\">\u2605\u2605\u2605\u2605\u2605<\/span>\r\n\t\t\t\t<span class=\"relative-time-description\">10 months ago<\/span>\r\n\t\t\t<\/span>\r\n\t\t\t<div class=\"text text-excerpt\"><span class=\"review-snippet\">Emplacement tr\u00e8s grand et assez bien entretenus, sanitaires propres malgr\u00e9 l&#039;\u00e2ge d&#039;un des deux bloc<br>\n\t\t\t\tCamping proche de Brest, 20<\/span> <span class=\"review-more-placeholder\">\u2026 More<\/span><span class=\"review-full-text\"> minutes \u00e0 v\u00e9lo<br>\n\t\t\t\tAccueil au top et supers activit\u00e9s pour les enfants.<br>\n\t\t\t\tLes adultes ne sont pas sans restes pour les activit\u00e9s non plus, beaucoup d&#039;animations repas les soirs de la semaine<\/span><\/div>\r\n\t\t<\/li>\r\n\t\t<li class=\"rating-4 hidden\" data-index=\"7\">\r\n\t\t\t<span class=\"author-avatar\"><a href=\"https:\/\/www.google.com\/maps\/contrib\/103966733129530527462\/reviews\" target=\"_blank\" rel=\"nofollow\"><img decoding=\"async\" src=\"https:\/\/lh3.googleusercontent.com\/a-\/ACB-R5RoRwGbOpuFWXe3K6UykkJxHrHckc2xnGc0XIydMw=s128-c0x00000000-cc-rp-mo-ba3\" alt=\"Avatar\"><\/a><\/span>\r\n\t\t\t<span class=\"review-meta\">\r\n\t\t\t\t<span class=\"author-name\"><a href=\"https:\/\/www.google.com\/maps\/contrib\/103966733129530527462\/reviews\" target=\"_blank\" rel=\"nofollow\">R\u00e9gis Le Coz<\/a><\/span>\r\n\t\t\t\t<span class=\"rating\">\u2605\u2605\u2605\u2605<span class=\"not\">\u2606<\/span><\/span>\r\n\t\t\t\t<span class=\"relative-time-description\">10 months ago<\/span>\r\n\t\t\t<\/span>\r\n\t\t\t<div class=\"text text-excerpt\"><span class=\"review-snippet\">Camping top pour visiter Brest et ses alentours. Les sanitaires \u00e9taient propres, le personnel tr\u00e8s aimable.<br>\n\t\t\t\tJ&#039;ai trouv\u00e9 le camping<\/span> <span class=\"review-more-placeholder\">\u2026 More<\/span><span class=\"review-full-text\"> un peu bruyant \u00e0 mon go\u00fbt, surtout avec le bof d&#039;\u00e0 c\u00f4t\u00e9 (en m\u00eame temps on est tous le bof de quelqu&#039;un \ud83d\ude09 ).<\/span><\/div>\r\n\t\t<\/li>\r\n\t\t<li class=\"rating-5 hidden\" data-index=\"8\">\r\n\t\t\t<span class=\"author-avatar\"><a href=\"https:\/\/www.google.com\/maps\/contrib\/108952072772211784894\/reviews\" target=\"_blank\" rel=\"nofollow\"><img decoding=\"async\" src=\"https:\/\/lh3.googleusercontent.com\/a\/AEdFTp6Ifavz0eU1ZBiLMwHNCokDcJgCC6u8C_68Nf24=s128-c0x00000000-cc-rp-mo\" alt=\"Avatar\"><\/a><\/span>\r\n\t\t\t<span class=\"review-meta\">\r\n\t\t\t\t<span class=\"author-name\"><a href=\"https:\/\/www.google.com\/maps\/contrib\/108952072772211784894\/reviews\" target=\"_blank\" rel=\"nofollow\">CHOINARD Marc-Antoine<\/a><\/span>\r\n\t\t\t\t<span class=\"rating\">\u2605\u2605\u2605\u2605\u2605<\/span>\r\n\t\t\t\t<span class=\"relative-time-description\">10 months ago<\/span>\r\n\t\t\t<\/span>\r\n\t\t\t<div class=\"text text-excerpt\"><span class=\"review-snippet\">S\u00e9jour agr\u00e9able dans un camping tr\u00e8s sympa.<br>\n\t\t\t\tNous avons beaucoup appr\u00e9ci\u00e9 l accueil, des personnes aimables et souriantes, les sanitaires<\/span> <span class=\"review-more-placeholder\">\u2026 More<\/span><span class=\"review-full-text\"> r\u00e9cents et propres ( fleurs naturelles pr\u00e9sente sur les \u00e9viers).<br>\n\t\t\t\tLe ++++ du camping le tri s\u00e9lectif notamment la pr\u00e9sence du compost, d\u2019un bac \u00e0 charbon \u2026.<br>\n\t\t\t\tJe \u00ab\u00a0regrette \u00ab\u00a0toutefois le manque de savon \u00e0 la sortie des sanitaires.<br>\n\t\t\t\tTr\u00e8s bon Rapport qualit\u00e9 prix.<br>\n\t\t\t\tJe recommande sans h\u00e9siter ce camping.<\/span><\/div>\r\n\t\t<\/li>\r\n\t\t<li class=\"rating-4 hidden\" data-index=\"9\">\r\n\t\t\t<span class=\"author-avatar\"><a href=\"https:\/\/www.google.com\/maps\/contrib\/109418868440859795801\/reviews\" target=\"_blank\" rel=\"nofollow\"><img decoding=\"async\" src=\"https:\/\/lh3.googleusercontent.com\/a\/AGNmyxa1aHyNgX4AhFQ_GckCbBmZapjE3F2CN5vGTC_F=s128-c0x00000000-cc-rp-mo\" alt=\"Avatar\"><\/a><\/span>\r\n\t\t\t<span class=\"review-meta\">\r\n\t\t\t\t<span class=\"author-name\"><a href=\"https:\/\/www.google.com\/maps\/contrib\/109418868440859795801\/reviews\" target=\"_blank\" rel=\"nofollow\">Camille Clavreul<\/a><\/span>\r\n\t\t\t\t<span class=\"rating\">\u2605\u2605\u2605\u2605<span class=\"not\">\u2606<\/span><\/span>\r\n\t\t\t\t<span class=\"relative-time-description\">9 months ago<\/span>\r\n\t\t\t<\/span>\r\n\t\t\t<div class=\"text text-excerpt\"><span class=\"review-snippet\">Camping agr\u00e9able Camping tr\u00e8s agr\u00e9able ! Situ\u00e9 en campagne, le centre de Brest est accessible en bus en 25 minutes. Le personnel est sympathique,<\/span> <span class=\"review-more-placeholder\">\u2026 More<\/span><span class=\"review-full-text\"> les emplacements id\u00e9ales et les sanitaires propres.<\/span><\/div>\r\n\t\t<\/li>\r\n\t\t<li class=\"rating-5 hidden\" data-index=\"10\">\r\n\t\t\t<span class=\"author-avatar\"><a href=\"https:\/\/www.google.com\/maps\/contrib\/105771395099765746194\/reviews\" target=\"_blank\" rel=\"nofollow\"><img decoding=\"async\" src=\"https:\/\/lh3.googleusercontent.com\/a-\/ACB-R5RnVI2l7mi4oJbFKGVCN9XgZnyr5VVi1ghkrex_6Q=s128-c0x00000000-cc-rp-mo\" alt=\"Avatar\"><\/a><\/span>\r\n\t\t\t<span class=\"review-meta\">\r\n\t\t\t\t<span class=\"author-name\"><a href=\"https:\/\/www.google.com\/maps\/contrib\/105771395099765746194\/reviews\" target=\"_blank\" rel=\"nofollow\">Sophie D.<\/a><\/span>\r\n\t\t\t\t<span class=\"rating\">\u2605\u2605\u2605\u2605\u2605<\/span>\r\n\t\t\t\t<span class=\"relative-time-description\">a year ago<\/span>\r\n\t\t\t<\/span>\r\n\t\t\t<div class=\"text text-excerpt\"><span class=\"review-snippet\">Tres bien. Camping calme (s\u00e9jour en avril).<br>\n\t\t\t\tTr\u00e8s bon accueil : personnel agr\u00e9able, souriant , \u00e0 l&#039;\u00e9coute et alerte pour trouver des<\/span> <span class=\"review-more-placeholder\">\u2026 More<\/span><span class=\"review-full-text\"> solutions.<br>\n\t\t\t\tEmplacements s\u00e9par\u00e9s par des haies.<br>\n\t\t\t\tCamping bien organis\u00e9 et tr\u00e8s propre.<br>\n\t\t\t\tJe trouve seulement que 8e pour les frais de dossier est assez on\u00e9reux.<\/span><\/div>\r\n\t\t<\/li>\r\n\t\t<li class=\"rating-4 hidden\" data-index=\"11\">\r\n\t\t\t<span class=\"author-avatar\"><a href=\"https:\/\/www.google.com\/maps\/contrib\/111291858102152119560\/reviews\" target=\"_blank\" rel=\"nofollow\"><img decoding=\"async\" src=\"https:\/\/lh3.googleusercontent.com\/a\/AEdFTp6hRNbbGT6Oa4iu1P4izyLSUC0TIS1nLH2HUYNw=s128-c0x00000000-cc-rp-mo\" alt=\"Avatar\"><\/a><\/span>\r\n\t\t\t<span class=\"review-meta\">\r\n\t\t\t\t<span class=\"author-name\"><a href=\"https:\/\/www.google.com\/maps\/contrib\/111291858102152119560\/reviews\" target=\"_blank\" rel=\"nofollow\">yvan violette<\/a><\/span>\r\n\t\t\t\t<span class=\"rating\">\u2605\u2605\u2605\u2605<span class=\"not\">\u2606<\/span><\/span>\r\n\t\t\t\t<span class=\"relative-time-description\">10 months ago<\/span>\r\n\t\t\t<\/span>\r\n\t\t\t<div class=\"text text-excerpt\"><span class=\"review-snippet\">Camping au top<br>\n\t\t\t\tBon camping accueil super emplacement grand<br>\n\t\t\t\tpropret\u00e9 sanitaire b\u00e9mol pas de pression et eau l\u00e9g\u00e8rement chaude.<br>\n\t\t\t\tC\u00f4t\u00e9 restauration<\/span> <span class=\"review-more-placeholder\">\u2026 More<\/span><span class=\"review-full-text\"> qui doit s am\u00e9liorer dans les prochaines ann\u00e9es. Je reviendrai sans h\u00e9sitation.<br>\n\t\t\t\tCalme<br>\n\t\t\t\tbuanderie rapport qualit\u00e9 prix raisonnable.<\/span><\/div>\r\n\t\t<\/li>\r\n\t\t<li class=\"rating-5 hidden\" data-index=\"12\">\r\n\t\t\t<span class=\"author-avatar\"><a href=\"https:\/\/www.google.com\/maps\/contrib\/108365228963697281625\/reviews\" target=\"_blank\" rel=\"nofollow\"><img decoding=\"async\" src=\"https:\/\/lh3.googleusercontent.com\/a\/AGNmyxZA6kFWPAOn1C1Hj2AzLGon3kgfX_VB1Sahgf0G=s128-c0x00000000-cc-rp-mo\" alt=\"Avatar\"><\/a><\/span>\r\n\t\t\t<span class=\"review-meta\">\r\n\t\t\t\t<span class=\"author-name\"><a href=\"https:\/\/www.google.com\/maps\/contrib\/108365228963697281625\/reviews\" target=\"_blank\" rel=\"nofollow\">Patricia Rabis<\/a><\/span>\r\n\t\t\t\t<span class=\"rating\">\u2605\u2605\u2605\u2605\u2605<\/span>\r\n\t\t\t\t<span class=\"relative-time-description\">10 months ago<\/span>\r\n\t\t\t<\/span>\r\n\t\t\t<div class=\"text text-excerpt\"><span class=\"review-snippet\">Camping familial calme avec multiples activit\u00e9s.. Mini golf, terrain foot basket, jeux gonflable, petit jeux ext\u00e9rieur enfants, piscine<\/span> <span class=\"review-more-placeholder\">\u2026 More<\/span><span class=\"review-full-text\"> chauff\u00e9e avec toboggans, ping-pong. Pr\u00eat de mat\u00e9riel pour jeux, jeux int\u00e9rieur, snack<br>\n\t\t\t\tLocation de barbecue si pas de restrictions<br>\n\t\t\t\tPetit b\u00e9mol, il serait bien de remplir le savon au niveau des toilettes<\/span><\/div>\r\n\t\t<\/li>\r\n\t\t<li class=\"rating-5 hidden\" data-index=\"13\">\r\n\t\t\t<span class=\"author-avatar\"><a href=\"https:\/\/www.google.com\/maps\/contrib\/108699429542151515200\" target=\"_blank\" rel=\"nofollow\"><img decoding=\"async\" src=\"https:\/\/lh3.googleusercontent.com\/a-\/ACB-R5Sy4dEJDDRfTAbw-0pRuPrS8Cn0J4GcrQfumx0GMxA=s128-c-c0x00000000-cc-rp-mo-ba3-br100\" alt=\"Avatar\"><\/a><\/span>\r\n\t\t\t<span class=\"review-meta\">\r\n\t\t\t\t<span class=\"author-name\"><a href=\"https:\/\/www.google.com\/maps\/contrib\/108699429542151515200\" target=\"_blank\" rel=\"nofollow\">Herv\u00e9 Blaise<\/a><\/span>\r\n\t\t\t\t<span class=\"rating\">\u2605\u2605\u2605\u2605\u2605<\/span>\r\n\t\t\t\t<span class=\"relative-time-description\">9 months ago<\/span>\r\n\t\t\t<\/span>\r\n\t\t\t<div class=\"text text-excerpt\"><span class=\"review-snippet\">De passage pour seulement 5 jours, nous reviendrons sans aucun soucis sur ce camping.L&#039;emplacement est vaste, nous avons un camping-car<\/span> <span class=\"review-more-placeholder\">\u2026 More<\/span><span class=\"review-full-text\"> de 7.25 m, et nous y sommes rentr\u00e9s sans probl\u00e8me.Pour un grand camping comme celui-ci, nous avons \u00e9t\u00e9 surpris par le silence la nuit.Le personnel \u00e0 l&#039;accueil est tr\u00e8s agr\u00e9able, serviable, souriant et bienveillant.Pour la piscine, je n&#039;ai mis que 6 car je trouve dommage qu&#039;il n&#039;y ait que des petits bassins.Nous avons \u00e9t\u00e9 enti\u00e8rement satisfait de notre s\u00e9jour.Autre point positif, le souci du tri s\u00e9lectif au niveau des d\u00e9chets, bravo pour ce geste ; il n&#039;est malheureusement pas toujours pris en compte.<\/span><\/div>\r\n\t\t<\/li>\r\n\t\t<li class=\"rating-5 hidden\" data-index=\"14\">\r\n\t\t\t<span class=\"author-avatar\"><a href=\"https:\/\/www.google.com\/maps\/contrib\/101973016633849730301\" target=\"_blank\" rel=\"nofollow\"><img decoding=\"async\" src=\"https:\/\/lh3.googleusercontent.com\/a\/AGNmyxbC2L6eb_ZbPYpnC3TKpR8pjSiIA_p8MCyOS9NB=s128-c-c0x00000000-cc-rp-mo-ba3-br100\" alt=\"Avatar\"><\/a><\/span>\r\n\t\t\t<span class=\"review-meta\">\r\n\t\t\t\t<span class=\"author-name\"><a href=\"https:\/\/www.google.com\/maps\/contrib\/101973016633849730301\" target=\"_blank\" rel=\"nofollow\">J\u00e9r\u00f4me Villatte<\/a><\/span>\r\n\t\t\t\t<span class=\"rating\">\u2605\u2605\u2605\u2605\u2605<\/span>\r\n\t\t\t\t<span class=\"relative-time-description\">10 months ago<\/span>\r\n\t\t\t<\/span>\r\n\t\t\t<div class=\"text text-excerpt\"><span class=\"review-snippet\">Bon camping de Brest, propre, bien am\u00e9nag\u00e9, personnel tr\u00e8s gentil \u00e0 l&#039;accueil et pr\u00eat \u00e0 vous renseigner.Belle piscine, bus \u00e0 500m permettant<\/span> <span class=\"review-more-placeholder\">\u2026 More<\/span><span class=\"review-full-text\"> d&#039;acc\u00e9der au centre de Brest bien pratique.Accepte toiles de tente !<\/span><\/div>\r\n\t\t<\/li>\r\n\t\t<li class=\"rating-5 hidden\" data-index=\"15\">\r\n\t\t\t<span class=\"author-avatar\"><a href=\"https:\/\/www.google.com\/maps\/contrib\/109999768528799866132\" target=\"_blank\" rel=\"nofollow\"><img decoding=\"async\" src=\"https:\/\/lh3.googleusercontent.com\/a\/AGNmyxacI2yhf0ZFUUTwQzmaaswTS5coDEIz1eUMZIY7=s128-c-c0x00000000-cc-rp-mo-br100\" alt=\"Avatar\"><\/a><\/span>\r\n\t\t\t<span class=\"review-meta\">\r\n\t\t\t\t<span class=\"author-name\"><a href=\"https:\/\/www.google.com\/maps\/contrib\/109999768528799866132\" target=\"_blank\" rel=\"nofollow\">vincent andrey<\/a><\/span>\r\n\t\t\t\t<span class=\"rating\">\u2605\u2605\u2605\u2605\u2605<\/span>\r\n\t\t\t\t<span class=\"relative-time-description\">11 months ago<\/span>\r\n\t\t\t<\/span>\r\n\t\t\t<div class=\"text text-excerpt\"><span class=\"review-snippet\">Super camping ! Personnel sympathique, souriant et donne de bons conseils touristiques ! M\u00e9rite amplement ses 4 \u00e9toiles contrairement \u00e0<\/span> <span class=\"review-more-placeholder\">\u2026 More<\/span><span class=\"review-full-text\"> beaucoup d\u2019autres 4 \u00e9toiles en Bretagne\u2026Ce camping est \u00e9galement bien situ\u00e9 pour visiter la ville de Brest si vous avec des v\u00e9los ou une voiture.Sanitaires propores (\u00e9galement adapt\u00e9s pour les familles ! Coin enfant au top et piscine bien entretenue !Je recommande fortement<\/span><\/div>\r\n\t\t<\/li>\r\n\t\t<li class=\"rating-5 hidden\" data-index=\"16\">\r\n\t\t\t<span class=\"author-avatar\"><a href=\"https:\/\/www.google.com\/maps\/contrib\/104030309425001656414\" target=\"_blank\" rel=\"nofollow\"><img decoding=\"async\" src=\"https:\/\/lh3.googleusercontent.com\/a\/AGNmyxbbqQrepbQdrcmZe20plrxnkLJujb3ixaQeUcaN=s128-c-c0x00000000-cc-rp-mo-br100\" alt=\"Avatar\"><\/a><\/span>\r\n\t\t\t<span class=\"review-meta\">\r\n\t\t\t\t<span class=\"author-name\"><a href=\"https:\/\/www.google.com\/maps\/contrib\/104030309425001656414\" target=\"_blank\" rel=\"nofollow\">laurence MEROUR<\/a><\/span>\r\n\t\t\t\t<span class=\"rating\">\u2605\u2605\u2605\u2605\u2605<\/span>\r\n\t\t\t\t<span class=\"relative-time-description\">a year ago<\/span>\r\n\t\t\t<\/span>\r\n\t\t\t<div class=\"text text-excerpt\"><span class=\"review-snippet\">s\u00e9jour en famille le s\u00e9jour s&#039;est bien pass\u00e9 dans un camping de taille correcte. nombreux emplacements (peu remplis en cette p\u00e9riode<\/span> <span class=\"review-more-placeholder\">\u2026 More<\/span><span class=\"review-full-text\"> calme)l&#039;acc\u00e8s pour aller \u00e0 brest est facile env 10mnle personnel d&#039;accueil est sympathique ; le mobil home est spacieux ; bonne id\u00e9e de garer la voiture \u00e0 sur les parkings \u00e0 cot\u00e9 permettant de profiter de tout l&#039;espace de l&#039;emplacementpenser \u00e0 remplacer les parasols usag\u00e9s (celui du n\u00b041 est inutilisable)les doubles terrasses sont appr\u00e9ciables avec les portes coulissantes ,b\u00e9mol sur :- la proximit\u00e9 avec les arbres am\u00e8nent beaucoup de fleurs ou feuilles sur les habits expos\u00e9s sur les s\u00e8che serviettes- rev\u00eatement de la piscine en cailloux peu agr\u00e9able- la t\u00e9l\u00e9vision bug et la r\u00e9ception est mauvaise avec quelques chainesnous n&#039;avons pas eu le temps de d\u00e9couvrir le chemin qui m\u00e8ne \u00e0 la mer.nous reviendrons en tout cas.<\/span><\/div>\r\n\t\t<\/li>\r\n\t\t<li class=\"rating-4 hidden\" data-index=\"17\">\r\n\t\t\t<span class=\"author-avatar\"><a href=\"https:\/\/www.google.com\/maps\/contrib\/105763382625537121309\" target=\"_blank\" rel=\"nofollow\"><img decoding=\"async\" src=\"https:\/\/lh3.googleusercontent.com\/a-\/ACB-R5RPQXWTPoFa54bnNz7_jgipdnpRM9g7mKYEt7ByzA=s128-c-c0x00000000-cc-rp-mo-br100\" alt=\"Avatar\"><\/a><\/span>\r\n\t\t\t<span class=\"review-meta\">\r\n\t\t\t\t<span class=\"author-name\"><a href=\"https:\/\/www.google.com\/maps\/contrib\/105763382625537121309\" target=\"_blank\" rel=\"nofollow\">domi lavenant<\/a><\/span>\r\n\t\t\t\t<span class=\"rating\">\u2605\u2605\u2605\u2605<span class=\"not\">\u2606<\/span><\/span>\r\n\t\t\t\t<span class=\"relative-time-description\">9 months ago<\/span>\r\n\t\t\t<\/span>\r\n\t\t\t<div class=\"text text-excerpt\"><span class=\"review-snippet\">Pour les ti enfants Agr\u00e9able semaine \u00e0 tout point de vueJeune animateur impliqu\u00e9 proposant des animations de qualit\u00e9 pour tousPersonnel<\/span> <span class=\"review-more-placeholder\">\u2026 More<\/span><span class=\"review-full-text\"> disponible et \u00e0 l&#039;\u00e9couteDe plus camping calme, bien pour les papi et mamieOn reviendra<\/span><\/div>\r\n\t\t<\/li>\r\n\t\t<li class=\"rating-5 hidden\" data-index=\"18\">\r\n\t\t\t<span class=\"author-avatar\"><a href=\"https:\/\/www.google.com\/maps\/contrib\/108567085329383444352\" target=\"_blank\" rel=\"nofollow\"><img decoding=\"async\" src=\"https:\/\/lh3.googleusercontent.com\/a-\/ACB-R5QxjeOynJWux8a2-m9kJabrQxLCaD1O-KZwwoYtAA=s128-c-c0x00000000-cc-rp-mo-br100\" alt=\"Avatar\"><\/a><\/span>\r\n\t\t\t<span class=\"review-meta\">\r\n\t\t\t\t<span class=\"author-name\"><a href=\"https:\/\/www.google.com\/maps\/contrib\/108567085329383444352\" target=\"_blank\" rel=\"nofollow\">mikael sauvage<\/a><\/span>\r\n\t\t\t\t<span class=\"rating\">\u2605\u2605\u2605\u2605\u2605<\/span>\r\n\t\t\t\t<span class=\"relative-time-description\">10 months ago<\/span>\r\n\t\t\t<\/span>\r\n\t\t\t<div class=\"text text-excerpt\"><span class=\"review-snippet\">Superbe camping \u00e0 la hauteur du nombre d\u2019\u00e9toiles dont il b\u00e9n\u00e9ficie.\u00c9quipe au top et dynamique qui a le soucis de faire passer de tr\u00e8s bonnes<\/span> <span class=\"review-more-placeholder\">\u2026 More<\/span><span class=\"review-full-text\"> vacances \u00e0 ses visiteurs.Bravo !!<\/span><\/div>\r\n\t\t<\/li>\r\n\t\t<li class=\"rating-4 hidden\" data-index=\"19\">\r\n\t\t\t<span class=\"author-avatar\"><a href=\"https:\/\/www.google.com\/maps\/contrib\/112451285437328778275\" target=\"_blank\" rel=\"nofollow\"><img decoding=\"async\" src=\"https:\/\/lh3.googleusercontent.com\/a-\/ACB-R5SyKBqQzX6I-L5ofZiYx5__KzefZet_p33Z0JLNgA=s128-c-c0x00000000-cc-rp-mo-br100\" alt=\"Avatar\"><\/a><\/span>\r\n\t\t\t<span class=\"review-meta\">\r\n\t\t\t\t<span class=\"author-name\"><a href=\"https:\/\/www.google.com\/maps\/contrib\/112451285437328778275\" target=\"_blank\" rel=\"nofollow\">Harmony Vandevelle<\/a><\/span>\r\n\t\t\t\t<span class=\"rating\">\u2605\u2605\u2605\u2605<span class=\"not\">\u2606<\/span><\/span>\r\n\t\t\t\t<span class=\"relative-time-description\">a year ago<\/span>\r\n\t\t\t<\/span>\r\n\t\t\t<div class=\"text text-excerpt\"><span class=\"review-snippet\">Camping sympathique et convivial pour vacances tranquilles Personnel tr\u00e8s accueillant et arrangeant, mais il faudrait revoir la qualit\u00e9<\/span> <span class=\"review-more-placeholder\">\u2026 More<\/span><span class=\"review-full-text\"> des acc\u00e8s aux mobil homes, les marches plus que douteuse du mobil-home  \u00e0 l&#039;emplacement 41 m&#039;ont caus\u00e9 une belle entorse de la cheville... J&#039;esp\u00e8re pour les clients suivants que cela sera r\u00e9par\u00e9 correctement.Sinon le s\u00e9jour s&#039;est bien d\u00e9roul\u00e9, le personnel est disponible et chaleureux, l&#039;espace piscine est bien entretenu.<\/span><\/div>\r\n\t\t<\/li>\r\n\t<\/ul>\r\n\t<ul class=\"navigation\">\t\t<li class=\"bullet current\"><a href=\"#google-business-reviews-rating\" data-slide=\"1\">\u25cf<\/a><\/li>\t\t<li class=\"bullet\"><a href=\"#google-business-reviews-rating\" data-slide=\"2\">\u25cf<\/a><\/li>\t\t<li class=\"bullet\"><a href=\"#google-business-reviews-rating\" data-slide=\"3\">\u25cf<\/a><\/li>\t\t<li class=\"bullet\"><a href=\"#google-business-reviews-rating\" data-slide=\"4\">\u25cf<\/a><\/li>\t\t<li class=\"bullet\"><a href=\"#google-business-reviews-rating\" data-slide=\"5\">\u25cf<\/a><\/li>\t\t<li class=\"bullet\"><a href=\"#google-business-reviews-rating\" data-slide=\"6\">\u25cf<\/a><\/li>\t\t<li class=\"bullet\"><a href=\"#google-business-reviews-rating\" data-slide=\"7\">\u25cf<\/a><\/li>\t<\/ul>\t<p class=\"attribution\"><span class=\"powered-by-google\" title=\"Powered by Google\"><\/span><\/p>\r\n<\/div>\r\n[\/et_pb_code][et_pb_code _builder_version=\u00bb4.17.4&#8243; _module_preset=\u00bbdefault\u00bb positioning=\u00bbabsolute\u00bb position_origin_a=\u00bbtop_right\u00bb position_origin_a_tablet=\u00bbtop_right\u00bb position_origin_a_phone=\u00bbtop_right\u00bb position_origin_a_last_edited=\u00bbon|desktop\u00bb position_origin_f_tablet=\u00bb\u00bb position_origin_f_phone=\u00bb\u00bb position_origin_f_last_edited=\u00bbon|desktop\u00bb position_origin_r_tablet=\u00bb\u00bb position_origin_r_phone=\u00bb\u00bb position_origin_r_last_edited=\u00bbon|desktop\u00bb text_orientation=\u00bbright\u00bb width=\u00bb100%\u00bb positioning_tablet=\u00bbabsolute\u00bb positioning_phone=\u00bbnone\u00bb positioning_last_edited=\u00bbon|phone\u00bb text_orientation_tablet=\u00bbright\u00bb text_orientation_phone=\u00bbcenter\u00bb text_orientation_last_edited=\u00bbon|phone\u00bb global_colors_info=\u00bb{}\u00bb]<a href=\"#\" onclick=\"window.open('https:\/\/wire.guest-suite.com\/review\/widget\/6KKM9f7Sqx4izghW\/13838?fontColor=eba53c&amp;borderColor=1d2326&amp;bgColor=%23eba53c&amp;pageSize=200', 'guestapp-share-dialog', 'width=400,height=500'); return false;\"><img decoding=\"async\" src=\"https:\/\/guestapp.me\/bundles\/guestapp\/img\/share.png\"><\/a><!-- [et_pb_line_break_holder] -->[\/et_pb_code][\/et_pb_column][\/et_pb_row][\/et_pb_section][et_pb_section fb_built=\u00bb1&#8243; _builder_version=\u00bb4.27.4&#8243; _module_preset=\u00bbdefault\u00bb custom_margin=\u00bb0px||||false|false\u00bb global_colors_info=\u00bb{}\u00bb][et_pb_row _builder_version=\u00bb4.17.4&#8243; _module_preset=\u00bbdefault\u00bb global_colors_info=\u00bb{}\u00bb][et_pb_column type=\u00bb4_4&#8243; _builder_version=\u00bb4.17.4&#8243; _module_preset=\u00bbdefault\u00bb global_colors_info=\u00bb{}\u00bb][et_pb_text _builder_version=\u00bb4.27.4&#8243; _module_preset=\u00bbdefault\u00bb text_font=\u00bb|700|||||||\u00bb text_text_color=\u00bb#EBA53C\u00bb header_3_text_color=\u00bb#505050&#8243; global_colors_info=\u00bb{}\u00bb]<\/p>\n<p style=\"text-align: center;\"><strong>INFO<\/strong><\/p>\n<h3 style=\"text-align: center;\"><strong><img decoding=\"async\" src=\"https:\/\/www.campingdugoulet.fr\/wp-content\/uploads\/treskell-gris-titre.svg\" style=\"width: 15px; margin: 10px;\">Nuestras noticias<\/strong><img decoding=\"async\" src=\"https:\/\/www.campingdugoulet.fr\/wp-content\/uploads\/treskell-gris-titre.svg\" style=\"width: 15px; margin: 10px;\"><\/h3>\n<p>[\/et_pb_text][et_pb_code _builder_version=\u00bb4.27.4&#8243; _module_preset=\u00bbdefault\u00bb global_colors_info=\u00bb{}\u00bb]<script><!-- [et_pb_line_break_holder] -->document.addEventListener(\"DOMContentLoaded\", function () {<!-- [et_pb_line_break_holder] -->    \/\/ Masquer tous les onglets sauf tab-1 au chargement de la page<!-- [et_pb_line_break_holder] -->    document.getElementById(\"tab-1\").style.display = \"block\";<!-- [et_pb_line_break_holder] -->    document.getElementById(\"tab-2\").style.display = \"none\";<!-- [et_pb_line_break_holder] -->    document.getElementById(\"tab-3\").style.display = \"none\";<!-- [et_pb_line_break_holder] -->    <!-- [et_pb_line_break_holder] -->    document.getElementById(\"tab-1-toggle\").classList.add(\"active-toggle\");<!-- [et_pb_line_break_holder] --><!-- [et_pb_line_break_holder] -->    function showTab(tabId, toggleId) {<!-- [et_pb_line_break_holder] -->        document.getElementById(\"tab-1\").style.display = \"none\";<!-- [et_pb_line_break_holder] -->        document.getElementById(\"tab-2\").style.display = \"none\";<!-- [et_pb_line_break_holder] -->        document.getElementById(\"tab-3\").style.display = \"none\";<!-- [et_pb_line_break_holder] -->        <!-- [et_pb_line_break_holder] -->        document.getElementById(\"tab-1-toggle\").classList.remove(\"active-toggle\");<!-- [et_pb_line_break_holder] -->        document.getElementById(\"tab-2-toggle\").classList.remove(\"active-toggle\");<!-- [et_pb_line_break_holder] -->        document.getElementById(\"tab-3-toggle\").classList.remove(\"active-toggle\");<!-- [et_pb_line_break_holder] --><!-- [et_pb_line_break_holder] -->        document.getElementById(tabId).style.display = \"block\";<!-- [et_pb_line_break_holder] -->        document.getElementById(toggleId).classList.add(\"active-toggle\");<!-- [et_pb_line_break_holder] -->    }<!-- [et_pb_line_break_holder] --><!-- [et_pb_line_break_holder] -->    document.getElementById(\"tab-1-toggle\").addEventListener(\"click\", function () {<!-- [et_pb_line_break_holder] -->        showTab(\"tab-1\", \"tab-1-toggle\");<!-- [et_pb_line_break_holder] -->    });<!-- [et_pb_line_break_holder] -->    <!-- [et_pb_line_break_holder] -->    document.getElementById(\"tab-2-toggle\").addEventListener(\"click\", function () {<!-- [et_pb_line_break_holder] -->        showTab(\"tab-2\", \"tab-2-toggle\");<!-- [et_pb_line_break_holder] -->    });<!-- [et_pb_line_break_holder] -->    <!-- [et_pb_line_break_holder] -->    document.getElementById(\"tab-3-toggle\").addEventListener(\"click\", function () {<!-- [et_pb_line_break_holder] -->        showTab(\"tab-3\", \"tab-3-toggle\");<!-- [et_pb_line_break_holder] -->    });<!-- [et_pb_line_break_holder] -->});<!-- [et_pb_line_break_holder] --><!-- [et_pb_line_break_holder] --><\/script>[\/et_pb_code][et_pb_code _builder_version=\u00bb4.27.4&#8243; _module_preset=\u00bbdefault\u00bb global_colors_info=\u00bb{}\u00bb]<!-- Gridbuilder \u1d42\u1d3e Plugin (https:\/\/wpgridbuilder.com) -->\n<div class=\"wp-grid-builder wpgb-grid-1\" data-options=\"{&quot;id&quot;:1,&quot;type&quot;:&quot;metro&quot;,&quot;source&quot;:&quot;post_type&quot;,&quot;loader&quot;:false,&quot;layout&quot;:&quot;vertical&quot;,&quot;reveal&quot;:0,&quot;isMainQuery&quot;:0,&quot;lazyLoad&quot;:false,&quot;cardSizes&quot;:{&quot;9999&quot;:{&quot;columns&quot;:3,&quot;height&quot;:240,&quot;gutter&quot;:80,&quot;ratio&quot;:&quot;1.33333&quot;},&quot;1200&quot;:{&quot;columns&quot;:3,&quot;height&quot;:240,&quot;gutter&quot;:80,&quot;ratio&quot;:&quot;1.33333&quot;},&quot;992&quot;:{&quot;columns&quot;:2,&quot;height&quot;:220,&quot;gutter&quot;:80,&quot;ratio&quot;:&quot;1.33333&quot;},&quot;768&quot;:{&quot;columns&quot;:2,&quot;height&quot;:220,&quot;gutter&quot;:80,&quot;ratio&quot;:&quot;1.33333&quot;},&quot;576&quot;:{&quot;columns&quot;:1,&quot;height&quot;:200,&quot;gutter&quot;:80,&quot;ratio&quot;:&quot;1.33333&quot;},&quot;320&quot;:{&quot;columns&quot;:1,&quot;height&quot;:200,&quot;gutter&quot;:80,&quot;ratio&quot;:&quot;1.33333&quot;}},&quot;fitRows&quot;:0,&quot;equalRows&quot;:0,&quot;equalColumns&quot;:0,&quot;fillLastRow&quot;:0,&quot;centerLastRow&quot;:0,&quot;horizontalOrder&quot;:0,&quot;fullWidth&quot;:false,&quot;transitionDelay&quot;:100,&quot;gallerySlideshow&quot;:false,&quot;rowsNumber&quot;:1,&quot;slideAlign&quot;:&quot;left&quot;,&quot;groupCells&quot;:1,&quot;draggable&quot;:true,&quot;initialIndex&quot;:0,&quot;contain&quot;:false,&quot;freeScroll&quot;:false,&quot;freeFriction&quot;:&quot;0.075&quot;,&quot;friction&quot;:&quot;0.285&quot;,&quot;attraction&quot;:&quot;0.025&quot;,&quot;autoPlay&quot;:0,&quot;pageDotAriaLabel&quot;:&quot;Page dot %d&quot;,&quot;isPreview&quot;:false,&quot;isGutenberg&quot;:false,&quot;rightToLeft&quot;:false}\"><div class=\"wpgb-svg-icons\" hidden>\n\t<svg viewBox=\"0 0 120 24\" width=\"0\" height=\"0\">\n\t<defs>\n        <polygon id=\"wpgb-star-svg\" points=\"12 2.5 15.1 8.8 22 9.8 17 14.6 18.2 21.5 12 18.3 5.8 21.5 7 14.6 2 9.8 8.9 8.8\"><\/polygon>\n    <\/defs>\n    <symbol id=\"wpgb-rating-stars-svg\">\n        <use xlink:href=\"#wpgb-star-svg\"><\/use>\n        <use xlink:href=\"#wpgb-star-svg\" x=\"24\"><\/use>\n        <use xlink:href=\"#wpgb-star-svg\" x=\"48\"><\/use>\n        <use xlink:href=\"#wpgb-star-svg\" x=\"72\"><\/use>\n        <use xlink:href=\"#wpgb-star-svg\" x=\"96\"><\/use>\n    <\/symbol>\n<\/svg>\n<\/div>\n<div class=\"wpgb-wrapper\">\n\t<div class=\"wpgb-main\">\n\t<div class=\"wpgb-layout\">\n\t<div class=\"wpgb-viewport\">\n\t\t<div class=\"wpgb-metro\">\n\t\t\t<article class=\"wpgb-card wpgb-card-1 wpgb-post-12673\" data-col=\"1\" data-row=\"1\" data-format=\"standard\" data-nothumb><div class=\"wpgb-card-wrapper\"><div class=\"wpgb-card-inner\" data-action><div class=\"wpgb-card-media wpgb-scheme-light\"><div class=\"wpgb-card-media-overlay\"><\/div><div class=\"wpgb-card-media-content\"><div class=\"wpgb-card-media-content-bottom\"><h3 class=\"wpgb-block-2\"><a href=\"https:\/\/www.campingdugoulet.fr\/es\/y-si-tus-mejores-recuerdos-de-vacaciones-los-pasaras-en-el-camping-du-goulet\/\">\u00bfY si tus mejores recuerdos de vacaciones los pasaras en el Camping du Goulet?<\/a><\/h3><\/div><\/div><\/div><a class=\"wpgb-card-layer-link\" href=\"https:\/\/www.campingdugoulet.fr\/es\/y-si-tus-mejores-recuerdos-de-vacaciones-los-pasaras-en-el-camping-du-goulet\/\"><\/a><\/div><\/div><\/article><article class=\"wpgb-card wpgb-card-1 wpgb-post-8142\" data-col=\"1\" data-row=\"1\" data-format=\"standard\"><div class=\"wpgb-card-wrapper\"><div class=\"wpgb-card-inner\" data-action><div class=\"wpgb-card-media wpgb-scheme-light\"><div class=\"wpgb-card-media-thumbnail\"><a href=\"https:\/\/www.campingdugoulet.fr\/wp-content\/uploads\/articles-camping-du-goulet-avril-2025-1.png\" tabindex=\"-1\" class=\"wpgb-handle-lb wpgb-lightbox\" data-type=\"image\" data-rel=\"1\" data-title=\"articles camping du goulet avril 2025 (1)\" title=\"Enlarge photo\"><div style=\"background-image:url(https:\/\/www.campingdugoulet.fr\/wp-content\/uploads\/articles-camping-du-goulet-avril-2025-1.png)\"><\/div><noscript><img loading=\"lazy\" decoding=\"async\" class=\"wpgb-noscript-img\" src=\"https:\/\/www.campingdugoulet.fr\/wp-content\/uploads\/articles-camping-du-goulet-avril-2025-1.png\" alt=\"\" height=\"225\" width=\"225\"><\/noscript><\/a><\/div><div class=\"wpgb-card-media-overlay\"><\/div><div class=\"wpgb-card-media-content\"><div class=\"wpgb-card-media-content-bottom\"><h3 class=\"wpgb-block-2\"><a href=\"https:\/\/www.campingdugoulet.fr\/es\/alojate-en-el-camping-du-goulet-para-el-torneo-nacional-asptt-brest-2025-sub9-sub11-sub13\/\">\u00a1Al\u00f3jate en el Camping du Goulet para el Torneo Nacional ASPTT Brest 2025 Sub9, Sub11, Sub13!<\/a><\/h3><\/div><\/div><\/div><a class=\"wpgb-card-layer-link\" href=\"https:\/\/www.campingdugoulet.fr\/es\/alojate-en-el-camping-du-goulet-para-el-torneo-nacional-asptt-brest-2025-sub9-sub11-sub13\/\"><\/a><\/div><\/div><\/article><article class=\"wpgb-card wpgb-card-1 wpgb-post-8148\" data-col=\"1\" data-row=\"1\" data-format=\"standard\"><div class=\"wpgb-card-wrapper\"><div class=\"wpgb-card-inner\" data-action><div class=\"wpgb-card-media wpgb-scheme-light\"><div class=\"wpgb-card-media-thumbnail\"><a href=\"https:\/\/www.campingdugoulet.fr\/wp-content\/uploads\/articles-camping-du-goulet-avril-2025-2.jpg\" tabindex=\"-1\" class=\"wpgb-handle-lb wpgb-lightbox\" data-type=\"image\" data-rel=\"1\" data-title=\"articles camping du goulet avril 2025 (2)\" title=\"Enlarge photo\"><div style=\"background-image:url(https:\/\/www.campingdugoulet.fr\/wp-content\/uploads\/articles-camping-du-goulet-avril-2025-2-768x512.jpg)\"><\/div><noscript><img loading=\"lazy\" decoding=\"async\" class=\"wpgb-noscript-img\" src=\"https:\/\/www.campingdugoulet.fr\/wp-content\/uploads\/articles-camping-du-goulet-avril-2025-2-768x512.jpg\" alt=\"\" height=\"512\" width=\"768\"><\/noscript><\/a><\/div><div class=\"wpgb-card-media-overlay\"><\/div><div class=\"wpgb-card-media-content\"><div class=\"wpgb-card-media-content-bottom\"><h3 class=\"wpgb-block-2\"><a href=\"https:\/\/www.campingdugoulet.fr\/es\/alojate-en-el-camping-du-goulet-para-el-festival-darmor-2025-en-plougonvelin\/\">\u00a1Al\u00f3jate en el Camping du Goulet para el Festival d&#8217;Armor en Plougonvelin!<\/a><\/h3><\/div><\/div><\/div><a class=\"wpgb-card-layer-link\" href=\"https:\/\/www.campingdugoulet.fr\/es\/alojate-en-el-camping-du-goulet-para-el-festival-darmor-2025-en-plougonvelin\/\"><\/a><\/div><\/div><\/article>\t\t<\/div>\n\t<\/div>\n\t<\/div>\n\t<\/div>\n\t\t<\/div>\n<\/div>\n[\/et_pb_code][et_pb_button button_url=\u00bb@ET-DC@eyJkeW5hbWljIjp0cnVlLCJjb250ZW50IjoicG9zdF9saW5rX3VybF9wYWdlIiwic2V0dGluZ3MiOnsicG9zdF9pZCI6IjY0OSJ9fQ==@\u00bb button_text=\u00bbTodas las noticias\u00bb button_alignment=\u00bbcenter\u00bb _builder_version=\u00bb4.17.4&#8243; _dynamic_attributes=\u00bbbutton_url\u00bb _module_preset=\u00bbdefault\u00bb custom_button=\u00bbon\u00bb button_text_size=\u00bb15px\u00bb button_text_color=\u00bb#FFFFFF\u00bb button_bg_color=\u00bb#3B86C3&#8243; button_border_width=\u00bb2px\u00bb button_border_color=\u00bb#3B86C3&#8243; button_border_radius=\u00bb10px\u00bb button_font=\u00bb|700||on|||||\u00bb custom_margin=\u00bb74px|||||\u00bb custom_padding=\u00bb10px||10px||true|false\u00bb global_colors_info=\u00bb{}\u00bb][\/et_pb_button][\/et_pb_column][\/et_pb_row][\/et_pb_section]<\/p>\n","protected":false},"excerpt":{"rendered":"<p>[et_pb_section fb_built=\u00bb1&#8243; _builder_version=\u00bb4.17.4&#8243; _module_preset=\u00bbdefault\u00bb background_image=\u00bbhttps:\/\/www.campingdugoulet.fr\/wp-content\/uploads\/camping-goulet-header-home.jpg\u00bb positioning=\u00bbabsolute\u00bb position_origin_a=\u00bbtop_center\u00bb custom_padding=\u00bb0px||0px||false|false\u00bb global_colors_info=\u00bb{}\u00bb][et_pb_row _builder_version=\u00bb4.17.4&#8243; _module_preset=\u00bbdefault\u00bb width=\u00bb100%\u00bb max_width=\u00bb2560px\u00bb custom_padding=\u00bb0px||0px||false|false\u00bb global_colors_info=\u00bb{}\u00bb][et_pb_column type=\u00bb4_4&#8243; _builder_version=\u00bb4.17.4&#8243; _module_preset=\u00bbdefault\u00bb global_colors_info=\u00bb{}\u00bb][et_pb_text _builder_version=\u00bb4.17.4&#8243; _module_preset=\u00bbdefault\u00bb global_colors_info=\u00bb{}\u00bb] [\/et_pb_text][\/et_pb_column][\/et_pb_row][\/et_pb_section][et_pb_section fb_built=\u00bb1&#8243; _builder_version=\u00bb4.27.4&#8243; _module_preset=\u00bbdefault\u00bb background_color=\u00bbrgba(0,0,0,0.4)\u00bb background_enable_image=\u00bboff\u00bb background_blend=\u00bbdarken\u00bb z_index=\u00bb500&#8243; height=\u00bb100vh\u00bb global_colors_info=\u00bb{}\u00bb][et_pb_row _builder_version=\u00bb4.27.4&#8243; _module_preset=\u00bbdefault\u00bb positioning=\u00bbabsolute\u00bb position_origin_a=\u00bbcenter_center\u00bb z_index=\u00bb192&#8243; width=\u00bb100%\u00bb width_tablet=\u00bb100%\u00bb width_phone=\u00bb90%\u00bb width_last_edited=\u00bbon|phone\u00bb max_width=\u00bb1248px\u00bb global_colors_info=\u00bb{}\u00bb][et_pb_column type=\u00bb4_4&#8243; _builder_version=\u00bb4.17.4&#8243; _module_preset=\u00bbdefault\u00bb global_colors_info=\u00bb{}\u00bb][et_pb_image src=\u00bbhttps:\/\/www.campingdugoulet.fr\/wp-content\/uploads\/\/camping-goulet-badge-zero-dechet.svg\u00bb alt=\u00bbcamping goulet distintivo residuos cero\u00bb title_text=\u00bbcamping goulet [&hellip;]<\/p>\n","protected":false},"author":2,"featured_media":8906,"parent":0,"menu_order":0,"comment_status":"closed","ping_status":"closed","template":"","meta":{"_acf_changed":false,"_et_pb_use_builder":"on","_et_pb_old_content":"","_et_gb_content_width":"","inline_featured_image":false,"footnotes":""},"categories":[],"class_list":["post-7158","page","type-page","status-publish","has-post-thumbnail","hentry"],"acf":[],"yoast_head":"<!-- This site is optimized with the Yoast SEO plugin v27.3 - https:\/\/yoast.com\/product\/yoast-seo-wordpress\/ -->\n<title>Camping du Goulet | Brest - Mar, Piscina y Naturaleza<\/title>\n<meta name=\"description\" content=\"Camping du Goulet en Brest: a 500 m del mar, piscina cubierta climatizada y naturaleza virgen para unas relajantes vacaciones en familia\" \/>\n<meta name=\"robots\" content=\"index, follow, max-snippet:-1, max-image-preview:large, max-video-preview:-1\" \/>\n<link rel=\"canonical\" href=\"https:\/\/www.campingdugoulet.fr\/es\/\" \/>\n<meta property=\"og:locale\" content=\"es_ES\" \/>\n<meta property=\"og:type\" content=\"article\" \/>\n<meta property=\"og:title\" content=\"Camping du Goulet | Brest - Mar, Piscina y Naturaleza\" \/>\n<meta property=\"og:description\" content=\"Camping du Goulet en Brest: a 500 m del mar, piscina cubierta climatizada y naturaleza virgen para unas relajantes vacaciones en familia\" \/>\n<meta property=\"og:url\" content=\"https:\/\/www.campingdugoulet.fr\/es\/\" \/>\n<meta property=\"og:site_name\" content=\"Camping du Goulet\" \/>\n<meta property=\"article:publisher\" content=\"https:\/\/fr-fr.facebook.com\/camping.bretagne.goulet\" \/>\n<meta property=\"article:modified_time\" content=\"2026-03-10T09:16:37+00:00\" \/>\n<meta property=\"og:image\" content=\"https:\/\/www.campingdugoulet.fr\/wp-content\/uploads\/piscine-exterieure-camping-goulet-1.jpg\" \/>\n\t<meta property=\"og:image:width\" content=\"1000\" \/>\n\t<meta property=\"og:image:height\" content=\"750\" \/>\n\t<meta property=\"og:image:type\" content=\"image\/jpeg\" \/>\n<meta name=\"twitter:card\" content=\"summary_large_image\" \/>\n<meta name=\"twitter:label1\" content=\"Tiempo de lectura\" \/>\n\t<meta name=\"twitter:data1\" content=\"37 minutos\" \/>\n<script type=\"application\/ld+json\" class=\"yoast-schema-graph\">{\"@context\":\"https:\\\/\\\/schema.org\",\"@graph\":[{\"@type\":\"WebPage\",\"@id\":\"https:\\\/\\\/www.campingdugoulet.fr\\\/es\\\/\",\"url\":\"https:\\\/\\\/www.campingdugoulet.fr\\\/es\\\/\",\"name\":\"Camping du Goulet | Brest - Mar, Piscina y Naturaleza\",\"isPartOf\":{\"@id\":\"https:\\\/\\\/www.campingdugoulet.fr\\\/es\\\/#website\"},\"primaryImageOfPage\":{\"@id\":\"https:\\\/\\\/www.campingdugoulet.fr\\\/es\\\/#primaryimage\"},\"image\":{\"@id\":\"https:\\\/\\\/www.campingdugoulet.fr\\\/es\\\/#primaryimage\"},\"thumbnailUrl\":\"https:\\\/\\\/www.campingdugoulet.fr\\\/wp-content\\\/uploads\\\/piscine-exterieure-camping-goulet-1.jpg\",\"datePublished\":\"2025-03-12T11:21:51+00:00\",\"dateModified\":\"2026-03-10T09:16:37+00:00\",\"description\":\"Camping du Goulet en Brest: a 500 m del mar, piscina cubierta climatizada y naturaleza virgen para unas relajantes vacaciones en familia\",\"breadcrumb\":{\"@id\":\"https:\\\/\\\/www.campingdugoulet.fr\\\/es\\\/#breadcrumb\"},\"inLanguage\":\"es\",\"potentialAction\":[{\"@type\":\"ReadAction\",\"target\":[\"https:\\\/\\\/www.campingdugoulet.fr\\\/es\\\/\"]}]},{\"@type\":\"ImageObject\",\"inLanguage\":\"es\",\"@id\":\"https:\\\/\\\/www.campingdugoulet.fr\\\/es\\\/#primaryimage\",\"url\":\"https:\\\/\\\/www.campingdugoulet.fr\\\/wp-content\\\/uploads\\\/piscine-exterieure-camping-goulet-1.jpg\",\"contentUrl\":\"https:\\\/\\\/www.campingdugoulet.fr\\\/wp-content\\\/uploads\\\/piscine-exterieure-camping-goulet-1.jpg\",\"width\":1000,\"height\":750},{\"@type\":\"BreadcrumbList\",\"@id\":\"https:\\\/\\\/www.campingdugoulet.fr\\\/es\\\/#breadcrumb\",\"itemListElement\":[{\"@type\":\"ListItem\",\"position\":1,\"name\":\"Accueil\",\"item\":\"https:\\\/\\\/www.campingdugoulet.fr\\\/es\\\/inicio-nuevo\\\/\"},{\"@type\":\"ListItem\",\"position\":2,\"name\":\"Inicio\"}]},{\"@type\":\"WebSite\",\"@id\":\"https:\\\/\\\/www.campingdugoulet.fr\\\/es\\\/#website\",\"url\":\"https:\\\/\\\/www.campingdugoulet.fr\\\/es\\\/\",\"name\":\"Camping du Goulet\",\"description\":\"Camping 4 \u00e9toiles \u00e0 Brest, \u00e0 la pointe du Finist\u00e8re\",\"publisher\":{\"@id\":\"https:\\\/\\\/www.campingdugoulet.fr\\\/es\\\/#organization\"},\"potentialAction\":[{\"@type\":\"SearchAction\",\"target\":{\"@type\":\"EntryPoint\",\"urlTemplate\":\"https:\\\/\\\/www.campingdugoulet.fr\\\/es\\\/?s={search_term_string}\"},\"query-input\":{\"@type\":\"PropertyValueSpecification\",\"valueRequired\":true,\"valueName\":\"search_term_string\"}}],\"inLanguage\":\"es\"},{\"@type\":\"Organization\",\"@id\":\"https:\\\/\\\/www.campingdugoulet.fr\\\/es\\\/#organization\",\"name\":\"Camping Du Goulet\",\"url\":\"https:\\\/\\\/www.campingdugoulet.fr\\\/es\\\/\",\"logo\":{\"@type\":\"ImageObject\",\"inLanguage\":\"es\",\"@id\":\"https:\\\/\\\/www.campingdugoulet.fr\\\/es\\\/#\\\/schema\\\/logo\\\/image\\\/\",\"url\":\"https:\\\/\\\/www.campingdugoulet.fr\\\/wp-content\\\/uploads\\\/camping-finistere.png\",\"contentUrl\":\"https:\\\/\\\/www.campingdugoulet.fr\\\/wp-content\\\/uploads\\\/camping-finistere.png\",\"width\":190,\"height\":100,\"caption\":\"Camping Du Goulet\"},\"image\":{\"@id\":\"https:\\\/\\\/www.campingdugoulet.fr\\\/es\\\/#\\\/schema\\\/logo\\\/image\\\/\"},\"sameAs\":[\"https:\\\/\\\/fr-fr.facebook.com\\\/camping.bretagne.goulet\",\"https:\\\/\\\/www.instagram.com\\\/campingdugoulet\\\/?hl=fr\"]}]}<\/script>\n<!-- \/ Yoast SEO plugin. -->","yoast_head_json":{"title":"Camping du Goulet | Brest - Mar, Piscina y Naturaleza","description":"Camping du Goulet en Brest: a 500 m del mar, piscina cubierta climatizada y naturaleza virgen para unas relajantes vacaciones en familia","robots":{"index":"index","follow":"follow","max-snippet":"max-snippet:-1","max-image-preview":"max-image-preview:large","max-video-preview":"max-video-preview:-1"},"canonical":"https:\/\/www.campingdugoulet.fr\/es\/","og_locale":"es_ES","og_type":"article","og_title":"Camping du Goulet | Brest - Mar, Piscina y Naturaleza","og_description":"Camping du Goulet en Brest: a 500 m del mar, piscina cubierta climatizada y naturaleza virgen para unas relajantes vacaciones en familia","og_url":"https:\/\/www.campingdugoulet.fr\/es\/","og_site_name":"Camping du Goulet","article_publisher":"https:\/\/fr-fr.facebook.com\/camping.bretagne.goulet","article_modified_time":"2026-03-10T09:16:37+00:00","og_image":[{"width":1000,"height":750,"url":"https:\/\/www.campingdugoulet.fr\/wp-content\/uploads\/piscine-exterieure-camping-goulet-1.jpg","type":"image\/jpeg"}],"twitter_card":"summary_large_image","twitter_misc":{"Tiempo de lectura":"37 minutos"},"schema":{"@context":"https:\/\/schema.org","@graph":[{"@type":"WebPage","@id":"https:\/\/www.campingdugoulet.fr\/es\/","url":"https:\/\/www.campingdugoulet.fr\/es\/","name":"Camping du Goulet | Brest - Mar, Piscina y Naturaleza","isPartOf":{"@id":"https:\/\/www.campingdugoulet.fr\/es\/#website"},"primaryImageOfPage":{"@id":"https:\/\/www.campingdugoulet.fr\/es\/#primaryimage"},"image":{"@id":"https:\/\/www.campingdugoulet.fr\/es\/#primaryimage"},"thumbnailUrl":"https:\/\/www.campingdugoulet.fr\/wp-content\/uploads\/piscine-exterieure-camping-goulet-1.jpg","datePublished":"2025-03-12T11:21:51+00:00","dateModified":"2026-03-10T09:16:37+00:00","description":"Camping du Goulet en Brest: a 500 m del mar, piscina cubierta climatizada y naturaleza virgen para unas relajantes vacaciones en familia","breadcrumb":{"@id":"https:\/\/www.campingdugoulet.fr\/es\/#breadcrumb"},"inLanguage":"es","potentialAction":[{"@type":"ReadAction","target":["https:\/\/www.campingdugoulet.fr\/es\/"]}]},{"@type":"ImageObject","inLanguage":"es","@id":"https:\/\/www.campingdugoulet.fr\/es\/#primaryimage","url":"https:\/\/www.campingdugoulet.fr\/wp-content\/uploads\/piscine-exterieure-camping-goulet-1.jpg","contentUrl":"https:\/\/www.campingdugoulet.fr\/wp-content\/uploads\/piscine-exterieure-camping-goulet-1.jpg","width":1000,"height":750},{"@type":"BreadcrumbList","@id":"https:\/\/www.campingdugoulet.fr\/es\/#breadcrumb","itemListElement":[{"@type":"ListItem","position":1,"name":"Accueil","item":"https:\/\/www.campingdugoulet.fr\/es\/inicio-nuevo\/"},{"@type":"ListItem","position":2,"name":"Inicio"}]},{"@type":"WebSite","@id":"https:\/\/www.campingdugoulet.fr\/es\/#website","url":"https:\/\/www.campingdugoulet.fr\/es\/","name":"Camping du Goulet","description":"Camping 4 \u00e9toiles \u00e0 Brest, \u00e0 la pointe du Finist\u00e8re","publisher":{"@id":"https:\/\/www.campingdugoulet.fr\/es\/#organization"},"potentialAction":[{"@type":"SearchAction","target":{"@type":"EntryPoint","urlTemplate":"https:\/\/www.campingdugoulet.fr\/es\/?s={search_term_string}"},"query-input":{"@type":"PropertyValueSpecification","valueRequired":true,"valueName":"search_term_string"}}],"inLanguage":"es"},{"@type":"Organization","@id":"https:\/\/www.campingdugoulet.fr\/es\/#organization","name":"Camping Du Goulet","url":"https:\/\/www.campingdugoulet.fr\/es\/","logo":{"@type":"ImageObject","inLanguage":"es","@id":"https:\/\/www.campingdugoulet.fr\/es\/#\/schema\/logo\/image\/","url":"https:\/\/www.campingdugoulet.fr\/wp-content\/uploads\/camping-finistere.png","contentUrl":"https:\/\/www.campingdugoulet.fr\/wp-content\/uploads\/camping-finistere.png","width":190,"height":100,"caption":"Camping Du Goulet"},"image":{"@id":"https:\/\/www.campingdugoulet.fr\/es\/#\/schema\/logo\/image\/"},"sameAs":["https:\/\/fr-fr.facebook.com\/camping.bretagne.goulet","https:\/\/www.instagram.com\/campingdugoulet\/?hl=fr"]}]}},"_links":{"self":[{"href":"https:\/\/www.campingdugoulet.fr\/es\/wp-json\/wp\/v2\/pages\/7158","targetHints":{"allow":["GET"]}}],"collection":[{"href":"https:\/\/www.campingdugoulet.fr\/es\/wp-json\/wp\/v2\/pages"}],"about":[{"href":"https:\/\/www.campingdugoulet.fr\/es\/wp-json\/wp\/v2\/types\/page"}],"author":[{"embeddable":true,"href":"https:\/\/www.campingdugoulet.fr\/es\/wp-json\/wp\/v2\/users\/2"}],"replies":[{"embeddable":true,"href":"https:\/\/www.campingdugoulet.fr\/es\/wp-json\/wp\/v2\/comments?post=7158"}],"version-history":[{"count":54,"href":"https:\/\/www.campingdugoulet.fr\/es\/wp-json\/wp\/v2\/pages\/7158\/revisions"}],"predecessor-version":[{"id":14261,"href":"https:\/\/www.campingdugoulet.fr\/es\/wp-json\/wp\/v2\/pages\/7158\/revisions\/14261"}],"wp:featuredmedia":[{"embeddable":true,"href":"https:\/\/www.campingdugoulet.fr\/es\/wp-json\/wp\/v2\/media\/8906"}],"wp:attachment":[{"href":"https:\/\/www.campingdugoulet.fr\/es\/wp-json\/wp\/v2\/media?parent=7158"}],"wp:term":[{"taxonomy":"category","embeddable":true,"href":"https:\/\/www.campingdugoulet.fr\/es\/wp-json\/wp\/v2\/categories?post=7158"}],"curies":[{"name":"wp","href":"https:\/\/api.w.org\/{rel}","templated":true}]}}