{"id":8991,"date":"2025-05-26T11:25:33","date_gmt":"2025-05-26T09:25:33","guid":{"rendered":"https:\/\/www.campingdugoulet.fr\/haeufig-gestellte-fragen\/"},"modified":"2025-12-09T14:33:27","modified_gmt":"2025-12-09T13:33:27","slug":"haeufig-gestellte-fragen","status":"publish","type":"page","link":"https:\/\/www.campingdugoulet.fr\/de\/haeufig-gestellte-fragen\/","title":{"rendered":"H\u00e4ufig gestellte Fragen"},"content":{"rendered":"<p>[et_pb_section fb_built=&#8220;1&#8243; admin_label=&#8220;Section&#8220; _builder_version=&#8220;4.17.4&#8243; _module_preset=&#8220;default&#8220; background_color=&#8220;rgba(0,0,0,0.2)&#8220; background_image=&#8220;https:\/\/www.campingdugoulet.fr\/wp-content\/uploads\/camping-goulet-tourisme.jpg&#8220; background_blend=&#8220;darken&#8220; height=&#8220;60vh&#8220; height_tablet=&#8220;60vh&#8220; height_phone=&#8220;90vh&#8220; height_last_edited=&#8220;on|phone&#8220; locked=&#8220;off&#8220; global_colors_info=&#8220;{}&#8220;][et_pb_row _builder_version=&#8220;4.17.4&#8243; _module_preset=&#8220;default&#8220; positioning=&#8220;absolute&#8220; position_origin_a=&#8220;bottom_center&#8220; global_colors_info=&#8220;{}&#8220;][et_pb_column type=&#8220;4_4&#8243; _builder_version=&#8220;4.17.4&#8243; _module_preset=&#8220;default&#8220; global_colors_info=&#8220;{}&#8220;][et_pb_text _builder_version=&#8220;4.17.4&#8243; _module_preset=&#8220;default&#8220; header_text_color=&#8220;#FFFFFF&#8220; global_colors_info=&#8220;{}&#8220;]<\/p>\n<p style=\"text-align: center;\"><img decoding=\"async\" src=\"https:\/\/www.campingdugoulet.fr\/wp-content\/uploads\/camping-fleche.svg\" style=\"width: 45px;\" alt=\"camping fleche\"><\/p>\n<p>[\/et_pb_text][\/et_pb_column][\/et_pb_row][et_pb_row _builder_version=&#8220;4.17.4&#8243; _module_preset=&#8220;default&#8220; positioning=&#8220;absolute&#8220; position_origin_a=&#8220;bottom_center&#8220; width=&#8220;100%&#8220; max_width=&#8220;1276px&#8220; locked=&#8220;off&#8220; global_colors_info=&#8220;{}&#8220;][et_pb_column type=&#8220;4_4&#8243; _builder_version=&#8220;4.17.4&#8243; _module_preset=&#8220;default&#8220; global_colors_info=&#8220;{}&#8220;][et_pb_text _builder_version=&#8220;4.27.4&#8243; _module_preset=&#8220;default&#8220; header_text_color=&#8220;#FFFFFF&#8220; global_colors_info=&#8220;{}&#8220;]<\/p>\n<h1 style=\"text-align: center;\">H\u00e4ufig gestellte Fragen<\/h1>\n<p>[\/et_pb_text][et_pb_text _builder_version=&#8220;4.17.4&#8243; _module_preset=&#8220;default&#8220; header_text_color=&#8220;#FFFFFF&#8220; global_colors_info=&#8220;{}&#8220;]<\/p>\n<p style=\"text-align: center;\"><img decoding=\"async\" src=\"https:\/\/www.campingdugoulet.fr\/wp-content\/uploads\/camping-fleche.svg\" style=\"width: 40px;\" alt=\"camping fleche\"><\/p>\n<p>[\/et_pb_text][\/et_pb_column][\/et_pb_row][\/et_pb_section][et_pb_section fb_built=&#8220;1&#8243; custom_padding_last_edited=&#8220;on|phone&#8220; _builder_version=&#8220;4.27.4&#8243; _module_preset=&#8220;default&#8220; custom_margin_tablet=&#8220;&#8220; custom_margin_phone=&#8220;||||false|false&#8220; custom_margin_last_edited=&#8220;on|phone&#8220; custom_padding_tablet=&#8220;&#8220; custom_padding_phone=&#8220;20px||0px||false|false&#8220; global_colors_info=&#8220;{}&#8220;][et_pb_row _builder_version=&#8220;4.27.4&#8243; _module_preset=&#8220;default&#8220; custom_margin_tablet=&#8220;&#8220; custom_margin_phone=&#8220;0px||0px||true|false&#8220; custom_margin_last_edited=&#8220;on|phone&#8220; custom_padding=&#8220;0px||||false|false&#8220; global_colors_info=&#8220;{}&#8220;][et_pb_column type=&#8220;4_4&#8243; _builder_version=&#8220;4.27.4&#8243; _module_preset=&#8220;default&#8220; global_colors_info=&#8220;{}&#8220;][et_pb_heading title=&#8220;FAQs&#8220; _builder_version=&#8220;4.27.4&#8243; _module_preset=&#8220;_initial&#8220; title_level=&#8220;h2&#8243; title_font=&#8220;Playfair Display||||||||&#8220; title_text_align=&#8220;center&#8220; title_font_size=&#8220;40px&#8220; title_line_height=&#8220;1.2em&#8220; module_alignment=&#8220;center&#8220; custom_margin=&#8220;||||false|false&#8220; title_font_size_tablet=&#8220;32px&#8220; title_font_size_phone=&#8220;20px&#8220; title_font_size_last_edited=&#8220;on|desktop&#8220; locked=&#8220;off&#8220; global_colors_info=&#8220;{}&#8220;][\/et_pb_heading][\/et_pb_column][\/et_pb_row][et_pb_row column_structure=&#8220;1_2,1_2&#8243; _builder_version=&#8220;4.27.4&#8243; _module_preset=&#8220;default&#8220; width=&#8220;100%&#8220; max_width=&#8220;1480px&#8220; global_colors_info=&#8220;{}&#8220;][et_pb_column type=&#8220;1_2&#8243; _builder_version=&#8220;4.27.4&#8243; _module_preset=&#8220;default&#8220; global_colors_info=&#8220;{}&#8220;][et_pb_toggle title=&#8220;Allgemeines&#8220; open_toggle_text_color=&#8220;#505050&#8243; open_toggle_background_color=&#8220;RGBA(255,255,255,0)&#8220; closed_toggle_background_color=&#8220;RGBA(255,255,255,0)&#8220; icon_color=&#8220;#EBA53C&#8220; toggle_icon=&#8220;&#x4c;||divi||400&#8243; use_icon_font_size=&#8220;on&#8220; icon_font_size=&#8220;30px&#8220; open_icon_color=&#8220;rgba(235,165,60,0.76)&#8220; open_toggle_icon=&#8220;&#xf2d1;||fa||400&#8243; open_use_icon_font_size=&#8220;on&#8220; open_icon_font_size=&#8220;24px&#8220; _builder_version=&#8220;4.27.4&#8243; _module_preset=&#8220;default&#8220; title_text_color=&#8220;#505050&#8243; title_level=&#8220;h3&#8243; title_font=&#8220;&#8211;et_global_heading_font|||on|||||&#8220; title_font_size=&#8220;16px&#8220; title_letter_spacing=&#8220;1px&#8220; title_line_height=&#8220;2em&#8220; closed_title_font=&#8220;Playfair Display||||||||&#8220; body_text_color=&#8220;#505050&#8243; body_line_height=&#8220;1.6em&#8220; border_width_all=&#8220;0px&#8220; border_width_bottom=&#8220;2px&#8220; border_color_bottom=&#8220;#2d6a9b&#8220; global_colors_info=&#8220;{}&#8220;]<\/p>\n<div class=\"schema-faq-section\" id=\"faq-question-1747410401682\">\n<div class=\"schema-faq-section\" id=\"faq-question-1747410401682\">\n<p><strong class=\"schema-faq-question\"><strong>Wo liegt der Campingplatz du Goulet?<\/strong><\/strong><br \/>Der Campingplatz liegt in Brest, nur 6 km vom Stadtzentrum und 500 m vom Meer entfernt. Zur Vorbereitung Ihrer Reise, <span> <\/span><strong><a href=\"https:\/\/www.google.com\/maps\/dir\/\/Camping+du+Goulet,+285+Chem.+de+Lanhouarnec,+29200+Brest\/@48.365518,-4.5435599,17z\/data=!4m9!4m8!1m0!1m5!1m1!1s0x4816bef18dcdc619:0x5f3b950b5914fc5d!2m2!1d-4.540985!2d48.365518!3e0?entry=ttu&amp;g_ep=EgoyMDI1MDUxMi4wIKXMDSoASAFQAw%3D%3D\">klicken Sie hier<\/a>.<\/strong><\/p>\n<p class=\"schema-faq-answer\"><strong class=\"schema-faq-question\"><strong>Ist der Campingplatz das ganze Jahr \u00fcber ge\u00f6ffnet?<\/strong><\/strong><\/p>\n<\/div>\n<div class=\"schema-faq-section\" id=\"faq-question-1747410445112\">\n<p class=\"schema-faq-answer\">Nein, der Camping du Goulet in <a href=\"https:\/\/www.campingdugoulet.fr\/de\/brest\/\" target=\"_blank\" rel=\"noopener\" title=\"Brest entdecken\">Brest<\/a> ist <strong>von April bis Ende September<\/strong> ge\u00f6ffnet.<\/p>\n<p class=\"schema-faq-answer\">Wir stehen das ganze Jahr \u00fcber f\u00fcr Fragen oder Buchungsanfragen zur Verf\u00fcgung, telefonisch unter 02.98.45.86.84 oder per E-Mail an info@campingdugoulet.fr.<\/p>\n<p class=\"schema-faq-answer\"><strong class=\"schema-faq-question\"><strong>Ist es m\u00f6glich, ohne Reservierung zu kommen?<\/strong><\/strong><\/p>\n<\/div>\n<div class=\"schema-faq-section\" id=\"faq-question-1747410508449\">\n<p class=\"schema-faq-answer\">Ja, auf Stellpl\u00e4tzen f\u00fcr Wohnmobile, Wohnwagen und Zelte je nach Verf\u00fcgbarkeit. In der Hochsaison wird jedoch dringend empfohlen, im Voraus zu buchen.<br \/>Die Vermietung von Mobilheimen erfolgt nur nach vorheriger Reservierung per Telefon, E-Mail oder \u00fcber unsere Website. Buchen Sie Ihre Unterkunft, indem Sie<strong> <a href=\"https:\/\/www.campingdugoulet.fr\/\">hier klicken<\/a>.<\/strong>  <\/p>\n<p class=\"schema-faq-answer\"><strong class=\"schema-faq-question\"><strong>Ist der Campingplatz f\u00fcr Personen mit eingeschr\u00e4nkter Mobilit\u00e4t zug\u00e4nglich?<\/strong><\/strong><\/p>\n<\/div>\n<div class=\"schema-faq-section\" id=\"faq-question-1747410514731\">\n<p class=\"schema-faq-answer\">Ja, unsere Einrichtungen sind f\u00fcr Personen mit eingeschr\u00e4nkter Mobilit\u00e4t zug\u00e4nglich. Bitte kontaktieren Sie uns, um Ihren Aufenthalt so gut wie m\u00f6glich zu organisieren. <\/p>\n<\/div>\n<\/div>\n<p>[\/et_pb_toggle][et_pb_toggle title=&#8220;Die Standorte&#8220; open_toggle_text_color=&#8220;#505050&#8243; open_toggle_background_color=&#8220;RGBA(255,255,255,0)&#8220; closed_toggle_background_color=&#8220;RGBA(255,255,255,0)&#8220; icon_color=&#8220;#EBA53C&#8220; toggle_icon=&#8220;&#x4c;||divi||400&#8243; use_icon_font_size=&#8220;on&#8220; icon_font_size=&#8220;30px&#8220; open_icon_color=&#8220;rgba(235,165,60,0.76)&#8220; open_toggle_icon=&#8220;&#xf2d1;||fa||400&#8243; open_use_icon_font_size=&#8220;on&#8220; open_icon_font_size=&#8220;24px&#8220; _builder_version=&#8220;4.27.4&#8243; _module_preset=&#8220;default&#8220; title_text_color=&#8220;#505050&#8243; title_level=&#8220;h3&#8243; title_font=&#8220;&#8211;et_global_heading_font|||on|||||&#8220; title_font_size=&#8220;16px&#8220; title_letter_spacing=&#8220;1px&#8220; title_line_height=&#8220;2em&#8220; closed_title_font=&#8220;Playfair Display||||||||&#8220; body_text_color=&#8220;#505050&#8243; body_line_height=&#8220;1.6em&#8220; border_width_all=&#8220;0px&#8220; border_width_bottom=&#8220;2px&#8220; border_color_bottom=&#8220;#2d6a9b&#8220; global_colors_info=&#8220;{}&#8220;]<\/p>\n<p><strong>Welche Arten von Stellpl\u00e4tzen bieten Sie an?<\/strong><br \/>Gr\u00fcne und ger\u00e4umige Stellpl\u00e4tze f\u00fcr Wohnmobile, Wohnwagen und Zelte mit einer durchschnittlichen Gr\u00f6\u00dfe von 100 m\u00b2 mit Wasser und Strom nach Ihren Bed\u00fcrfnissen.<\/p>\n<p><strong>Kann ich mein Wohnmobil mitbringen?<\/strong><br \/>Ja, unser Campingplatz in Brest empf\u00e4ngt Wohnmobile mit speziellen Stellpl\u00e4tzen. Der Campingplatz verf\u00fcgt au\u00dferdem \u00fcber einen Servicebereich f\u00fcr Wohnmobile, der nur den G\u00e4sten des Campingplatzes vorbehalten ist. <\/p>\n<p><strong>Wie sind die Ankunfts- und Abflugzeiten auf den Stellpl\u00e4tzen?<\/strong><br \/>Die Anreise erfolgt ab 14.00 Uhr und die Abreise bis 12.00 Uhr.<\/p>\n<p><strong>Welche Art von Steckdosen gibt es auf den Stellpl\u00e4tzen? Ist der Strom im Preis inbegriffen?   <\/strong>Die Stellpl\u00e4tze sind mit europ\u00e4ischen Steckdosen ausgestattet. Bei Bedarf sind Adapter an der Rezeption erh\u00e4ltlich (gegen eine Kaution von 20 \u20ac). Die verf\u00fcgbare Amperezahl betr\u00e4gt 10A. Strom ist optional: Sie k\u00f6nnen je nach Bedarf einen Stellplatz mit oder ohne Strom w\u00e4hlen.   <\/p>\n<p><strong>\u26a0\ufe0fVigilance<\/strong>: Aus Sicherheitsgr\u00fcnden ist das Aufladen von Elektrofahrzeugen an den Steckdosen der Stellpl\u00e4tze oder in den Mobilheimen strengstens untersagt. Diese Einrichtungen sind nicht f\u00fcr diesen Zweck konzipiert. Gegen\u00fcber der Rezeption stehen dedizierte Ladestationen zur Verf\u00fcgung. Z\u00f6gern Sie nicht, sich bei unseren Mitarbeitern zu erkundigen.   <\/p>\n<p><strong>Was ist die maximal akzeptierte Gr\u00f6\u00dfe f\u00fcr Wohnwagen und Wohn<\/strong>mobile<strong>?<\/strong><br \/>Wenn Ihr Wohnmobil oder Wohnwagen l\u00e4nger als 7,5 m ist, k\u00f6nnen wir Ihnen einen Platz f\u00fcr Ihr Wohnmobil oder Ihren Wohnwagen anbieten. <a href=\"https:\/\/www.camping-ar-kleguer.com\/emplacement-camping-car-caravane\/aire-camping-car-finistere\/\"><strong>Stellpl\u00e4tze f\u00fcr Wohnmobile anbieten.<\/strong><\/a> Wir k\u00f6nnen Ihnen Wohnmobilstellpl\u00e4tze anbieten, die in Gr\u00f6\u00dfe und Zugang angepasst sind. Z\u00f6gern Sie nicht<a href=\"https:\/\/www.campingdugoulet.fr\/de\/kontakt\/\" target=\"_blank\" rel=\"noopener\" title=\"Kontakt\"><strong> kontaktieren Sie uns bitte.<\/strong><\/a>.<\/p>\n<p>[\/et_pb_toggle][et_pb_toggle title=&#8220;Zugang und Umgebung&#8220; open_toggle_text_color=&#8220;#505050&#8243; open_toggle_background_color=&#8220;RGBA(255,255,255,0)&#8220; closed_toggle_background_color=&#8220;RGBA(255,255,255,0)&#8220; icon_color=&#8220;#EBA53C&#8220; toggle_icon=&#8220;&#x4c;||divi||400&#8243; use_icon_font_size=&#8220;on&#8220; icon_font_size=&#8220;30px&#8220; open_icon_color=&#8220;rgba(235,165,60,0.76)&#8220; open_toggle_icon=&#8220;&#xf2d1;||fa||400&#8243; open_use_icon_font_size=&#8220;on&#8220; open_icon_font_size=&#8220;24px&#8220; _builder_version=&#8220;4.27.4&#8243; _module_preset=&#8220;default&#8220; title_text_color=&#8220;#505050&#8243; title_level=&#8220;h3&#8243; title_font=&#8220;&#8211;et_global_heading_font|||on|||||&#8220; title_font_size=&#8220;16px&#8220; title_letter_spacing=&#8220;1px&#8220; title_line_height=&#8220;2em&#8220; closed_title_font=&#8220;Playfair Display||||||||&#8220; body_text_color=&#8220;#505050&#8243; body_line_height=&#8220;1.6em&#8220; border_width_all=&#8220;0px&#8220; border_width_bottom=&#8220;2px&#8220; border_color_bottom=&#8220;#2d6a9b&#8220; global_colors_info=&#8220;{}&#8220;]<\/p>\n<p><strong>Liegt der Campingplatz in der N\u00e4he des Meeres?<\/strong><br \/>Ja, ein Fu\u00dfg\u00e4ngerzugang f\u00fchrt zum Meer, genauer gesagt zum kleinen Fischerhafen von La Maison Blanche, der weniger als 10 Minuten (ca. 500 Meter) entfernt ist.<\/p>\n<p><strong>Wie einfach ist es, nach Brest zu gelangen?<\/strong><br \/>Ja, das Stadtzentrum von Brest ist nur 6 km entfernt. Busse fahren 500 m vom Campingplatz entfernt regelm\u00e4\u00dfig. <\/p>\n<p><strong>Kann man die Region vom Campingplatz aus leicht besuchen?<\/strong><br \/>Selbstverst\u00e4ndlich! Der Campingplatz ist ein guter Ausgangspunkt, um Brest, die Pointe Saint-Mathieu, Le Conquet, das Fort de Bertheaume, die Region Les Abers, Inseln wie Ouessant, Mol\u00e8ne oder die Halbinsel Crozon zu besichtigen. Unser Team ber\u00e4t Sie \u00fcber sch\u00f6ne Ausfl\u00fcge in der N\u00e4he.  <\/p>\n<p>[\/et_pb_toggle][et_pb_toggle title=&#8220;Buchungen und Zahlungen&#8220; open_toggle_text_color=&#8220;#505050&#8243; open_toggle_background_color=&#8220;RGBA(255,255,255,0)&#8220; closed_toggle_background_color=&#8220;RGBA(255,255,255,0)&#8220; icon_color=&#8220;#EBA53C&#8220; toggle_icon=&#8220;&#x4c;||divi||400&#8243; use_icon_font_size=&#8220;on&#8220; icon_font_size=&#8220;30px&#8220; open_icon_color=&#8220;rgba(235,165,60,0.76)&#8220; open_toggle_icon=&#8220;&#xf2d1;||fa||400&#8243; open_use_icon_font_size=&#8220;on&#8220; open_icon_font_size=&#8220;24px&#8220; _builder_version=&#8220;4.27.4&#8243; _module_preset=&#8220;default&#8220; title_text_color=&#8220;#505050&#8243; title_level=&#8220;h3&#8243; title_font=&#8220;&#8211;et_global_heading_font|||on|||||&#8220; title_font_size=&#8220;16px&#8220; title_letter_spacing=&#8220;1px&#8220; title_line_height=&#8220;2em&#8220; closed_title_font=&#8220;Playfair Display||||||||&#8220; body_text_color=&#8220;#505050&#8243; body_line_height=&#8220;1.6em&#8220; border_width_all=&#8220;0px&#8220; border_width_bottom=&#8220;2px&#8220; border_color_bottom=&#8220;#2d6a9b&#8220; global_colors_info=&#8220;{}&#8220;]<\/p>\n<p><strong>Wie kann ich buchen?<\/strong><br \/>Sie k\u00f6nnen direkt online \u00fcber unsere Website buchen. <strong><a href=\"https:\/\/thelisresa.webcamp.fr\/formulaire.php?camping=goulet&amp;lang=fr&amp;PHPSESSID=c7fgp0j1eipq7qrakf6glpo9tj&amp;begin=2025-05-15&amp;duration=7&amp;end=2025-05-22&amp;nb_pers=2&amp;type=2\">\u00fcber eine sichere Plattform.<\/a><\/strong> oder per Telefon (02 98 45 86 84).<\/p>\n<p><strong>Welche Zahlungsmethoden akzeptieren Sie?<\/strong><br \/>Wir akzeptieren Zahlungen per Kreditkarte, \u00dcberweisung, Urlaubsschecks (ANCV), dematerialisierte Urlaubsschecks (connect) und Bargeld.<\/p>\n<p><strong>Verlangen Sie eine Anzahlung?<\/strong><br \/>Ja, eine Anzahlung von 30% des Gesamtpreises ist erforderlich, um die Buchung zu best\u00e4tigen.<\/p>\n<p><strong>Ist es m\u00f6glich, in Raten zu zahlen?<\/strong><br \/>Ja, die Zahlung in mehreren Raten ist m\u00f6glich, wenn Sie im Voraus buchen. Bitte kontaktieren Sie uns unter 02.98.45.86.84 oder per E-Mail. <strong><a href=\"mailto:info@campingdugoulet.fr\">info@campingdugoulet.fr<\/a><\/strong> <\/p>\n<p><strong>Wann muss der Restbetrag bezahlt werden?<\/strong><br \/>Der Restbetrag f\u00fcr den Aufenthalt ist 30 Tage vor der Ankunft zu zahlen.<\/p>\n<p><strong>Ist der Campingplatz VACAF-zugelassen?<\/strong><br \/>Nein, der Camping du Goulet ist nicht VACAF-zugelassen.<br \/>Wir akzeptieren jedoch ANCV-Ferienschecks, einschlie\u00dflich der connect-Ferienschecks.<\/p>\n<p>[\/et_pb_toggle][et_pb_toggle title=&#8220;Rennen und M\u00e4rkte&#8220; open_toggle_text_color=&#8220;#505050&#8243; open_toggle_background_color=&#8220;RGBA(255,255,255,0)&#8220; closed_toggle_background_color=&#8220;RGBA(255,255,255,0)&#8220; icon_color=&#8220;#EBA53C&#8220; toggle_icon=&#8220;&#x4c;||divi||400&#8243; use_icon_font_size=&#8220;on&#8220; icon_font_size=&#8220;30px&#8220; open_icon_color=&#8220;rgba(235,165,60,0.76)&#8220; open_toggle_icon=&#8220;&#xf2d1;||fa||400&#8243; open_use_icon_font_size=&#8220;on&#8220; open_icon_font_size=&#8220;24px&#8220; _builder_version=&#8220;4.27.4&#8243; _module_preset=&#8220;default&#8220; title_text_color=&#8220;#505050&#8243; title_level=&#8220;h3&#8243; title_font=&#8220;&#8211;et_global_heading_font|||on|||||&#8220; title_font_size=&#8220;16px&#8220; title_letter_spacing=&#8220;1px&#8220; title_line_height=&#8220;2em&#8220; closed_title_font=&#8220;Playfair Display||||||||&#8220; body_text_color=&#8220;#505050&#8243; body_line_height=&#8220;1.6em&#8220; border_width_all=&#8220;0px&#8220; border_width_bottom=&#8220;2px&#8220; border_color_bottom=&#8220;#2d6a9b&#8220; global_colors_info=&#8220;{}&#8220;]<\/p>\n<p><strong>Gibt es Superm\u00e4rkte in der N\u00e4he?<\/strong><br \/>Ja, mehrere Superm\u00e4rkte und Gesch\u00e4fte befinden sich nur wenige Minuten vom Campingplatz entfernt (Carrefour, Intermarch\u00e9, Lidl&#8230;). Hier k\u00f6nnen Sie bequem mit dem Fahrrad oder dem Auto einkaufen. <\/p>\n<p><strong>Wo befinden sich die n\u00e4chstgelegenen M\u00e4rkte?<\/strong><br \/>Hier sind die M\u00e4rkte, die Sie w\u00e4hrend Ihres Aufenthalts nicht verpassen sollten:<br \/>&#8211; <strong>March\u00e9 de Saint-Renan<\/strong> &#8211; Samstagmorgen: einer der gr\u00f6\u00dften M\u00e4rkte im Finist\u00e8re, sehr lebhaft und bekannt f\u00fcr seine lokalen, biologischen und handwerklichen Produkte.<br \/>&#8211; <strong>March\u00e9 de Brest Saint-Louis<\/strong> &#8211; Sonntagmorgen: ideal f\u00fcr einen Bummel durch das Stadtzentrum und um frische Produkte zu kaufen.<\/p>\n<p>[\/et_pb_toggle][\/et_pb_column][et_pb_column type=&#8220;1_2&#8243; _builder_version=&#8220;4.27.4&#8243; _module_preset=&#8220;default&#8220; global_colors_info=&#8220;{}&#8220;][et_pb_toggle title=&#8220;Die Mobilheime&#8220; open_toggle_text_color=&#8220;#505050&#8243; open_toggle_background_color=&#8220;RGBA(255,255,255,0)&#8220; closed_toggle_background_color=&#8220;RGBA(255,255,255,0)&#8220; icon_color=&#8220;#EBA53C&#8220; toggle_icon=&#8220;&#x4c;||divi||400&#8243; use_icon_font_size=&#8220;on&#8220; icon_font_size=&#8220;30px&#8220; open_icon_color=&#8220;rgba(235,165,60,0.76)&#8220; open_toggle_icon=&#8220;&#xf2d1;||fa||400&#8243; open_use_icon_font_size=&#8220;on&#8220; open_icon_font_size=&#8220;24px&#8220; _builder_version=&#8220;4.27.4&#8243; _module_preset=&#8220;default&#8220; title_text_color=&#8220;#505050&#8243; title_level=&#8220;h3&#8243; title_font=&#8220;&#8211;et_global_heading_font|||on|||||&#8220; title_font_size=&#8220;16px&#8220; title_letter_spacing=&#8220;1px&#8220; title_line_height=&#8220;2em&#8220; closed_title_font=&#8220;Playfair Display||||||||&#8220; body_text_color=&#8220;#505050&#8243; body_line_height=&#8220;1.6em&#8220; border_width_all=&#8220;0px&#8220; border_width_bottom=&#8220;2px&#8220; border_color_bottom=&#8220;#2d6a9b&#8220; global_colors_info=&#8220;{}&#8220;]<\/p>\n<p><strong>Welche Arten von Unterk\u00fcnften bieten Sie an?<\/strong><br \/>Wir bieten:<br \/>&#8211; Komfortable Mobilheime mit 2 bis 3 Schlafzimmern f\u00fcr 1 bis 6 Personen<br \/>&#8211; Ungew\u00f6hnliche Unterk\u00fcnfte wie H\u00fctten, Cocosweet und Velozelte<\/p>\n<p><strong>Sind die Mobilheime ausgestattet?<\/strong><br \/>Ja, jedes Mobilheim verf\u00fcgt \u00fcber eine voll ausgestattete K\u00fcche, ein Badezimmer, eine Sitzecke mit Fernseher und einen Au\u00dfenbereich.<\/p>\n<p><strong>Muss bei der Einrichtung eine Kaution hinterlegt werden? Wann erhalte ich meine Kaution zur\u00fcck? <\/strong><br \/>Eine Kaution von 150 \u20ac und eine Kaution von 80 \u20ac werden bei Ihrer Ankunft f\u00fcr jeden Aufenthalt in einer Mietwohnung verlangt. Sie sind in Form von Schecks, Bargeld oder CB (Bankabdruck) zahlbar. Die Kaution wird Ihnen am Abreisetag nach Kontrolle des ordnungsgem\u00e4\u00dfen Zustands Ihrer Unterkunft zur\u00fcckerstattet.  <\/p>\n<p><strong>Wie sind die An- und Abreisezeiten f\u00fcr Mobilheime?<\/strong><br \/>Die Anreise erfolgt ab 16.00 Uhr und die Abreise bis 10.00 Uhr.<\/p>\n<p><strong>Werden Bettw\u00e4sche, Handt\u00fccher, Bettdecken und Decken gestellt?<\/strong><br \/>Bettw\u00e4sche und Handt\u00fccher werden nicht gestellt, aber Sie k\u00f6nnen auf Anfrage ein Bettw\u00e4sche-Set oder einen Satz Handt\u00fccher mieten.<br \/>Alle unsere Mietobjekte sind mit Bettdecken, Bettdecken und Kopfkissen ausgestattet.<\/p>\n<p><strong>Kann man ein Babybett oder einen Hochstuhl mieten?<\/strong><br \/>Ja, wir bieten Babysets an, die pro Nacht oder pro Woche gemietet werden k\u00f6nnen und Folgendes beinhalten: ein Regenschirmbett und einen Hochstuhl (Matratze des Regenschirmbetts aus Sicherheitsgr\u00fcnden nicht inbegriffen). <\/p>\n<p>Darf <strong>ich Familie oder Freunde in das Mobilheim einladen?<\/strong> <em>(Wenn ja, ist das kostenpflichtig?)<\/em><br \/>Besucher sind auf dem Campingplatz im Rahmen der Kapazit\u00e4t des Stellplatzes erlaubt und m\u00fcssen sich an der Rezeption melden; sie m\u00fcssen die Besuchergeb\u00fchr entrichten.<br \/>Versammlungen sind auf dem Campingplatz verboten.<\/p>\n<p>[\/et_pb_toggle][et_pb_toggle title=&#8220;Tiere&#8220; open_toggle_text_color=&#8220;#505050&#8243; open_toggle_background_color=&#8220;RGBA(255,255,255,0)&#8220; closed_toggle_background_color=&#8220;RGBA(255,255,255,0)&#8220; icon_color=&#8220;#EBA53C&#8220; toggle_icon=&#8220;&#x4c;||divi||400&#8243; use_icon_font_size=&#8220;on&#8220; icon_font_size=&#8220;30px&#8220; open_icon_color=&#8220;rgba(235,165,60,0.76)&#8220; open_toggle_icon=&#8220;&#xf2d1;||fa||400&#8243; open_use_icon_font_size=&#8220;on&#8220; open_icon_font_size=&#8220;24px&#8220; _builder_version=&#8220;4.27.4&#8243; _module_preset=&#8220;default&#8220; title_text_color=&#8220;#505050&#8243; title_level=&#8220;h3&#8243; title_font=&#8220;&#8211;et_global_heading_font|||on|||||&#8220; title_font_size=&#8220;16px&#8220; title_letter_spacing=&#8220;1px&#8220; title_line_height=&#8220;2em&#8220; closed_title_font=&#8220;Playfair Display||||||||&#8220; body_text_color=&#8220;#505050&#8243; body_line_height=&#8220;1.6em&#8220; border_width_all=&#8220;0px&#8220; border_width_bottom=&#8220;2px&#8220; border_color_bottom=&#8220;#2d6a9b&#8220; global_colors_info=&#8220;{}&#8220;]<\/p>\n<p><strong>Sind Haustiere erlaubt?<\/strong><br \/>Ja, Haustiere sind unter bestimmten Bedingungen willkommen (Leine, Impfpass, kategorisierte Hunde nicht erlaubt&#8230;).<\/p>\n<p>Hunde sind auf Stellpl\u00e4tzen unabh\u00e4ngig von ihrer Gr\u00f6\u00dfe und ihrem Gewicht erlaubt, solange sie nicht kategorisiert sind.<\/p>\n<p><strong>In einigen Mobilheimmodellen<\/strong> sind Hunde erlaubt. Die Mobilheimmodelle, in denen Haustiere erlaubt sind, sind auf unserer Seite Unterk\u00fcnfte und Mobilheime angegeben.<strong> In den Modellen der Ultimate- und Premium-Reihe<\/strong> sind Hunde<strong> nicht erlaubt<\/strong>.  <\/p>\n<p>Z\u00f6gern Sie nicht, uns zu kontaktieren, wenn Sie Fragen zu Ihren Scho\u00dfh\u00fcndchen haben.<\/p>\n<p>[\/et_pb_toggle][et_pb_toggle title=&#8220;Dienstleistungen und Aktivit\u00e4ten&#8220; open_toggle_text_color=&#8220;#505050&#8243; open_toggle_background_color=&#8220;RGBA(255,255,255,0)&#8220; closed_toggle_background_color=&#8220;RGBA(255,255,255,0)&#8220; icon_color=&#8220;#EBA53C&#8220; toggle_icon=&#8220;&#x4c;||divi||400&#8243; use_icon_font_size=&#8220;on&#8220; icon_font_size=&#8220;30px&#8220; open_icon_color=&#8220;rgba(235,165,60,0.76)&#8220; open_toggle_icon=&#8220;&#xf2d1;||fa||400&#8243; open_use_icon_font_size=&#8220;on&#8220; open_icon_font_size=&#8220;24px&#8220; _builder_version=&#8220;4.27.4&#8243; _module_preset=&#8220;default&#8220; title_text_color=&#8220;#505050&#8243; title_level=&#8220;h3&#8243; title_font=&#8220;&#8211;et_global_heading_font|||on|||||&#8220; title_font_size=&#8220;16px&#8220; title_letter_spacing=&#8220;1px&#8220; title_line_height=&#8220;2em&#8220; closed_title_font=&#8220;Playfair Display||||||||&#8220; body_text_color=&#8220;#505050&#8243; body_line_height=&#8220;1.6em&#8220; border_width_all=&#8220;0px&#8220; border_width_bottom=&#8220;2px&#8220; border_color_bottom=&#8220;#2d6a9b&#8220; global_colors_info=&#8220;{}&#8220;]<\/p>\n<p><strong>Gibt es einen Swimmingpool?<\/strong><br \/>Ja, es gibt sogar zwei!<\/p>\n<p>Der Campingplatz verf\u00fcgt \u00fcber ein beheiztes Hallenbad mit Kinderbereich, das die ganze Saison \u00fcber ge\u00f6ffnet ist.<\/p>\n<p>Von Ende Mai bis Ende August \u00f6ffnet unser beheiztes Freibad mit Rutschen, Whirlpool und Kinderplanschbecken seine Pforten.<\/p>\n<p><strong>Gibt es Animationen?<\/strong><br \/>In der Hochsaison (Juli\/August) werden Animationen f\u00fcr Gro\u00df und Klein angeboten (Kinderclub, Aktivit\u00e4ten f\u00fcr Jugendliche, Spiele, Abende, sportliche Aktivit\u00e4ten, Workshops&#8230;).<\/p>\n<p><strong>Bieten Sie einen Restaurantservice an?<\/strong><br \/>Ja, Sie finden vor Ort eine Snackbar mit Gerichten zum Mitnehmen, italienischem Eis, Waffeln, Getr\u00e4nken und bretonischen Spezialit\u00e4ten. Die Bar ist die ganze Saison \u00fcber ge\u00f6ffnet. Die Snackbar ist im Juli und August mittags (3 Mal pro Woche) und abends ge\u00f6ffnet.  <\/p>\n<p><strong>Gibt es Wi-Fi auf dem Campingplatz?<\/strong><br \/>Auf dem Campingplatz steht Ihnen eine kostenlose Wi-Fi-Verbindung zur Verf\u00fcgung.<\/p>\n<p><strong>Wir garantieren eine bessere Verbindung an der Rezeption und an der Bar.<\/strong><\/p>\n<p>[\/et_pb_toggle][et_pb_toggle title=&#8220;Willkommen f\u00fcr Wanderer und Radfahrer&#8220; open_toggle_text_color=&#8220;#505050&#8243; open_toggle_background_color=&#8220;RGBA(255,255,255,0)&#8220; closed_toggle_background_color=&#8220;RGBA(255,255,255,0)&#8220; icon_color=&#8220;#EBA53C&#8220; toggle_icon=&#8220;&#x4c;||divi||400&#8243; use_icon_font_size=&#8220;on&#8220; icon_font_size=&#8220;30px&#8220; open_icon_color=&#8220;rgba(235,165,60,0.76)&#8220; open_toggle_icon=&#8220;&#xf2d1;||fa||400&#8243; open_use_icon_font_size=&#8220;on&#8220; open_icon_font_size=&#8220;24px&#8220; _builder_version=&#8220;4.27.4&#8243; _module_preset=&#8220;default&#8220; title_text_color=&#8220;#505050&#8243; title_level=&#8220;h3&#8243; title_font=&#8220;&#8211;et_global_heading_font|||on|||||&#8220; title_font_size=&#8220;16px&#8220; title_letter_spacing=&#8220;1px&#8220; title_line_height=&#8220;2em&#8220; closed_title_font=&#8220;Playfair Display||||||||&#8220; body_text_color=&#8220;#505050&#8243; body_line_height=&#8220;1.6em&#8220; border_width_all=&#8220;0px&#8220; border_width_bottom=&#8220;2px&#8220; border_color_bottom=&#8220;#2d6a9b&#8220; global_colors_info=&#8220;{}&#8220;]<\/p>\n<p><strong>Wie weit ist der Campingplatz von den Radwegen entfernt?<\/strong><br \/>Der Campingplatz du Goulet liegt in unmittelbarer N\u00e4he der Fahrradwege von Bremen und nur 300 m von der V\u00e9loroute Littorale (V45) entfernt. Er ist ideal f\u00fcr Radtouristen, da Sie von hier aus leicht zu den Radwegen gelangen und die bretonische K\u00fcste in vollen Z\u00fcgen genie\u00dfen k\u00f6nnen. <\/p>\n<p><strong>Verl\u00e4uft der GR34 in der N\u00e4he?<\/strong><br \/>Ja, der ber\u00fchmte Fernwanderweg GR34, auch Z\u00f6llnerpfad genannt, verl\u00e4uft nur 500 m vom Campingplatz entfernt. Dies ist ein idealer Zwischenstopp f\u00fcr Wanderer, die die wilde Sch\u00f6nheit der K\u00fcste des Finist\u00e8re entdecken m\u00f6chten. <\/p>\n<p>Bieten <strong>Sie einen Sondertarif f\u00fcr<\/strong> Wanderer <strong>mit sanfter Mobilit\u00e4t an?<\/strong><br \/>Ja, <strong>nur in den Monaten Juli und August<\/strong> wird ein erm\u00e4\u00dfigter <strong>Tarif<\/strong> f\u00fcr Wanderer und Radfahrer auf Wanderschaft (zu Fu\u00df oder mit dem Fahrrad) angeboten. Alle Informationen finden Sie auf unserem Formular. <a href=\"https:\/\/www.campingdugoulet.fr\/de\/entdecken-sie-unser-pauschalangebot-zwischenstopp-wandern-fahrradfahren-im-nordfinistere\/\" target=\"_blank\" rel=\"noopener\" title=\"Web-Artikel\"><strong>&#8222;Zwischenstopp Wandern\/Fahrradfahren&#8220;&#8220;<\/strong><\/a>, das speziell f\u00fcr Reisende auf der Suche nach Freiheit konzipiert wurde. <\/p>\n<p>&nbsp;<\/p>\n<p><strong>Gibt es einen \u00fcberdachten Ort, an dem Sie Schutz finden oder sich ausruhen k\u00f6nnen?<\/strong>  Ja! Wir haben <strong data-start=\"240\" data-end=\"274\">das Chalet La Douce Escale<\/strong> eingerichtet, das Hauptquartier f\u00fcr Wanderer und Radfahrer. Nach der Anstrengung kommt der Trost: Schutz vor Regen, eine wohlverdiente Ruheecke&#8230; und warum nicht den Trost bei einem (kleinen) lokalen Bier an der Bar schl\u00fcrfen! Das Chalet verf\u00fcgt \u00fcber eine Mikrowelle, einen Wasserkocher und bequeme Sitzgelegenheiten &#8211; alles, was Sie f\u00fcr eine entspannte Pause brauchen, in der Sie Ihre Abenteuer unter passionierten Wanderern oder Radfahrern austauschen k\u00f6nnen.   <\/p>\n<p><strong>Bieten Sie \u00dcbernachtungsm\u00f6glichkeiten f\u00fcr Reisende an?<\/strong><br \/>Ja, einige unserer ungew\u00f6hnlichen Unterk\u00fcnfte k\u00f6nnen auch in der Hochsaison f\u00fcr eine \u00dcbernachtung gebucht werden, um Wanderer und Radtouristen auf der Durchreise zu beherbergen. Eine praktische Option, um Ihren Aufenthalt zu verl\u00e4ngern und die Region in vollen Z\u00fcgen zu genie\u00dfen. <\/p>\n<p>[\/et_pb_toggle][et_pb_toggle title=&#8220;Ein Familienurlaub: Gro\u00dfeltern, Eltern und Enkelkinder vereint&#8220; open_toggle_text_color=&#8220;#505050&#8243; open_toggle_background_color=&#8220;RGBA(255,255,255,0)&#8220; closed_toggle_background_color=&#8220;RGBA(255,255,255,0)&#8220; icon_color=&#8220;#EBA53C&#8220; toggle_icon=&#8220;&#x4c;||divi||400&#8243; use_icon_font_size=&#8220;on&#8220; icon_font_size=&#8220;30px&#8220; open_icon_color=&#8220;rgba(235,165,60,0.76)&#8220; open_toggle_icon=&#8220;&#xf2d1;||fa||400&#8243; open_use_icon_font_size=&#8220;on&#8220; open_icon_font_size=&#8220;24px&#8220; _builder_version=&#8220;4.27.4&#8243; _module_preset=&#8220;default&#8220; title_text_color=&#8220;#505050&#8243; title_level=&#8220;h3&#8243; title_font=&#8220;&#8211;et_global_heading_font|||on|||||&#8220; title_font_size=&#8220;16px&#8220; title_letter_spacing=&#8220;1px&#8220; title_line_height=&#8220;2em&#8220; closed_title_font=&#8220;Playfair Display||||||||&#8220; body_text_color=&#8220;#505050&#8243; body_line_height=&#8220;1.6em&#8220; border_width_all=&#8220;0px&#8220; border_width_bottom=&#8220;2px&#8220; border_color_bottom=&#8220;#2d6a9b&#8220; global_colors_info=&#8220;{}&#8220;]<\/p>\n<p><strong>Ist der Campingplatz f\u00fcr Kinder geeignet?<\/strong><br \/>Auf jeden Fall! Der Campingplatz du Goulet in Brest (Finist\u00e8re) ist ideal f\u00fcr einen Familienurlaub. Die Kinder k\u00f6nnen den Wasserbereich mit Au\u00dfenpool und Rutschen, beheiztem Hallenbad, Spielplatz, Multisportplatz, H\u00fcpfburg und Kinderclub jeden Morgen im Sommer genie\u00dfen.  <\/p>\n<p><strong>Ist es sicher f\u00fcr Kinder?<\/strong><br \/>Ja, der Campingplatz bietet gro\u00dfe, ruhige und geschlossene Bereiche. Jedes Mobilheim hat einen eigenen kleinen Garten, in dem die Kinder sicher spielen k\u00f6nnen, w\u00e4hrend die Gro\u00dfeltern sich entspannen. <\/p>\n<p><strong>Gibt es Animationen f\u00fcr Familien?<\/strong><br \/>Ja, im Juli und August bietet das Familienanimationsprogramm einen Kinderclub jeden Morgen, Aktivit\u00e4ten f\u00fcr Jugendliche am Nachmittag, Minidisco, Tanzabende, Bouleturniere und vieles mehr. Hier kommen Enkelkinder, Kinder&#8230; und Gro\u00dfeltern auf ihre Kosten!  <\/p>\n<p>[\/et_pb_toggle][\/et_pb_column][\/et_pb_row][\/et_pb_section]<\/p>\n","protected":false},"excerpt":{"rendered":"<p>H\u00e4ufig gestellte Fragen Wo liegt der Campingplatz du Goulet?Der Campingplatz liegt in Brest, nur 6 km vom Stadtzentrum und 500 m vom Meer entfernt. Zur Vorbereitung Ihrer Reise, klicken Sie hier. Ist der Campingplatz das ganze Jahr \u00fcber ge\u00f6ffnet? Nein, der Camping du Goulet in Brest ist von April bis Ende September ge\u00f6ffnet. Wir stehen [&hellip;]<\/p>\n","protected":false},"author":2,"featured_media":0,"parent":0,"menu_order":0,"comment_status":"closed","ping_status":"closed","template":"","meta":{"_acf_changed":false,"_et_pb_use_builder":"on","_et_pb_old_content":"","_et_gb_content_width":"","inline_featured_image":false,"footnotes":""},"categories":[],"class_list":["post-8991","page","type-page","status-publish","hentry"],"acf":[],"yoast_head":"<!-- This site is optimized with the Yoast SEO plugin v27.3 - https:\/\/yoast.com\/product\/yoast-seo-wordpress\/ -->\n<title>H\u00e4ufig gestellte Fragen - Camping du Goulet<\/title>\n<meta name=\"robots\" content=\"index, follow, max-snippet:-1, max-image-preview:large, max-video-preview:-1\" \/>\n<link rel=\"canonical\" href=\"https:\/\/www.campingdugoulet.fr\/de\/haeufig-gestellte-fragen\/\" \/>\n<meta property=\"og:locale\" content=\"de_DE\" \/>\n<meta property=\"og:type\" content=\"article\" \/>\n<meta property=\"og:title\" content=\"H\u00e4ufig gestellte Fragen - Camping du Goulet\" \/>\n<meta property=\"og:description\" content=\"H\u00e4ufig gestellte Fragen Wo liegt der Campingplatz du Goulet?Der Campingplatz liegt in Brest, nur 6 km vom Stadtzentrum und 500 m vom Meer entfernt. Zur Vorbereitung Ihrer Reise, klicken Sie hier. Ist der Campingplatz das ganze Jahr \u00fcber ge\u00f6ffnet? Nein, der Camping du Goulet in Brest ist von April bis Ende September ge\u00f6ffnet. Wir stehen [&hellip;]\" \/>\n<meta property=\"og:url\" content=\"https:\/\/www.campingdugoulet.fr\/de\/haeufig-gestellte-fragen\/\" \/>\n<meta property=\"og:site_name\" content=\"Camping du Goulet\" \/>\n<meta property=\"article:publisher\" content=\"https:\/\/fr-fr.facebook.com\/camping.bretagne.goulet\" \/>\n<meta property=\"article:modified_time\" content=\"2025-12-09T13:33:27+00:00\" \/>\n<meta property=\"og:image\" content=\"https:\/\/www.campingdugoulet.fr\/wp-content\/uploads\/camping-fleche.svg\" \/>\n<meta name=\"twitter:card\" content=\"summary_large_image\" \/>\n<meta name=\"twitter:label1\" content=\"Gesch\u00e4tzte Lesezeit\" \/>\n\t<meta name=\"twitter:data1\" content=\"17\u00a0Minuten\" \/>\n<script type=\"application\/ld+json\" class=\"yoast-schema-graph\">{\"@context\":\"https:\\\/\\\/schema.org\",\"@graph\":[{\"@type\":\"WebPage\",\"@id\":\"https:\\\/\\\/www.campingdugoulet.fr\\\/de\\\/haeufig-gestellte-fragen\\\/\",\"url\":\"https:\\\/\\\/www.campingdugoulet.fr\\\/de\\\/haeufig-gestellte-fragen\\\/\",\"name\":\"H\u00e4ufig gestellte Fragen - Camping du Goulet\",\"isPartOf\":{\"@id\":\"https:\\\/\\\/www.campingdugoulet.fr\\\/de\\\/#website\"},\"primaryImageOfPage\":{\"@id\":\"https:\\\/\\\/www.campingdugoulet.fr\\\/de\\\/haeufig-gestellte-fragen\\\/#primaryimage\"},\"image\":{\"@id\":\"https:\\\/\\\/www.campingdugoulet.fr\\\/de\\\/haeufig-gestellte-fragen\\\/#primaryimage\"},\"thumbnailUrl\":\"https:\\\/\\\/www.campingdugoulet.fr\\\/wp-content\\\/uploads\\\/camping-fleche.svg\",\"datePublished\":\"2025-05-26T09:25:33+00:00\",\"dateModified\":\"2025-12-09T13:33:27+00:00\",\"breadcrumb\":{\"@id\":\"https:\\\/\\\/www.campingdugoulet.fr\\\/de\\\/haeufig-gestellte-fragen\\\/#breadcrumb\"},\"inLanguage\":\"de\",\"potentialAction\":[{\"@type\":\"ReadAction\",\"target\":[\"https:\\\/\\\/www.campingdugoulet.fr\\\/de\\\/haeufig-gestellte-fragen\\\/\"]}]},{\"@type\":\"ImageObject\",\"inLanguage\":\"de\",\"@id\":\"https:\\\/\\\/www.campingdugoulet.fr\\\/de\\\/haeufig-gestellte-fragen\\\/#primaryimage\",\"url\":\"https:\\\/\\\/www.campingdugoulet.fr\\\/wp-content\\\/uploads\\\/camping-fleche.svg\",\"contentUrl\":\"https:\\\/\\\/www.campingdugoulet.fr\\\/wp-content\\\/uploads\\\/camping-fleche.svg\"},{\"@type\":\"BreadcrumbList\",\"@id\":\"https:\\\/\\\/www.campingdugoulet.fr\\\/de\\\/haeufig-gestellte-fragen\\\/#breadcrumb\",\"itemListElement\":[{\"@type\":\"ListItem\",\"position\":1,\"name\":\"Accueil\",\"item\":\"https:\\\/\\\/www.campingdugoulet.fr\\\/de\\\/startseite-new\\\/\"},{\"@type\":\"ListItem\",\"position\":2,\"name\":\"H\u00e4ufig gestellte Fragen\"}]},{\"@type\":\"WebSite\",\"@id\":\"https:\\\/\\\/www.campingdugoulet.fr\\\/de\\\/#website\",\"url\":\"https:\\\/\\\/www.campingdugoulet.fr\\\/de\\\/\",\"name\":\"Camping du Goulet\",\"description\":\"Camping 4 \u00e9toiles \u00e0 Brest, \u00e0 la pointe du Finist\u00e8re\",\"publisher\":{\"@id\":\"https:\\\/\\\/www.campingdugoulet.fr\\\/de\\\/#organization\"},\"potentialAction\":[{\"@type\":\"SearchAction\",\"target\":{\"@type\":\"EntryPoint\",\"urlTemplate\":\"https:\\\/\\\/www.campingdugoulet.fr\\\/de\\\/?s={search_term_string}\"},\"query-input\":{\"@type\":\"PropertyValueSpecification\",\"valueRequired\":true,\"valueName\":\"search_term_string\"}}],\"inLanguage\":\"de\"},{\"@type\":\"Organization\",\"@id\":\"https:\\\/\\\/www.campingdugoulet.fr\\\/de\\\/#organization\",\"name\":\"Camping Du Goulet\",\"url\":\"https:\\\/\\\/www.campingdugoulet.fr\\\/de\\\/\",\"logo\":{\"@type\":\"ImageObject\",\"inLanguage\":\"de\",\"@id\":\"https:\\\/\\\/www.campingdugoulet.fr\\\/de\\\/#\\\/schema\\\/logo\\\/image\\\/\",\"url\":\"https:\\\/\\\/www.campingdugoulet.fr\\\/wp-content\\\/uploads\\\/camping-finistere.png\",\"contentUrl\":\"https:\\\/\\\/www.campingdugoulet.fr\\\/wp-content\\\/uploads\\\/camping-finistere.png\",\"width\":190,\"height\":100,\"caption\":\"Camping Du Goulet\"},\"image\":{\"@id\":\"https:\\\/\\\/www.campingdugoulet.fr\\\/de\\\/#\\\/schema\\\/logo\\\/image\\\/\"},\"sameAs\":[\"https:\\\/\\\/fr-fr.facebook.com\\\/camping.bretagne.goulet\",\"https:\\\/\\\/www.instagram.com\\\/campingdugoulet\\\/?hl=fr\"]}]}<\/script>\n<!-- \/ Yoast SEO plugin. -->","yoast_head_json":{"title":"H\u00e4ufig gestellte Fragen - Camping du Goulet","robots":{"index":"index","follow":"follow","max-snippet":"max-snippet:-1","max-image-preview":"max-image-preview:large","max-video-preview":"max-video-preview:-1"},"canonical":"https:\/\/www.campingdugoulet.fr\/de\/haeufig-gestellte-fragen\/","og_locale":"de_DE","og_type":"article","og_title":"H\u00e4ufig gestellte Fragen - Camping du Goulet","og_description":"H\u00e4ufig gestellte Fragen Wo liegt der Campingplatz du Goulet?Der Campingplatz liegt in Brest, nur 6 km vom Stadtzentrum und 500 m vom Meer entfernt. Zur Vorbereitung Ihrer Reise, klicken Sie hier. Ist der Campingplatz das ganze Jahr \u00fcber ge\u00f6ffnet? Nein, der Camping du Goulet in Brest ist von April bis Ende September ge\u00f6ffnet. Wir stehen [&hellip;]","og_url":"https:\/\/www.campingdugoulet.fr\/de\/haeufig-gestellte-fragen\/","og_site_name":"Camping du Goulet","article_publisher":"https:\/\/fr-fr.facebook.com\/camping.bretagne.goulet","article_modified_time":"2025-12-09T13:33:27+00:00","og_image":[{"url":"https:\/\/www.campingdugoulet.fr\/wp-content\/uploads\/camping-fleche.svg","type":"","width":"","height":""}],"twitter_card":"summary_large_image","twitter_misc":{"Gesch\u00e4tzte Lesezeit":"17\u00a0Minuten"},"schema":{"@context":"https:\/\/schema.org","@graph":[{"@type":"WebPage","@id":"https:\/\/www.campingdugoulet.fr\/de\/haeufig-gestellte-fragen\/","url":"https:\/\/www.campingdugoulet.fr\/de\/haeufig-gestellte-fragen\/","name":"H\u00e4ufig gestellte Fragen - Camping du Goulet","isPartOf":{"@id":"https:\/\/www.campingdugoulet.fr\/de\/#website"},"primaryImageOfPage":{"@id":"https:\/\/www.campingdugoulet.fr\/de\/haeufig-gestellte-fragen\/#primaryimage"},"image":{"@id":"https:\/\/www.campingdugoulet.fr\/de\/haeufig-gestellte-fragen\/#primaryimage"},"thumbnailUrl":"https:\/\/www.campingdugoulet.fr\/wp-content\/uploads\/camping-fleche.svg","datePublished":"2025-05-26T09:25:33+00:00","dateModified":"2025-12-09T13:33:27+00:00","breadcrumb":{"@id":"https:\/\/www.campingdugoulet.fr\/de\/haeufig-gestellte-fragen\/#breadcrumb"},"inLanguage":"de","potentialAction":[{"@type":"ReadAction","target":["https:\/\/www.campingdugoulet.fr\/de\/haeufig-gestellte-fragen\/"]}]},{"@type":"ImageObject","inLanguage":"de","@id":"https:\/\/www.campingdugoulet.fr\/de\/haeufig-gestellte-fragen\/#primaryimage","url":"https:\/\/www.campingdugoulet.fr\/wp-content\/uploads\/camping-fleche.svg","contentUrl":"https:\/\/www.campingdugoulet.fr\/wp-content\/uploads\/camping-fleche.svg"},{"@type":"BreadcrumbList","@id":"https:\/\/www.campingdugoulet.fr\/de\/haeufig-gestellte-fragen\/#breadcrumb","itemListElement":[{"@type":"ListItem","position":1,"name":"Accueil","item":"https:\/\/www.campingdugoulet.fr\/de\/startseite-new\/"},{"@type":"ListItem","position":2,"name":"H\u00e4ufig gestellte Fragen"}]},{"@type":"WebSite","@id":"https:\/\/www.campingdugoulet.fr\/de\/#website","url":"https:\/\/www.campingdugoulet.fr\/de\/","name":"Camping du Goulet","description":"Camping 4 \u00e9toiles \u00e0 Brest, \u00e0 la pointe du Finist\u00e8re","publisher":{"@id":"https:\/\/www.campingdugoulet.fr\/de\/#organization"},"potentialAction":[{"@type":"SearchAction","target":{"@type":"EntryPoint","urlTemplate":"https:\/\/www.campingdugoulet.fr\/de\/?s={search_term_string}"},"query-input":{"@type":"PropertyValueSpecification","valueRequired":true,"valueName":"search_term_string"}}],"inLanguage":"de"},{"@type":"Organization","@id":"https:\/\/www.campingdugoulet.fr\/de\/#organization","name":"Camping Du Goulet","url":"https:\/\/www.campingdugoulet.fr\/de\/","logo":{"@type":"ImageObject","inLanguage":"de","@id":"https:\/\/www.campingdugoulet.fr\/de\/#\/schema\/logo\/image\/","url":"https:\/\/www.campingdugoulet.fr\/wp-content\/uploads\/camping-finistere.png","contentUrl":"https:\/\/www.campingdugoulet.fr\/wp-content\/uploads\/camping-finistere.png","width":190,"height":100,"caption":"Camping Du Goulet"},"image":{"@id":"https:\/\/www.campingdugoulet.fr\/de\/#\/schema\/logo\/image\/"},"sameAs":["https:\/\/fr-fr.facebook.com\/camping.bretagne.goulet","https:\/\/www.instagram.com\/campingdugoulet\/?hl=fr"]}]}},"_links":{"self":[{"href":"https:\/\/www.campingdugoulet.fr\/de\/wp-json\/wp\/v2\/pages\/8991","targetHints":{"allow":["GET"]}}],"collection":[{"href":"https:\/\/www.campingdugoulet.fr\/de\/wp-json\/wp\/v2\/pages"}],"about":[{"href":"https:\/\/www.campingdugoulet.fr\/de\/wp-json\/wp\/v2\/types\/page"}],"author":[{"embeddable":true,"href":"https:\/\/www.campingdugoulet.fr\/de\/wp-json\/wp\/v2\/users\/2"}],"replies":[{"embeddable":true,"href":"https:\/\/www.campingdugoulet.fr\/de\/wp-json\/wp\/v2\/comments?post=8991"}],"version-history":[{"count":18,"href":"https:\/\/www.campingdugoulet.fr\/de\/wp-json\/wp\/v2\/pages\/8991\/revisions"}],"predecessor-version":[{"id":13503,"href":"https:\/\/www.campingdugoulet.fr\/de\/wp-json\/wp\/v2\/pages\/8991\/revisions\/13503"}],"wp:attachment":[{"href":"https:\/\/www.campingdugoulet.fr\/de\/wp-json\/wp\/v2\/media?parent=8991"}],"wp:term":[{"taxonomy":"category","embeddable":true,"href":"https:\/\/www.campingdugoulet.fr\/de\/wp-json\/wp\/v2\/categories?post=8991"}],"curies":[{"name":"wp","href":"https:\/\/api.w.org\/{rel}","templated":true}]}}