{"id":2501,"date":"2022-12-29T09:51:45","date_gmt":"2022-12-29T08:51:45","guid":{"rendered":"http:\/\/www.campingdugoulet.fr\/kontakt\/"},"modified":"2025-12-09T13:43:34","modified_gmt":"2025-12-09T12:43:34","slug":"kontakt","status":"publish","type":"page","link":"https:\/\/www.campingdugoulet.fr\/de\/kontakt\/","title":{"rendered":"Kontakt"},"content":{"rendered":"<p>[et_pb_section fb_built=&#8220;1&#8243; _builder_version=&#8220;4.27.4&#8243; _module_preset=&#8220;default&#8220; background_color=&#8220;rgba(0,0,0,0.2)&#8220; background_image=&#8220;https:\/\/www.campingdugoulet.fr\/wp-content\/uploads\/partage-campeurs-finistere-scaled.jpg&#8220; height=&#8220;80vh&#8220; height_tablet=&#8220;80vh&#8220; height_phone=&#8220;40vh&#8220; height_last_edited=&#8220;on|phone&#8220; border_radii=&#8220;off|||30px|30px&#8220; global_colors_info=&#8220;{}&#8220;][et_pb_row _builder_version=&#8220;4.27.4&#8243; _module_preset=&#8220;default&#8220; positioning=&#8220;absolute&#8220; position_origin_a=&#8220;bottom_center&#8220; global_colors_info=&#8220;{}&#8220;][et_pb_column type=&#8220;4_4&#8243; _builder_version=&#8220;4.27.4&#8243; _module_preset=&#8220;default&#8220; global_colors_info=&#8220;{}&#8220;][et_pb_text _builder_version=&#8220;4.27.4&#8243; _module_preset=&#8220;default&#8220; header_text_color=&#8220;#FFFFFF&#8220; header_font_size=&#8220;100px&#8220; global_colors_info=&#8220;{}&#8220;]<\/p>\n<h1 style=\"text-align: center;\">Informationen &amp; Anreise<\/h1>\n<p>[\/et_pb_text][et_pb_text _builder_version=&#8220;4.17.4&#8243; _module_preset=&#8220;default&#8220; header_text_color=&#8220;#FFFFFF&#8220; global_colors_info=&#8220;{}&#8220;]<\/p>\n<p style=\"text-align: center;\"><img decoding=\"async\" src=\"https:\/\/www.campingdugoulet.fr\/wp-content\/uploads\/camping-fleche.svg\" style=\"width: 45px;\" alt=\"camping fleche\"><\/p>\n<p>[\/et_pb_text][\/et_pb_column][\/et_pb_row][\/et_pb_section][et_pb_section fb_built=&#8220;1&#8243; custom_padding_last_edited=&#8220;on|phone&#8220; _builder_version=&#8220;4.27.4&#8243; _module_preset=&#8220;default&#8220; background_enable_color=&#8220;off&#8220; custom_padding_tablet=&#8220;&#8220; custom_padding_phone=&#8220;||0px||false|false&#8220; global_colors_info=&#8220;{}&#8220;][et_pb_row column_structure=&#8220;1_2,1_2&#8243; _builder_version=&#8220;4.27.4&#8243; _module_preset=&#8220;default&#8220; background_color=&#8220;rgba(235,165,60,0.11)&#8220; width=&#8220;100%&#8220; max_width=&#8220;1480px&#8220; max_width_tablet=&#8220;1480px&#8220; max_width_phone=&#8220;1480px&#8220; max_width_last_edited=&#8220;on|phone&#8220; border_radii=&#8220;on|30px|30px|30px|30px&#8220; global_colors_info=&#8220;{}&#8220;][et_pb_column type=&#8220;1_2&#8243; _builder_version=&#8220;4.27.4&#8243; _module_preset=&#8220;default&#8220; global_colors_info=&#8220;{}&#8220;][et_pb_heading title=&#8220;Kontaktformular&#8220; _builder_version=&#8220;4.27.4&#8243; _module_preset=&#8220;_initial&#8220; title_level=&#8220;h2&#8243; title_font=&#8220;Playfair Display||||||||&#8220; title_text_align=&#8220;left&#8220; title_font_size=&#8220;40px&#8220; title_line_height=&#8220;1.9em&#8220; width=&#8220;80%&#8220; width_tablet=&#8220;80%&#8220; width_phone=&#8220;80%&#8220; width_last_edited=&#8220;on|phone&#8220; module_alignment=&#8220;center&#8220; custom_margin=&#8220;||||false|false&#8220; title_font_size_tablet=&#8220;32px&#8220; title_font_size_phone=&#8220;20px&#8220; title_font_size_last_edited=&#8220;on|desktop&#8220; locked=&#8220;off&#8220; global_colors_info=&#8220;{}&#8220;][\/et_pb_heading][et_pb_text _builder_version=&#8220;4.27.4&#8243; _module_preset=&#8220;default&#8220; text_font=&#8220;||||||||&#8220; width=&#8220;96.4%&#8220; width_tablet=&#8220;&#8220; width_phone=&#8220;80%&#8220; width_last_edited=&#8220;on|phone&#8220; module_alignment=&#8220;center&#8220; hover_enabled=&#8220;0&#8243; global_colors_info=&#8220;{}&#8220; sticky_enabled=&#8220;0&#8243;]<\/p>\n<p><strong>Haben Sie eine Frage, Lust auf einen Urlaub im Herzen der Bretagne oder ben\u00f6tigen Sie einfach nur Informationen? Kontaktieren Sie uns oder <a href=\"https:\/\/thelisresa.webcamp.fr\/list.php?camping=goulet&amp;lang=fr&amp;PHPSESSID=ca0mg00gjo7nba3v9ma3cnqbjh&amp;begin=2025-09-06&amp;duration=7&amp;end=2025-09-13&amp;nb_pers=2&amp;type=2\" target=\"_blank\" rel=\"noopener\" title=\"Buchungsraum\">buchen Sie direkt online<\/a>. <\/strong><\/p>\n<p><strong><\/strong><\/p>\n<p><strong>Camping du Goulet****<\/strong><br \/>285 Chemin de Lanhouarnec, 29200 Brest (Finist\u00e8re)<br \/> Tel.<strong>: 02 98 45 86 84<\/strong><\/p>\n<p>&nbsp;<\/p>\n<p>Der Campingplatz ist <strong>vom 1. Mai bis zum 27. September 2026<\/strong> ge\u00f6ffnet.<\/p>\n<p>\u00d6ffnungszeiten Empfang in der Nebensaison (Oktober bis April): 9.30 &#8211; 12.00 Uhr und 14.00 &#8211; 17.00 Uhr<\/p>\n<p>\u00d6ffnungszeiten Empfang in der Zwischensaison (Mai, Juni und September): 9.30 &#8211; 12.30 Uhr und 14 &#8211; 19 Uhr<\/p>\n<p>\u00d6ffnungszeiten Empfang in der Hochsaison (Juli und August): 9.30 &#8211; 12.30 Uhr und 13.30 &#8211; 20.00 Uhr<\/p>\n<p>(Au\u00dferhalb dieser Zeiten schreiben Sie uns bitte an <strong><a href=\"mailto:info@campingdugoulet.fr\" target=\"_blank\" rel=\"noopener\" title=\"Mail camping du goulet\">info@campingdugoulet.fr<\/a><\/strong> \u2b08)<\/p>\n<p>&nbsp;<\/p>\n<p>F\u00fcllen Sie das Formular auf der rechten Seite aus und wir werden Ihnen so schnell wie m\u00f6glich antworten.<\/p>\n<p>[\/et_pb_text][\/et_pb_column][et_pb_column type=&#8220;1_2&#8243; _builder_version=&#8220;4.27.4&#8243; _module_preset=&#8220;default&#8220; custom_padding=&#8220;40px|100px||0px|false|false&#8220; custom_padding_tablet=&#8220;40px|100px||0px|false|false&#8220; custom_padding_phone=&#8220;0px|0px|||false|false&#8220; custom_padding_last_edited=&#8220;on|phone&#8220; global_colors_info=&#8220;{}&#8220;][et_pb_contact_form use_spam_service=&#8220;on&#8220; recaptcha_list=&#8220;Default|Default-0&#8243; email=&#8220;info@campingdugoulet.fr&#8220; custom_message=&#8220;Sie haben eine neue Kontaktanfrage von campingdugoulet.de :||et_pb_line_break_holder||||et_pb_line_break_holder||Name: %%Name%%: %%Pr\u00e9nom%% mail : %%Email%%: %%Tel%%: %%rgpd%%&#8220; success_message=&#8220;&lt;p&gt;Vielen Dank f\u00fcr Ihre Nachricht&lt;\/p&gt;&#8220; submit_button_text=&#8220;Senden Sie&#8220; _builder_version=&#8220;4.27.4&#8243; _module_preset=&#8220;default&#8220; _unique_id=&#8220;8dac4eab-bcdf-48f9-bacc-098236fe7041&#8243; form_field_background_color=&#8220;#FFFFFF&#8220; form_field_text_color=&#8220;#000000&#8243; form_field_focus_background_color=&#8220;rgba(235,165,60,0.24)&#8220; captcha_text_color=&#8220;#000000&#8243; custom_button=&#8220;on&#8220; button_text_size=&#8220;18px&#8220; button_text_color=&#8220;#FFFFFF&#8220; button_bg_color=&#8220;#EBA53C&#8220; button_border_width=&#8220;2px&#8220; button_border_color=&#8220;#FFFFFF&#8220; width_tablet=&#8220;&#8220; width_phone=&#8220;80%&#8220; width_last_edited=&#8220;on|phone&#8220; module_alignment=&#8220;center&#8220; field_label_background=&#8220;#FFFFFF&#8220; field_label_border=&#8220;on|16px|16px|16px|16px&#8220; field_label_border_color=&#8220;#505050&#8243; field_label_border_width=&#8220;1px&#8220; field_desc_border=&#8220;on||||&#8220; global_colors_info=&#8220;{}&#8220; form_field_background_color__hover_enabled=&#8220;on|hover&#8220; form_field_background_color__hover=&#8220;#FFFFFF&#8220;][et_pb_contact_field field_id=&#8220;Name&#8220; field_title=&#8220;Name&#8220; _builder_version=&#8220;4.16&#8243; global_colors_info=&#8220;{}&#8220; button_text_size__hover_enabled=&#8220;off&#8220; button_one_text_size__hover_enabled=&#8220;off&#8220; button_two_text_size__hover_enabled=&#8220;off&#8220; button_text_color__hover_enabled=&#8220;off&#8220; button_one_text_color__hover_enabled=&#8220;off&#8220; button_two_text_color__hover_enabled=&#8220;off&#8220; button_border_width__hover_enabled=&#8220;off&#8220; button_one_border_width__hover_enabled=&#8220;off&#8220; button_two_border_width__hover_enabled=&#8220;off&#8220; button_border_color__hover_enabled=&#8220;off&#8220; button_one_border_color__hover_enabled=&#8220;off&#8220; button_two_border_color__hover_enabled=&#8220;off&#8220; button_border_radius__hover_enabled=&#8220;off&#8220; button_one_border_radius__hover_enabled=&#8220;off&#8220; button_two_border_radius__hover_enabled=&#8220;off&#8220; button_letter_spacing__hover_enabled=&#8220;off&#8220; button_one_letter_spacing__hover_enabled=&#8220;off&#8220; button_two_letter_spacing__hover_enabled=&#8220;off&#8220; button_bg_color__hover_enabled=&#8220;off&#8220; button_one_bg_color__hover_enabled=&#8220;off&#8220; button_two_bg_color__hover_enabled=&#8220;off&#8220;][\/et_pb_contact_field][et_pb_contact_field field_id=&#8220;Pr\u00e9nom&#8220; field_title=&#8220;Vorname&#8220; _builder_version=&#8220;4.17.4&#8243; global_colors_info=&#8220;{}&#8220; button_text_size__hover_enabled=&#8220;off&#8220; button_one_text_size__hover_enabled=&#8220;off&#8220; button_two_text_size__hover_enabled=&#8220;off&#8220; button_text_color__hover_enabled=&#8220;off&#8220; button_one_text_color__hover_enabled=&#8220;off&#8220; button_two_text_color__hover_enabled=&#8220;off&#8220; button_border_width__hover_enabled=&#8220;off&#8220; button_one_border_width__hover_enabled=&#8220;off&#8220; button_two_border_width__hover_enabled=&#8220;off&#8220; button_border_color__hover_enabled=&#8220;off&#8220; button_one_border_color__hover_enabled=&#8220;off&#8220; button_two_border_color__hover_enabled=&#8220;off&#8220; button_border_radius__hover_enabled=&#8220;off&#8220; button_one_border_radius__hover_enabled=&#8220;off&#8220; button_two_border_radius__hover_enabled=&#8220;off&#8220; button_letter_spacing__hover_enabled=&#8220;off&#8220; button_one_letter_spacing__hover_enabled=&#8220;off&#8220; button_two_letter_spacing__hover_enabled=&#8220;off&#8220; button_bg_color__hover_enabled=&#8220;off&#8220; button_one_bg_color__hover_enabled=&#8220;off&#8220; button_two_bg_color__hover_enabled=&#8220;off&#8220;][\/et_pb_contact_field][et_pb_contact_field field_id=&#8220;Code_postal&#8220; field_title=&#8220;Postleitzahl&#8220; allowed_symbols=&#8220;numbers&#8220; _builder_version=&#8220;4.24.2&#8243; global_colors_info=&#8220;{}&#8220; button_text_size__hover_enabled=&#8220;off&#8220; button_one_text_size__hover_enabled=&#8220;off&#8220; button_two_text_size__hover_enabled=&#8220;off&#8220; button_text_color__hover_enabled=&#8220;off&#8220; button_one_text_color__hover_enabled=&#8220;off&#8220; button_two_text_color__hover_enabled=&#8220;off&#8220; button_border_width__hover_enabled=&#8220;off&#8220; button_one_border_width__hover_enabled=&#8220;off&#8220; button_two_border_width__hover_enabled=&#8220;off&#8220; button_border_color__hover_enabled=&#8220;off&#8220; button_one_border_color__hover_enabled=&#8220;off&#8220; button_two_border_color__hover_enabled=&#8220;off&#8220; button_border_radius__hover_enabled=&#8220;off&#8220; button_one_border_radius__hover_enabled=&#8220;off&#8220; button_two_border_radius__hover_enabled=&#8220;off&#8220; button_letter_spacing__hover_enabled=&#8220;off&#8220; button_one_letter_spacing__hover_enabled=&#8220;off&#8220; button_two_letter_spacing__hover_enabled=&#8220;off&#8220; button_bg_color__hover_enabled=&#8220;off&#8220; button_one_bg_color__hover_enabled=&#8220;off&#8220; button_two_bg_color__hover_enabled=&#8220;off&#8220;][\/et_pb_contact_field][et_pb_contact_field field_id=&#8220;ville&#8220; field_title=&#8220;Stadt&#8220; _builder_version=&#8220;4.24.2&#8243; global_colors_info=&#8220;{}&#8220; button_text_size__hover_enabled=&#8220;off&#8220; button_one_text_size__hover_enabled=&#8220;off&#8220; button_two_text_size__hover_enabled=&#8220;off&#8220; button_text_color__hover_enabled=&#8220;off&#8220; button_one_text_color__hover_enabled=&#8220;off&#8220; button_two_text_color__hover_enabled=&#8220;off&#8220; button_border_width__hover_enabled=&#8220;off&#8220; button_one_border_width__hover_enabled=&#8220;off&#8220; button_two_border_width__hover_enabled=&#8220;off&#8220; button_border_color__hover_enabled=&#8220;off&#8220; button_one_border_color__hover_enabled=&#8220;off&#8220; button_two_border_color__hover_enabled=&#8220;off&#8220; button_border_radius__hover_enabled=&#8220;off&#8220; button_one_border_radius__hover_enabled=&#8220;off&#8220; button_two_border_radius__hover_enabled=&#8220;off&#8220; button_letter_spacing__hover_enabled=&#8220;off&#8220; button_one_letter_spacing__hover_enabled=&#8220;off&#8220; button_two_letter_spacing__hover_enabled=&#8220;off&#8220; button_bg_color__hover_enabled=&#8220;off&#8220; button_one_bg_color__hover_enabled=&#8220;off&#8220; button_two_bg_color__hover_enabled=&#8220;off&#8220;][\/et_pb_contact_field][et_pb_contact_field field_id=&#8220;Email&#8220; field_title=&#8220;E-Mail-Adresse&#8220; field_type=&#8220;email&#8220; _builder_version=&#8220;4.16&#8243; global_colors_info=&#8220;{}&#8220; button_text_size__hover_enabled=&#8220;off&#8220; button_one_text_size__hover_enabled=&#8220;off&#8220; button_two_text_size__hover_enabled=&#8220;off&#8220; button_text_color__hover_enabled=&#8220;off&#8220; button_one_text_color__hover_enabled=&#8220;off&#8220; button_two_text_color__hover_enabled=&#8220;off&#8220; button_border_width__hover_enabled=&#8220;off&#8220; button_one_border_width__hover_enabled=&#8220;off&#8220; button_two_border_width__hover_enabled=&#8220;off&#8220; button_border_color__hover_enabled=&#8220;off&#8220; button_one_border_color__hover_enabled=&#8220;off&#8220; button_two_border_color__hover_enabled=&#8220;off&#8220; button_border_radius__hover_enabled=&#8220;off&#8220; button_one_border_radius__hover_enabled=&#8220;off&#8220; button_two_border_radius__hover_enabled=&#8220;off&#8220; button_letter_spacing__hover_enabled=&#8220;off&#8220; button_one_letter_spacing__hover_enabled=&#8220;off&#8220; button_two_letter_spacing__hover_enabled=&#8220;off&#8220; button_bg_color__hover_enabled=&#8220;off&#8220; button_one_bg_color__hover_enabled=&#8220;off&#8220; button_two_bg_color__hover_enabled=&#8220;off&#8220;][\/et_pb_contact_field][et_pb_contact_field field_id=&#8220;Tel&#8220; field_title=&#8220;Telefon&#8220; _builder_version=&#8220;4.17.4&#8243; global_colors_info=&#8220;{}&#8220; button_text_size__hover_enabled=&#8220;off&#8220; button_one_text_size__hover_enabled=&#8220;off&#8220; button_two_text_size__hover_enabled=&#8220;off&#8220; button_text_color__hover_enabled=&#8220;off&#8220; button_one_text_color__hover_enabled=&#8220;off&#8220; button_two_text_color__hover_enabled=&#8220;off&#8220; button_border_width__hover_enabled=&#8220;off&#8220; button_one_border_width__hover_enabled=&#8220;off&#8220; button_two_border_width__hover_enabled=&#8220;off&#8220; button_border_color__hover_enabled=&#8220;off&#8220; button_one_border_color__hover_enabled=&#8220;off&#8220; button_two_border_color__hover_enabled=&#8220;off&#8220; button_border_radius__hover_enabled=&#8220;off&#8220; button_one_border_radius__hover_enabled=&#8220;off&#8220; button_two_border_radius__hover_enabled=&#8220;off&#8220; button_letter_spacing__hover_enabled=&#8220;off&#8220; button_one_letter_spacing__hover_enabled=&#8220;off&#8220; button_two_letter_spacing__hover_enabled=&#8220;off&#8220; button_bg_color__hover_enabled=&#8220;off&#8220; button_one_bg_color__hover_enabled=&#8220;off&#8220; button_two_bg_color__hover_enabled=&#8220;off&#8220;][\/et_pb_contact_field][et_pb_contact_field field_id=&#8220;Message&#8220; field_title=&#8220;Nachricht&#8220; field_type=&#8220;text&#8220; fullwidth_field=&#8220;on&#8220; _builder_version=&#8220;4.16&#8243; global_colors_info=&#8220;{}&#8220; button_text_size__hover_enabled=&#8220;off&#8220; button_one_text_size__hover_enabled=&#8220;off&#8220; button_two_text_size__hover_enabled=&#8220;off&#8220; button_text_color__hover_enabled=&#8220;off&#8220; button_one_text_color__hover_enabled=&#8220;off&#8220; button_two_text_color__hover_enabled=&#8220;off&#8220; button_border_width__hover_enabled=&#8220;off&#8220; button_one_border_width__hover_enabled=&#8220;off&#8220; button_two_border_width__hover_enabled=&#8220;off&#8220; button_border_color__hover_enabled=&#8220;off&#8220; button_one_border_color__hover_enabled=&#8220;off&#8220; button_two_border_color__hover_enabled=&#8220;off&#8220; button_border_radius__hover_enabled=&#8220;off&#8220; button_one_border_radius__hover_enabled=&#8220;off&#8220; button_two_border_radius__hover_enabled=&#8220;off&#8220; button_letter_spacing__hover_enabled=&#8220;off&#8220; button_one_letter_spacing__hover_enabled=&#8220;off&#8220; button_two_letter_spacing__hover_enabled=&#8220;off&#8220; button_bg_color__hover_enabled=&#8220;off&#8220; button_one_bg_color__hover_enabled=&#8220;off&#8220; button_two_bg_color__hover_enabled=&#8220;off&#8220;][\/et_pb_contact_field][et_pb_contact_field field_id=&#8220;rgpd&#8220; field_title=&#8220; &#8220; field_type=&#8220;radio&#8220; radio_options=&#8220;%91{%22value%22:%22Ja, ich stimme der Datenschutzrichtlinie zu.  %22,%22checked%22:0,%22dragID%22:-1,%22link_url%22:%22%92\/mentions-legales%22}%93&#8243; fullwidth_field=&#8220;on&#8220; _builder_version=&#8220;4.27.4&#8243; _module_preset=&#8220;default&#8220; form_field_background_color=&#8220;#EBA53C&#8220; form_field_text_color=&#8220;#505050&#8243; form_field_focus_background_color=&#8220;#98CFFC&#8220; form_field_focus_text_color=&#8220;#5EB4F9&#8243; global_colors_info=&#8220;{}&#8220;][\/et_pb_contact_field][\/et_pb_contact_form][\/et_pb_column][\/et_pb_row][\/et_pb_section][et_pb_section fb_built=&#8220;1&#8243; custom_padding_last_edited=&#8220;on|phone&#8220; _builder_version=&#8220;4.27.4&#8243; _module_preset=&#8220;default&#8220; custom_padding=&#8220;0px||0px||false|false&#8220; custom_padding_tablet=&#8220;0px||0px||false|false&#8220; custom_padding_phone=&#8220;20px||||false|false&#8220; global_colors_info=&#8220;{}&#8220;][et_pb_row _builder_version=&#8220;4.27.4&#8243; _module_preset=&#8220;default&#8220; custom_margin=&#8220;0px||||false|false&#8220; custom_padding=&#8220;0px||||false|false&#8220; global_colors_info=&#8220;{}&#8220;][et_pb_column type=&#8220;4_4&#8243; _builder_version=&#8220;4.27.4&#8243; _module_preset=&#8220;default&#8220; global_colors_info=&#8220;{}&#8220;][et_pb_heading title=&#8220;Wie kommen Sie zum Campingplatz?&#8220; _builder_version=&#8220;4.27.4&#8243; _module_preset=&#8220;_initial&#8220; title_level=&#8220;h2&#8243; title_font=&#8220;Playfair Display||||||||&#8220; title_text_align=&#8220;center&#8220; title_font_size=&#8220;40px&#8220; title_line_height=&#8220;1.2em&#8220; module_alignment=&#8220;center&#8220; custom_margin=&#8220;||||false|false&#8220; title_font_size_tablet=&#8220;32px&#8220; title_font_size_phone=&#8220;20px&#8220; title_font_size_last_edited=&#8220;on|desktop&#8220; locked=&#8220;off&#8220; global_colors_info=&#8220;{}&#8220;][\/et_pb_heading][\/et_pb_column][\/et_pb_row][et_pb_row column_structure=&#8220;1_4,1_4,1_4,1_4&#8243; _builder_version=&#8220;4.27.4&#8243; _module_preset=&#8220;default&#8220; width=&#8220;100%&#8220; width_tablet=&#8220;100%&#8220; width_phone=&#8220;80%&#8220; width_last_edited=&#8220;on|phone&#8220; max_width=&#8220;1480px&#8220; custom_margin=&#8220;40px||||false|false&#8220; custom_margin_tablet=&#8220;40px||||false|false&#8220; custom_margin_phone=&#8220;0px||||false|false&#8220; custom_margin_last_edited=&#8220;on|phone&#8220; global_colors_info=&#8220;{}&#8220;][et_pb_column type=&#8220;1_4&#8243; _builder_version=&#8220;4.27.4&#8243; _module_preset=&#8220;default&#8220; global_colors_info=&#8220;{}&#8220;][et_pb_image src=&#8220;https:\/\/www.campingdugoulet.fr\/wp-content\/uploads\/picto-train.png&#8220; alt=&#8220;Zug-Piktogramm&#8220; title_text=&#8220;picto-train&#8220; _builder_version=&#8220;4.27.4&#8243; _module_preset=&#8220;default&#8220; global_colors_info=&#8220;{}&#8220;][\/et_pb_image][et_pb_text _builder_version=&#8220;4.27.4&#8243; _module_preset=&#8220;default&#8220; global_colors_info=&#8220;{}&#8220;]<\/p>\n<p><strong>Mit dem Zug<\/strong><\/p>\n<ul>\n<li>Bahnhof Brest: ca. 15 Minuten mit dem Auto vom Campingplatz entfernt (TGV direkt von Paris in 3,5 Stunden)<\/li>\n<li>Bahnhof Landerneau: 25 Minuten mit dem Auto entfernt<\/li>\n<\/ul>\n<p>Um Ihre Reise zu organisieren <a href=\"http:\/\/www.sncf-connect.com\" target=\"_blank\" rel=\"noopener\" title=\"Sncf\"><strong>Anreise:<\/strong><\/a> Besuchen Sie <strong>www.sncf-connect.com<\/strong><\/p>\n<p>[\/et_pb_text][\/et_pb_column][et_pb_column type=&#8220;1_4&#8243; _builder_version=&#8220;4.27.4&#8243; _module_preset=&#8220;default&#8220; global_colors_info=&#8220;{}&#8220;][et_pb_image src=&#8220;https:\/\/www.campingdugoulet.fr\/wp-content\/uploads\/picto-voiture.png&#8220; alt=&#8220;Piktogramm Auto&#8220; title_text=&#8220;picto-auto&#8220; _builder_version=&#8220;4.27.4&#8243; _module_preset=&#8220;default&#8220; global_colors_info=&#8220;{}&#8220;][\/et_pb_image][et_pb_text _builder_version=&#8220;4.27.4&#8243; _module_preset=&#8220;default&#8220; global_colors_info=&#8220;{}&#8220;]<strong>Mit dem Auto<\/strong><\/p>\n<p>Der Campingplatz ist leicht mit dem Auto zu erreichen und liegt in einer gr\u00fcnen und ruhigen Umgebung, am Stadtrand von Brest, aber dennoch ruhig.<br \/>\n\t<\/p>\n<li>Von Quimper: 1 Stunde 15 Minuten<\/li>\n<li>Von Lorient: 2.00 Uhr<\/li>\n<li>Von Rennes: 2,5 Stunden<\/li>\n<li>Von Nantes: 3,5 Stunden<\/li>\n<li>Von Paris: ca. 6 Stunden<\/li>\n<\/ul>\n<p>[\/et_pb_text][\/et_pb_column][et_pb_column type=&#8220;1_4&#8243; _builder_version=&#8220;4.27.4&#8243; _module_preset=&#8220;default&#8220; global_colors_info=&#8220;{}&#8220;][et_pb_image src=&#8220;https:\/\/www.campingdugoulet.fr\/wp-content\/uploads\/picto-bus-transport-2.png&#8220; alt=&#8220;Picto Bus Transport&#8220; title_text=&#8220;picto-bus-transport&#8220; _builder_version=&#8220;4.27.4&#8243; _module_preset=&#8220;default&#8220; global_colors_info=&#8220;{}&#8220;][\/et_pb_image][et_pb_text _builder_version=&#8220;4.27.4&#8243; _module_preset=&#8220;default&#8220; global_colors_info=&#8220;{}&#8220;]<\/p>\n<p><strong>Mit dem Bus<\/strong><\/p>\n<p data-start=\"114\" data-end=\"344\">Das Netzwerk <a href=\"https:\/\/www.bibus.fr\/se-deplacer\/horaires-aux-arrets\" target=\"_blank\" rel=\"noopener\" title=\"\u00d6ffentliche Verkehrsmittel\"><strong data-start=\"124\" data-end=\"133\">Bibus<\/strong><\/a> verkehrt in Brest und bietet eine gute Anbindung an das Stadtzentrum, die Stra\u00dfenbahn, Gesch\u00e4fte und Superm\u00e4rkte. Eine Haltestelle befindet sich weniger als 500 m vom Campingplatz entfernt und macht es Ihnen leicht, mit den \u00f6ffentlichen Verkehrsmitteln zu reisen.<\/p>\n<p>[\/et_pb_text][\/et_pb_column][et_pb_column type=&#8220;1_4&#8243; _builder_version=&#8220;4.27.4&#8243; _module_preset=&#8220;default&#8220; global_colors_info=&#8220;{}&#8220;][et_pb_image src=&#8220;https:\/\/www.campingdugoulet.fr\/wp-content\/uploads\/picto-avion-vol.png&#8220; alt=&#8220;picto Flugzeug Flug&#8220; title_text=&#8220;picto-avion-vol&#8220; _builder_version=&#8220;4.27.4&#8243; _module_preset=&#8220;default&#8220; width=&#8220;20%&#8220; global_colors_info=&#8220;{}&#8220;][\/et_pb_image][et_pb_text _builder_version=&#8220;4.27.4&#8243; _module_preset=&#8220;default&#8220; global_colors_info=&#8220;{}&#8220;]<\/p>\n<p><strong>Mit dem Flugzeug<\/strong><\/p>\n<ul>\n<li>Flughafen Brest <a href=\"https:\/\/www.brest.aeroport.bzh\/accueil\" target=\"_blank\" rel=\"noopener\" title=\"Flughafen Brest\"><strong>Brest-Bretagne<\/strong><\/a> (Guipavas): 20 Autominuten vom Campingplatz entfernt<\/li>\n<li>Flughafen Quimper: 1 Stunde 15 Minuten entfernt<\/li>\n<li>Flughafen Rennes: ca. 2,5 Stunden<\/li>\n<\/ul>\n<p>Es gibt regelm\u00e4\u00dfige Fl\u00fcge von Paris, Lyon, Marseille, Toulouse und anderen gro\u00dfen St\u00e4dten nach Brest.<\/p>\n<p>[\/et_pb_text][\/et_pb_column][\/et_pb_row][\/et_pb_section][et_pb_section fb_built=&#8220;1&#8243; custom_padding_last_edited=&#8220;on|phone&#8220; _builder_version=&#8220;4.27.4&#8243; _module_preset=&#8220;default&#8220; custom_margin_tablet=&#8220;&#8220; custom_margin_phone=&#8220;||||false|false&#8220; custom_margin_last_edited=&#8220;on|phone&#8220; custom_padding_tablet=&#8220;&#8220; custom_padding_phone=&#8220;20px||0px||false|false&#8220; global_colors_info=&#8220;{}&#8220;][et_pb_row _builder_version=&#8220;4.27.4&#8243; _module_preset=&#8220;default&#8220; custom_margin_tablet=&#8220;&#8220; custom_margin_phone=&#8220;0px||0px||true|false&#8220; custom_margin_last_edited=&#8220;on|phone&#8220; custom_padding=&#8220;0px||||false|false&#8220; global_colors_info=&#8220;{}&#8220;][et_pb_column type=&#8220;4_4&#8243; _builder_version=&#8220;4.27.4&#8243; _module_preset=&#8220;default&#8220; global_colors_info=&#8220;{}&#8220;][et_pb_heading title=&#8220;FAQs&#8220; _builder_version=&#8220;4.27.4&#8243; _module_preset=&#8220;_initial&#8220; title_level=&#8220;h2&#8243; title_font=&#8220;Playfair Display||||||||&#8220; title_text_align=&#8220;center&#8220; title_font_size=&#8220;40px&#8220; title_line_height=&#8220;1.2em&#8220; module_alignment=&#8220;center&#8220; custom_margin=&#8220;||||false|false&#8220; title_font_size_tablet=&#8220;32px&#8220; title_font_size_phone=&#8220;20px&#8220; title_font_size_last_edited=&#8220;on|desktop&#8220; locked=&#8220;off&#8220; global_colors_info=&#8220;{}&#8220;][\/et_pb_heading][\/et_pb_column][\/et_pb_row][et_pb_row column_structure=&#8220;1_2,1_2&#8243; _builder_version=&#8220;4.27.4&#8243; _module_preset=&#8220;default&#8220; width=&#8220;100%&#8220; max_width=&#8220;1480px&#8220; global_colors_info=&#8220;{}&#8220;][et_pb_column type=&#8220;1_2&#8243; _builder_version=&#8220;4.27.4&#8243; _module_preset=&#8220;default&#8220; global_colors_info=&#8220;{}&#8220;][et_pb_toggle title=&#8220;Allgemeines&#8220; open_toggle_text_color=&#8220;#505050&#8243; open_toggle_background_color=&#8220;RGBA(255,255,255,0)&#8220; closed_toggle_background_color=&#8220;RGBA(255,255,255,0)&#8220; icon_color=&#8220;#EBA53C&#8220; toggle_icon=&#8220;&#x4c;||divi||400&#8243; use_icon_font_size=&#8220;on&#8220; icon_font_size=&#8220;30px&#8220; open_icon_color=&#8220;rgba(235,165,60,0.76)&#8220; open_toggle_icon=&#8220;&#xf2d1;||fa||400&#8243; open_use_icon_font_size=&#8220;on&#8220; open_icon_font_size=&#8220;24px&#8220; _builder_version=&#8220;4.27.4&#8243; _module_preset=&#8220;default&#8220; title_text_color=&#8220;#505050&#8243; title_level=&#8220;h3&#8243; title_font=&#8220;&#8211;et_global_heading_font|||on|||||&#8220; title_font_size=&#8220;16px&#8220; title_letter_spacing=&#8220;1px&#8220; title_line_height=&#8220;2em&#8220; closed_title_font=&#8220;Playfair Display||||||||&#8220; body_text_color=&#8220;#505050&#8243; body_line_height=&#8220;1.6em&#8220; border_width_all=&#8220;0px&#8220; border_width_bottom=&#8220;2px&#8220; border_color_bottom=&#8220;#2d6a9b&#8220; global_colors_info=&#8220;{}&#8220;]<\/p>\n<div class=\"schema-faq-section\" id=\"faq-question-1747410401682\">\n<div class=\"schema-faq-section\" id=\"faq-question-1747410401682\">\n<p><strong class=\"schema-faq-question\"><strong>Wo liegt der Campingplatz du Goulet?<\/strong><\/strong><br \/>Der Campingplatz liegt in Brest, nur 6 km vom Stadtzentrum und 500 m vom Meer entfernt. Zur Vorbereitung Ihrer Reise, <span> <\/span><strong><a href=\"https:\/\/www.google.com\/maps\/dir\/\/Camping+du+Goulet,+285+Chem.+de+Lanhouarnec,+29200+Brest\/@48.365518,-4.5435599,17z\/data=!4m9!4m8!1m0!1m5!1m1!1s0x4816bef18dcdc619:0x5f3b950b5914fc5d!2m2!1d-4.540985!2d48.365518!3e0?entry=ttu&amp;g_ep=EgoyMDI1MDUxMi4wIKXMDSoASAFQAw%3D%3D\">klicken Sie hier<\/a>.<\/strong><\/p>\n<p class=\"schema-faq-answer\"><strong class=\"schema-faq-question\"><strong>Ist der Campingplatz das ganze Jahr \u00fcber ge\u00f6ffnet?<\/strong><\/strong><\/p>\n<\/div>\n<div class=\"schema-faq-section\" id=\"faq-question-1747410445112\">\n<p class=\"schema-faq-answer\">Der Campingplatz ist vom 11\/04\/2025 bis zum 28\/09\/2025 ge\u00f6ffnet, mit einer Winterpause. Online-Buchungen sind das ganze Jahr \u00fcber m\u00f6glich. <\/p>\n<p class=\"schema-faq-answer\"><strong class=\"schema-faq-question\"><strong>Ist es m\u00f6glich, ohne Reservierung zu kommen?<\/strong><\/strong><\/p>\n<\/div>\n<div class=\"schema-faq-section\" id=\"faq-question-1747410508449\">\n<p class=\"schema-faq-answer\">Ja, Stellpl\u00e4tze f\u00fcr Wohnmobile, Wohnwagen und Zelte je nach Verf\u00fcgbarkeit. In der Hochsaison empfehlen wir Ihnen jedoch dringend, im Voraus zu buchen.<br \/>Die Vermietung von Mobilheimen ist nur nach vorheriger Reservierung m\u00f6glich, per Telefon, E-Mail oder auf unserer Website. Buchen Sie Ihre Unterkunft, indem Sie<strong> <a href=\"https:\/\/www.campingdugoulet.fr\/de\/\">hier klicken<\/a>.<\/strong>  <\/p>\n<p class=\"schema-faq-answer\"><strong class=\"schema-faq-question\"><strong>Ist der Campingplatz f\u00fcr Personen mit eingeschr\u00e4nkter Mobilit\u00e4t zug\u00e4nglich?<\/strong><\/strong><\/p>\n<\/div>\n<div class=\"schema-faq-section\" id=\"faq-question-1747410514731\">\n<p class=\"schema-faq-answer\">Ja, unsere Einrichtungen sind f\u00fcr Personen mit eingeschr\u00e4nkter Mobilit\u00e4t zug\u00e4nglich. Bitte kontaktieren Sie uns, um Ihren Aufenthalt so gut wie m\u00f6glich zu organisieren. <\/p>\n<\/div>\n<\/div>\n<p>[\/et_pb_toggle][et_pb_toggle title=&#8220;Die Standorte&#8220; open_toggle_text_color=&#8220;#505050&#8243; open_toggle_background_color=&#8220;RGBA(255,255,255,0)&#8220; closed_toggle_background_color=&#8220;RGBA(255,255,255,0)&#8220; icon_color=&#8220;#EBA53C&#8220; toggle_icon=&#8220;&#x4c;||divi||400&#8243; use_icon_font_size=&#8220;on&#8220; icon_font_size=&#8220;30px&#8220; open_icon_color=&#8220;rgba(235,165,60,0.76)&#8220; open_toggle_icon=&#8220;&#xf2d1;||fa||400&#8243; open_use_icon_font_size=&#8220;on&#8220; open_icon_font_size=&#8220;24px&#8220; _builder_version=&#8220;4.27.4&#8243; _module_preset=&#8220;default&#8220; title_text_color=&#8220;#505050&#8243; title_level=&#8220;h3&#8243; title_font=&#8220;&#8211;et_global_heading_font|||on|||||&#8220; title_font_size=&#8220;16px&#8220; title_letter_spacing=&#8220;1px&#8220; title_line_height=&#8220;2em&#8220; closed_title_font=&#8220;Playfair Display||||||||&#8220; body_text_color=&#8220;#505050&#8243; body_line_height=&#8220;1.6em&#8220; border_width_all=&#8220;0px&#8220; border_width_bottom=&#8220;2px&#8220; border_color_bottom=&#8220;#2d6a9b&#8220; global_colors_info=&#8220;{}&#8220;]<\/p>\n<p><strong>Welche Arten von Stellpl\u00e4tzen bieten Sie an?<\/strong><br \/>Gr\u00fcne und ger\u00e4umige Stellpl\u00e4tze von durchschnittlich 100 m\u00b2 mit Wasser und Strom nach Ihren Bed\u00fcrfnissen.<\/p>\n<p><strong>Kann ich mein Wohnmobil mitbringen?<\/strong><br \/>Ja, der Campingplatz empf\u00e4ngt Wohnmobile mit speziellen Stellpl\u00e4tzen. Der Campingplatz verf\u00fcgt auch \u00fcber einen Servicebereich f\u00fcr Wohnmobile, der nur f\u00fcr G\u00e4ste des Campingplatzes reserviert ist. <\/p>\n<p><strong>Muss ich eine Kaution hinterlegen?<\/strong><br \/>Eine Kaution von \u20ac 150 und eine Kaution von \u20ac 80 sind bei Ihrer Ankunft f\u00fcr jeden Aufenthalt in einer Mietunterkunft zu hinterlegen. Sie sind in bar, per Scheck oder per Kreditkarte (nicht belastet) zu zahlen. Die Kaution wird Ihnen am Abreisetag zur\u00fcckerstattet, nachdem Sie den ordnungsgem\u00e4\u00dfen Zustand des Mietobjekts \u00fcberpr\u00fcft haben.  <\/p>\n<p><strong>Wie sind die An- und Abreisezeiten f\u00fcr Mobilheime?<\/strong><br \/>Die Anreise erfolgt ab 16.00 Uhr und die Abreise bis 12.00 Uhr.<\/p>\n<p><strong>Welche Art von Steckdosen gibt es auf den Stellpl\u00e4tzen? Ist der Strom im Preis inbegriffen?   <\/strong>Die Stellpl\u00e4tze sind mit franz\u00f6sischen oder europ\u00e4ischen Steckdosen ausgestattet. Bei Bedarf sind Adapter an der Rezeption erh\u00e4ltlich (gegen Kaution). Die verf\u00fcgbare Stromst\u00e4rke betr\u00e4gt 10A. Strom ist optional: Sie k\u00f6nnen je nach Bedarf einen Stellplatz mit oder ohne Strom w\u00e4hlen.   <\/p>\n<p><strong>\u26a0\ufe0fVigilance<\/strong>: Aus Sicherheitsgr\u00fcnden ist das Aufladen von Elektrofahrzeugen an den Steckdosen der Stellpl\u00e4tze oder in den Mobilheimen strengstens untersagt. Diese Einrichtungen sind nicht f\u00fcr diesen Zweck vorgesehen. Auf dem Campingplatz stehen spezielle Ladestationen zur Verf\u00fcgung. Z\u00f6gern Sie nicht, sich an der Rezeption zu erkundigen.   <\/p>\n<p><strong>Was ist die maximal akzeptierte Gr\u00f6\u00dfe f\u00fcr Wohnwagen und Wohn<\/strong>mobile<strong>?<\/strong><br \/>Wenn Ihr Wohnmobil oder Wohnwagen l\u00e4nger als 7,5 m ist, k\u00f6nnen wir Ihnen einen Platz f\u00fcr Ihr Wohnmobil oder Ihren Wohnwagen anbieten. <a href=\"https:\/\/www.camping-ar-kleguer.com\/emplacement-camping-car-caravane\/aire-camping-car-finistere\/\"><strong>Stellpl\u00e4tze f\u00fcr Wohnmobile anbieten.<\/strong><\/a> Wir k\u00f6nnen Ihnen Wohnmobilstellpl\u00e4tze anbieten, die in Gr\u00f6\u00dfe und Zugang angepasst sind. Z\u00f6gern Sie nicht<a href=\"https:\/\/www.campingdugoulet.fr\/de\/kontakt\/\" target=\"_blank\" rel=\"noopener\" title=\"Kontakt\"><strong> kontaktieren Sie uns bitte.<\/strong><\/a>.<\/p>\n<p>[\/et_pb_toggle][et_pb_toggle title=&#8220;Buchungen und Zahlungen&#8220; open_toggle_text_color=&#8220;#505050&#8243; open_toggle_background_color=&#8220;RGBA(255,255,255,0)&#8220; closed_toggle_background_color=&#8220;RGBA(255,255,255,0)&#8220; icon_color=&#8220;#EBA53C&#8220; toggle_icon=&#8220;&#x4c;||divi||400&#8243; use_icon_font_size=&#8220;on&#8220; icon_font_size=&#8220;30px&#8220; open_icon_color=&#8220;rgba(235,165,60,0.76)&#8220; open_toggle_icon=&#8220;&#xf2d1;||fa||400&#8243; open_use_icon_font_size=&#8220;on&#8220; open_icon_font_size=&#8220;24px&#8220; _builder_version=&#8220;4.27.4&#8243; _module_preset=&#8220;default&#8220; title_text_color=&#8220;#505050&#8243; title_level=&#8220;h3&#8243; title_font=&#8220;&#8211;et_global_heading_font|||on|||||&#8220; title_font_size=&#8220;16px&#8220; title_letter_spacing=&#8220;1px&#8220; title_line_height=&#8220;2em&#8220; closed_title_font=&#8220;Playfair Display||||||||&#8220; body_text_color=&#8220;#505050&#8243; body_line_height=&#8220;1.6em&#8220; border_width_all=&#8220;0px&#8220; border_width_bottom=&#8220;2px&#8220; border_color_bottom=&#8220;#2d6a9b&#8220; global_colors_info=&#8220;{}&#8220;]<\/p>\n<p><strong>Wie kann ich buchen?<\/strong><br \/>Sie k\u00f6nnen direkt online \u00fcber unsere Website buchen. <strong><a href=\"https:\/\/thelisresa.webcamp.fr\/formulaire.php?camping=goulet&amp;lang=fr&amp;PHPSESSID=c7fgp0j1eipq7qrakf6glpo9tj&amp;begin=2025-05-15&amp;duration=7&amp;end=2025-05-22&amp;nb_pers=2&amp;type=2\">\u00fcber eine sichere Plattform.<\/a><\/strong> oder per Telefon (02 98 45 86 84).<\/p>\n<p><strong>Welche Zahlungsmethoden akzeptieren Sie?<\/strong><br \/>Wir akzeptieren Zahlungen per Kreditkarte, Bank\u00fcberweisung, Urlaubsschecks (ANCV) und Bargeld.<\/p>\n<p><strong>Verlangen Sie eine Anzahlung?<\/strong><br \/>Ja, eine Anzahlung von 30% des Gesamtpreises ist erforderlich, um die Buchung zu best\u00e4tigen.<\/p>\n<p><strong>Ist es m\u00f6glich, in Raten zu zahlen?<\/strong><br \/>Ja, die Zahlung in mehreren Raten ist m\u00f6glich, wenn Sie im Voraus buchen. Bitte kontaktieren Sie uns unter 02.98.45.86.84 oder per E-Mail. <strong><a href=\"mailto:info@campingdugoulet.fr\">info@campingdugoulet.fr<\/a><\/strong> <\/p>\n<p><strong>Wann muss der Restbetrag bezahlt werden?<\/strong><br \/>Der Restbetrag f\u00fcr den Aufenthalt ist 30 Tage vor der Ankunft zu zahlen.<\/p>\n<p><strong>Ist der Campingplatz VACAF-zugelassen?<\/strong><br \/>Nein, der Camping du Goulet ist nicht VACAF-zugelassen.<br \/>Wir akzeptieren jedoch ANCV-Ferienschecks, einschlie\u00dflich der connect-Ferienschecks.<\/p>\n<p>[\/et_pb_toggle][et_pb_toggle title=&#8220;Zugang und Umgebung&#8220; open_toggle_text_color=&#8220;#505050&#8243; open_toggle_background_color=&#8220;RGBA(255,255,255,0)&#8220; closed_toggle_background_color=&#8220;RGBA(255,255,255,0)&#8220; icon_color=&#8220;#EBA53C&#8220; toggle_icon=&#8220;&#x4c;||divi||400&#8243; use_icon_font_size=&#8220;on&#8220; icon_font_size=&#8220;30px&#8220; open_icon_color=&#8220;rgba(235,165,60,0.76)&#8220; open_toggle_icon=&#8220;&#xf2d1;||fa||400&#8243; open_use_icon_font_size=&#8220;on&#8220; open_icon_font_size=&#8220;24px&#8220; _builder_version=&#8220;4.27.4&#8243; _module_preset=&#8220;default&#8220; title_text_color=&#8220;#505050&#8243; title_level=&#8220;h3&#8243; title_font=&#8220;&#8211;et_global_heading_font|||on|||||&#8220; title_font_size=&#8220;16px&#8220; title_letter_spacing=&#8220;1px&#8220; title_line_height=&#8220;2em&#8220; closed_title_font=&#8220;Playfair Display||||||||&#8220; body_text_color=&#8220;#505050&#8243; body_line_height=&#8220;1.6em&#8220; border_width_all=&#8220;0px&#8220; border_width_bottom=&#8220;2px&#8220; border_color_bottom=&#8220;#2d6a9b&#8220; global_colors_info=&#8220;{}&#8220;]<\/p>\n<p>Liegt <strong>der Campingplatz in der N\u00e4he des Meeres?<\/strong><br \/>Ja, ein Fu\u00dfg\u00e4ngerzugang f\u00fchrt zum Meer, genauer gesagt zum kleinen Fischerhafen <a href=\"https:\/\/www.facebook.com\/lmblanche\/?locale=fr_FR\" target=\"_blank\" rel=\"noopener\" title=\"Facebook\">Maison Blanche<\/a>, der weniger als 10 Minuten (ca. 500 Meter) entfernt ist.<\/p>\n<p><strong>Wie einfach ist es, nach Brest zu gelangen?<\/strong><br \/>Ja, das Stadtzentrum von Brest ist nur 6 km entfernt. Busse fahren 500 m vom Campingplatz entfernt regelm\u00e4\u00dfig. <\/p>\n<p><strong>Kann man die Region vom Campingplatz aus leicht besuchen?<\/strong><br \/>Selbstverst\u00e4ndlich! Der Campingplatz ist ein ausgezeichneter Ausgangspunkt f\u00fcr Ausfl\u00fcge nach Brest, in die Region der Abers, nach Ouessant, zur Halbinsel Crozon, zur Pointe Saint-Mathieu oder zu den Kapuzinern in Brest. Unser Team ber\u00e4t Sie gerne \u00fcber die sch\u00f6nsten Ausflugsziele in der Umgebung.  <\/p>\n<p>[\/et_pb_toggle][et_pb_toggle title=&#8220;Rennen und M\u00e4rkte&#8220; open_toggle_text_color=&#8220;#505050&#8243; open_toggle_background_color=&#8220;RGBA(255,255,255,0)&#8220; closed_toggle_background_color=&#8220;RGBA(255,255,255,0)&#8220; icon_color=&#8220;#EBA53C&#8220; toggle_icon=&#8220;&#x4c;||divi||400&#8243; use_icon_font_size=&#8220;on&#8220; icon_font_size=&#8220;30px&#8220; open_icon_color=&#8220;rgba(235,165,60,0.76)&#8220; open_toggle_icon=&#8220;&#xf2d1;||fa||400&#8243; open_use_icon_font_size=&#8220;on&#8220; open_icon_font_size=&#8220;24px&#8220; _builder_version=&#8220;4.27.4&#8243; _module_preset=&#8220;default&#8220; title_text_color=&#8220;#505050&#8243; title_level=&#8220;h3&#8243; title_font=&#8220;&#8211;et_global_heading_font|||on|||||&#8220; title_font_size=&#8220;16px&#8220; title_letter_spacing=&#8220;1px&#8220; title_line_height=&#8220;2em&#8220; closed_title_font=&#8220;Playfair Display||||||||&#8220; body_text_color=&#8220;#505050&#8243; body_line_height=&#8220;1.6em&#8220; border_width_all=&#8220;0px&#8220; border_width_bottom=&#8220;2px&#8220; border_color_bottom=&#8220;#2d6a9b&#8220; global_colors_info=&#8220;{}&#8220;]<\/p>\n<p><strong>Gibt es Superm\u00e4rkte in der N\u00e4he?<\/strong><br \/>Ja, mehrere Superm\u00e4rkte und Gesch\u00e4fte befinden sich nur wenige Minuten vom Campingplatz entfernt (Carrefour, Intermarch\u00e9, Lidl&#8230;). Hier k\u00f6nnen Sie bequem mit dem Fahrrad oder dem Auto einkaufen. <\/p>\n<p><strong>Wo befinden sich die n\u00e4chstgelegenen M\u00e4rkte?<\/strong><br \/>Hier sind die M\u00e4rkte, die Sie w\u00e4hrend Ihres Aufenthalts nicht verpassen sollten:<br \/>&#8211; <strong>March\u00e9 de Saint-Renan<\/strong> &#8211; Samstagmorgen: einer der gr\u00f6\u00dften M\u00e4rkte im Finist\u00e8re, sehr lebhaft und bekannt f\u00fcr seine lokalen, biologischen und handwerklichen Produkte.<br \/>&#8211; <strong>March\u00e9 de Brest Saint-Louis<\/strong> &#8211; Sonntagmorgen: ideal f\u00fcr einen Bummel durch das Stadtzentrum und um frische Produkte zu kaufen.<\/p>\n<p>[\/et_pb_toggle][\/et_pb_column][et_pb_column type=&#8220;1_2&#8243; _builder_version=&#8220;4.27.4&#8243; _module_preset=&#8220;default&#8220; global_colors_info=&#8220;{}&#8220;][et_pb_toggle title=&#8220;Die Mobilheime&#8220; open_toggle_text_color=&#8220;#505050&#8243; open_toggle_background_color=&#8220;RGBA(255,255,255,0)&#8220; closed_toggle_background_color=&#8220;RGBA(255,255,255,0)&#8220; icon_color=&#8220;#EBA53C&#8220; toggle_icon=&#8220;&#x4c;||divi||400&#8243; use_icon_font_size=&#8220;on&#8220; icon_font_size=&#8220;30px&#8220; open_icon_color=&#8220;rgba(235,165,60,0.76)&#8220; open_toggle_icon=&#8220;&#xf2d1;||fa||400&#8243; open_use_icon_font_size=&#8220;on&#8220; open_icon_font_size=&#8220;24px&#8220; _builder_version=&#8220;4.27.4&#8243; _module_preset=&#8220;default&#8220; title_text_color=&#8220;#505050&#8243; title_level=&#8220;h3&#8243; title_font=&#8220;&#8211;et_global_heading_font|||on|||||&#8220; title_font_size=&#8220;16px&#8220; title_letter_spacing=&#8220;1px&#8220; title_line_height=&#8220;2em&#8220; closed_title_font=&#8220;Playfair Display||||||||&#8220; body_text_color=&#8220;#505050&#8243; body_line_height=&#8220;1.6em&#8220; border_width_all=&#8220;0px&#8220; border_width_bottom=&#8220;2px&#8220; border_color_bottom=&#8220;#2d6a9b&#8220; global_colors_info=&#8220;{}&#8220;]<\/p>\n<p><strong>Welche Arten von Unterk\u00fcnften bieten Sie an?<\/strong><br \/>Wir bieten:<br \/>&#8211; Komfortable Mobilheime mit 2 bis 3 Schlafzimmern, die 1 bis 6 Personen beherbergen k\u00f6nnen<br \/>&#8211; Ungew\u00f6hnliche Unterk\u00fcnfte<\/p>\n<p><strong>Sind die Mobilheime ausgestattet?<\/strong><br \/>Ja, jedes Mobilheim verf\u00fcgt \u00fcber eine voll ausgestattete K\u00fcche, ein Badezimmer, eine Sitzecke mit Fernseher und einen Au\u00dfenbereich.<\/p>\n<p><strong>Muss bei der Einrichtung eine Kaution hinterlegt werden? Wann erhalte ich meine Kaution zur\u00fcck? <\/strong><br \/>Eine Kaution von \u20ac 150 und eine Kaution von \u20ac 80 sind bei Ihrer Ankunft f\u00fcr jeden Aufenthalt in einer Mietunterkunft zu hinterlegen. Sie sind in bar, per Scheck oder per Kreditkarte (nicht belastet) zu zahlen. Die Kaution wird Ihnen am Abreisetag zur\u00fcckerstattet, nachdem Sie den ordnungsgem\u00e4\u00dfen Zustand des Mietobjekts \u00fcberpr\u00fcft haben.  <\/p>\n<p><strong>Wie sind die An- und Abreisezeiten f\u00fcr Mobilheime?<\/strong><br \/>Die Anreise erfolgt ab 16.00 Uhr und die Abreise bis 10.00 Uhr.<\/p>\n<p><strong>Sind Bettw\u00e4sche, Handt\u00fccher, Bettdecken und Decken vorhanden?<\/strong><br \/>Bettw\u00e4sche wird nicht bereitgestellt, aber Sie k\u00f6nnen auf Anfrage ein Bettw\u00e4schepaket mieten.<br \/>Handt\u00fccher werden nicht bereitgestellt,<br \/>Alle unsere Unterk\u00fcnfte sind mit Decken und Kissen ausgestattet.<\/p>\n<p><strong>Kann man ein Babybett oder einen Hochstuhl mieten?<\/strong><br \/>Ja, wir bieten Babysets f\u00fcr 6 \u20ac pro Tag an, die folgendes beinhalten: ein Regenschirmbett<br \/>und einen Hochstuhl.<\/p>\n<p>Darf <strong>ich Familie oder Freunde in den Standcaravan einladen?<\/strong> <em>(Wenn ja, ist dies kostenpflichtig)<\/em><br \/>Besucher sind auf dem Campingplatz im Rahmen der Kapazit\u00e4t des Stellplatzes erlaubt und m\u00fcssen sich an der Rezeption melden; sie m\u00fcssen die Besuchergeb\u00fchr entrichten.<br \/>Versammlungen sind auf dem Campingplatz verboten.<\/p>\n<p>[\/et_pb_toggle][et_pb_toggle title=&#8220;Tiere&#8220; open_toggle_text_color=&#8220;#505050&#8243; open_toggle_background_color=&#8220;RGBA(255,255,255,0)&#8220; closed_toggle_background_color=&#8220;RGBA(255,255,255,0)&#8220; icon_color=&#8220;#EBA53C&#8220; toggle_icon=&#8220;&#x4c;||divi||400&#8243; use_icon_font_size=&#8220;on&#8220; icon_font_size=&#8220;30px&#8220; open_icon_color=&#8220;rgba(235,165,60,0.76)&#8220; open_toggle_icon=&#8220;&#xf2d1;||fa||400&#8243; open_use_icon_font_size=&#8220;on&#8220; open_icon_font_size=&#8220;24px&#8220; _builder_version=&#8220;4.27.4&#8243; _module_preset=&#8220;default&#8220; title_text_color=&#8220;#505050&#8243; title_level=&#8220;h3&#8243; title_font=&#8220;&#8211;et_global_heading_font|||on|||||&#8220; title_font_size=&#8220;16px&#8220; title_letter_spacing=&#8220;1px&#8220; title_line_height=&#8220;2em&#8220; closed_title_font=&#8220;Playfair Display||||||||&#8220; body_text_color=&#8220;#505050&#8243; body_line_height=&#8220;1.6em&#8220; border_width_all=&#8220;0px&#8220; border_width_bottom=&#8220;2px&#8220; border_color_bottom=&#8220;#2d6a9b&#8220; global_colors_info=&#8220;{}&#8220;]<\/p>\n<p><strong>Sind Haustiere erlaubt?<\/strong><br \/>Ja, Haustiere sind unter bestimmten Bedingungen willkommen (Leine, Impfpass, kategorisierte Hunde nicht erlaubt&#8230;).<\/p>\n<p>[\/et_pb_toggle][et_pb_toggle title=&#8220;Dienstleistungen und Aktivit\u00e4ten&#8220; open_toggle_text_color=&#8220;#505050&#8243; open_toggle_background_color=&#8220;RGBA(255,255,255,0)&#8220; closed_toggle_background_color=&#8220;RGBA(255,255,255,0)&#8220; icon_color=&#8220;#EBA53C&#8220; toggle_icon=&#8220;&#x4c;||divi||400&#8243; use_icon_font_size=&#8220;on&#8220; icon_font_size=&#8220;30px&#8220; open_icon_color=&#8220;rgba(235,165,60,0.76)&#8220; open_toggle_icon=&#8220;&#xf2d1;||fa||400&#8243; open_use_icon_font_size=&#8220;on&#8220; open_icon_font_size=&#8220;24px&#8220; _builder_version=&#8220;4.27.4&#8243; _module_preset=&#8220;default&#8220; title_text_color=&#8220;#505050&#8243; title_level=&#8220;h3&#8243; title_font=&#8220;&#8211;et_global_heading_font|||on|||||&#8220; title_font_size=&#8220;16px&#8220; title_letter_spacing=&#8220;1px&#8220; title_line_height=&#8220;2em&#8220; closed_title_font=&#8220;Playfair Display||||||||&#8220; body_text_color=&#8220;#505050&#8243; body_line_height=&#8220;1.6em&#8220; border_width_all=&#8220;0px&#8220; border_width_bottom=&#8220;2px&#8220; border_color_bottom=&#8220;#2d6a9b&#8220; global_colors_info=&#8220;{}&#8220;]<\/p>\n<p><strong>Gibt es einen Swimmingpool?<\/strong><br \/>Ja, der Campingplatz verf\u00fcgt \u00fcber ein beheiztes Hallenbad mit Kinderbereich, das die ganze Saison \u00fcber ge\u00f6ffnet ist. Vom 28. Mai 2025 bis zum 31. August 2025 \u00f6ffnet unser beheiztes Freibad mit Rutschen, Whirlpool und Kinderbecken seine T\u00fcren.  <\/p>\n<p><strong>Gibt es Animationen?<\/strong><br \/>In der Hochsaison (Juli\/August) werden Animationen f\u00fcr Gro\u00df und Klein angeboten (Kinderclub, Aktivit\u00e4ten f\u00fcr Jugendliche, Spiele, Abende, sportliche Aktivit\u00e4ten, Workshops&#8230;).<\/p>\n<p><strong>Bieten Sie einen Restaurantservice an?<\/strong><br \/>Ja, Sie finden eine Snackbar vor Ort, die Gerichte zum Mitnehmen, italienisches Eis, Waffeln, Getr\u00e4nke und bretonische Spezialit\u00e4ten anbietet. Die Bar ist die ganze Saison \u00fcber ge\u00f6ffnet. Die Snackbar ist im Juli und August mittags und abends ge\u00f6ffnet.  <\/p>\n<p><strong>Gibt es Wi-Fi auf dem Campingplatz?<\/strong><br \/>Auf dem Campingplatz steht Ihnen eine kostenlose Wi-Fi-Verbindung zur Verf\u00fcgung.<\/p>\n<p>[\/et_pb_toggle][et_pb_toggle title=&#8220;Willkommen f\u00fcr Wanderer und Radfahrer&#8220; open_toggle_text_color=&#8220;#505050&#8243; open_toggle_background_color=&#8220;RGBA(255,255,255,0)&#8220; closed_toggle_background_color=&#8220;RGBA(255,255,255,0)&#8220; icon_color=&#8220;#EBA53C&#8220; toggle_icon=&#8220;&#x4c;||divi||400&#8243; use_icon_font_size=&#8220;on&#8220; icon_font_size=&#8220;30px&#8220; open_icon_color=&#8220;rgba(235,165,60,0.76)&#8220; open_toggle_icon=&#8220;&#xf2d1;||fa||400&#8243; open_use_icon_font_size=&#8220;on&#8220; open_icon_font_size=&#8220;24px&#8220; _builder_version=&#8220;4.27.4&#8243; _module_preset=&#8220;default&#8220; title_text_color=&#8220;#505050&#8243; title_level=&#8220;h3&#8243; title_font=&#8220;&#8211;et_global_heading_font|||on|||||&#8220; title_font_size=&#8220;16px&#8220; title_letter_spacing=&#8220;1px&#8220; title_line_height=&#8220;2em&#8220; closed_title_font=&#8220;Playfair Display||||||||&#8220; body_text_color=&#8220;#505050&#8243; body_line_height=&#8220;1.6em&#8220; border_width_all=&#8220;0px&#8220; border_width_bottom=&#8220;2px&#8220; border_color_bottom=&#8220;#2d6a9b&#8220; global_colors_info=&#8220;{}&#8220;]<\/p>\n<p><strong>Wie weit ist der Campingplatz von den Radwegen entfernt?<\/strong><br \/>Der Campingplatz du Goulet liegt in unmittelbarer N\u00e4he der Fahrradwege von Bremen und nur 300 m von der V\u00e9loroute Littorale (V45) entfernt. Er ist ideal f\u00fcr Radtouristen, da Sie von hier aus leicht zu den Radwegen gelangen und die bretonische K\u00fcste in vollen Z\u00fcgen genie\u00dfen k\u00f6nnen. <\/p>\n<p><strong>Verl\u00e4uft der GR34 in der N\u00e4he?<\/strong><br \/>Ja, der ber\u00fchmte Fernwanderweg GR34, auch Z\u00f6llnerpfad genannt, verl\u00e4uft nur 500 m vom Campingplatz entfernt. Dies ist ein idealer Zwischenstopp f\u00fcr Wanderer, die die wilde Sch\u00f6nheit der K\u00fcste des Finist\u00e8re entdecken m\u00f6chten. <\/p>\n<p><strong>Gibt es einen Sondertarif f\u00fcr Reisende mit sanfter Mobilit\u00e4t?<\/strong><br \/>Ja, f\u00fcr Wanderer und Radfahrer, die in den Monaten Juli und August unterwegs sind (zu Fu\u00df oder mit dem Fahrrad), wird ein erm\u00e4\u00dfigter Tarif angeboten. Alle Informationen finden Sie auf unserer Website <a href=\"https:\/\/www.campingdugoulet.fr\/de\/entdecken-sie-unser-pauschalangebot-zwischenstopp-wandern-fahrradfahren-im-nordfinistere\/\" target=\"_blank\" rel=\"noopener\" title=\"Web-Artikel\"><strong>&#8222;Zwischenstopp Wandern\/Radfahren&#8220;.<\/strong><\/a>Dieses Angebot wurde speziell f\u00fcr Reisende entwickelt, die auf der Suche nach Freiheit sind. <\/p>\n<p>&nbsp;<\/p>\n<p><strong>Gibt es einen \u00fcberdachten Ort, an dem Sie Schutz finden oder sich ausruhen k\u00f6nnen?<\/strong>  Ja, wir haben <strong data-start=\"240\" data-end=\"274\">das gem\u00fctliche Chalet La Douce Escale<\/strong> eingerichtet, das Hauptquartier f\u00fcr Wanderer und Radfahrer. Nach der Anstrengung kommt der Trost: Schutz vor Regen, eine wohlverdiente Ruheecke&#8230; und warum nicht ein (kleines) lokales Bier an der Bar trinken! Das Chalet verf\u00fcgt \u00fcber eine Mikrowelle, einen Wasserkocher und bequeme Sitzgelegenheiten, alles was Sie brauchen, um sich zu entspannen und Ihre Abenteuer mit anderen Wanderfreunden zu teilen.   <\/p>\n<p><strong>Bieten Sie \u00dcbernachtungsm\u00f6glichkeiten f\u00fcr Reisende an?<\/strong><br \/>Ja, einige unserer ungew\u00f6hnlichen Unterk\u00fcnfte k\u00f6nnen auch in der Hochsaison f\u00fcr eine \u00dcbernachtung gebucht werden, um Wanderer und Radfahrer zu empfangen. Eine praktische Option, um Ihren Aufenthalt zu verl\u00e4ngern und die Region in vollen Z\u00fcgen zu genie\u00dfen. <\/p>\n<p>[\/et_pb_toggle][et_pb_toggle title=&#8220;Ein Familienurlaub: Gro\u00dfeltern, Ehepaar, Enkelkinder zusammen&#8220; open_toggle_text_color=&#8220;#505050&#8243; open_toggle_background_color=&#8220;RGBA(255,255,255,0)&#8220; closed_toggle_background_color=&#8220;RGBA(255,255,255,0)&#8220; icon_color=&#8220;#EBA53C&#8220; toggle_icon=&#8220;&#x4c;||divi||400&#8243; use_icon_font_size=&#8220;on&#8220; icon_font_size=&#8220;30px&#8220; open_icon_color=&#8220;rgba(235,165,60,0.76)&#8220; open_toggle_icon=&#8220;&#xf2d1;||fa||400&#8243; open_use_icon_font_size=&#8220;on&#8220; open_icon_font_size=&#8220;24px&#8220; _builder_version=&#8220;4.27.4&#8243; _module_preset=&#8220;default&#8220; title_text_color=&#8220;#505050&#8243; title_level=&#8220;h3&#8243; title_font=&#8220;&#8211;et_global_heading_font|||on|||||&#8220; title_font_size=&#8220;16px&#8220; title_letter_spacing=&#8220;1px&#8220; title_line_height=&#8220;2em&#8220; closed_title_font=&#8220;Playfair Display||||||||&#8220; body_text_color=&#8220;#505050&#8243; body_line_height=&#8220;1.6em&#8220; border_width_all=&#8220;0px&#8220; border_width_bottom=&#8220;2px&#8220; border_color_bottom=&#8220;#2d6a9b&#8220; global_colors_info=&#8220;{}&#8220;]<\/p>\n<p><strong>Ist der Campingplatz f\u00fcr Kinder geeignet?<\/strong><br \/>Auf jeden Fall! Der Campingplatz du Goulet in Brest (Finist\u00e8re) ist ideal f\u00fcr einen Familienurlaub. Die Kinder k\u00f6nnen den Wasserbereich mit Au\u00dfenpool und Rutschen, beheiztem Hallenbad, Spielplatz, Multisportplatz, H\u00fcpfburg und Kinderclub jeden Morgen im Sommer genie\u00dfen.  <\/p>\n<p><strong>Ist es sicher f\u00fcr Kinder?<\/strong><br \/>Ja, der Campingplatz bietet gro\u00dfe, ruhige und geschlossene Bereiche. Jedes Mobilheim hat einen eigenen kleinen Garten, in dem die Kinder sicher spielen k\u00f6nnen, w\u00e4hrend die Gro\u00dfeltern sich entspannen. <\/p>\n<p><strong>Gibt es Animationen f\u00fcr Familien?<\/strong><br \/>Ja, im Juli und August bietet das Familienanimationsprogramm einen Kinderclub jeden Morgen, Aktivit\u00e4ten f\u00fcr Jugendliche am Nachmittag, Minidisco, Tanzabende, Bouleturniere und vieles mehr. Hier kommen Enkelkinder, Kinder&#8230; und Gro\u00dfeltern auf ihre Kosten!  <\/p>\n<p>[\/et_pb_toggle][\/et_pb_column][\/et_pb_row][\/et_pb_section][et_pb_section fb_built=&#8220;1&#8243; custom_padding_last_edited=&#8220;on|phone&#8220; _builder_version=&#8220;4.27.4&#8243; _module_preset=&#8220;default&#8220; width_tablet=&#8220;&#8220; width_phone=&#8220;100%&#8220; width_last_edited=&#8220;on|phone&#8220; module_alignment=&#8220;center&#8220; custom_padding=&#8220;||||false|false&#8220; custom_padding_tablet=&#8220;||||false|false&#8220; custom_padding_phone=&#8220;0px||||false|false&#8220; global_colors_info=&#8220;{}&#8220;][et_pb_row column_structure=&#8220;1_3,2_3&#8243; use_custom_gutter=&#8220;on&#8220; gutter_width=&#8220;2&#8243; make_equal=&#8220;on&#8220; _builder_version=&#8220;4.27.4&#8243; _module_preset=&#8220;default&#8220; width=&#8220;100%&#8220; max_width=&#8220;1480px&#8220; global_colors_info=&#8220;{}&#8220;][et_pb_column type=&#8220;1_3&#8243; _builder_version=&#8220;4.27.4&#8243; _module_preset=&#8220;default&#8220; custom_padding=&#8220;|0px||0px|false|true&#8220; global_colors_info=&#8220;{}&#8220;][et_pb_heading title=&#8220;Finden Sie uns&#8220; _builder_version=&#8220;4.27.4&#8243; _module_preset=&#8220;_initial&#8220; title_level=&#8220;h2&#8243; title_font=&#8220;Playfair Display||||||||&#8220; title_font_size=&#8220;40px&#8220; title_line_height=&#8220;1.2em&#8220; width_tablet=&#8220;&#8220; width_phone=&#8220;80%&#8220; width_last_edited=&#8220;on|phone&#8220; module_alignment=&#8220;center&#8220; custom_margin=&#8220;||||false|false&#8220; title_text_align_tablet=&#8220;&#8220; title_text_align_phone=&#8220;center&#8220; title_text_align_last_edited=&#8220;on|phone&#8220; title_font_size_tablet=&#8220;32px&#8220; title_font_size_phone=&#8220;20px&#8220; title_font_size_last_edited=&#8220;on|desktop&#8220; locked=&#8220;off&#8220; global_colors_info=&#8220;{}&#8220;][\/et_pb_heading][\/et_pb_column][et_pb_column type=&#8220;2_3&#8243; _builder_version=&#8220;4.27.4&#8243; _module_preset=&#8220;default&#8220; global_colors_info=&#8220;{}&#8220;][et_pb_code _builder_version=&#8220;4.27.4&#8243; _module_preset=&#8220;default&#8220; width_tablet=&#8220;&#8220; width_phone=&#8220;100%&#8220; width_last_edited=&#8220;on|phone&#8220; max_width=&#8220;100%&#8220; global_colors_info=&#8220;{}&#8220;]<iframe src=\"https:\/\/www.google.com\/maps\/embed?pb=!1m23!1m12!1m3!1d84823.73147219968!2d-4.6233854219507595!3d48.36548857797228!2m3!1f0!2f0!3f0!3m2!1i1024!2i768!4f13.1!4m8!3e6!4m0!4m5!1s0x4816bef18dcdc619%3A0x5f3b950b5914fc5d!2s285%20Chem.%20de%20Lanhouarnec%2C%2029200%20Brest!3m2!1d48.365517999999994!2d-4.540985!5e0!3m2!1sfr!2sfr!4v1757176336676!5m2!1sfr!2sfr\" width=\"800 height=\" style=\"border:0;\" allowfullscreen=\"\" loading=\"lazy\" referrerpolicy=\"no-referrer-when-downgrade\"><\/iframe>[\/et_pb_code][\/et_pb_column][\/et_pb_row][\/et_pb_section]<\/p>\n","protected":false},"excerpt":{"rendered":"<p>Informationen &amp; AnreiseHaben Sie eine Frage, Lust auf einen Urlaub im Herzen der Bretagne oder ben\u00f6tigen Sie einfach nur Informationen? Kontaktieren Sie uns oder buchen Sie direkt online. Camping du Goulet****285 Chemin de Lanhouarnec, 29200 Brest (Finist\u00e8re) Tel.: 02 98 45 86 84 &nbsp; Der Campingplatz ist vom 1. Mai bis zum 27. September 2026 [&hellip;]<\/p>\n","protected":false},"author":2,"featured_media":8889,"parent":0,"menu_order":0,"comment_status":"closed","ping_status":"closed","template":"","meta":{"_acf_changed":false,"_et_pb_use_builder":"on","_et_pb_old_content":"","_et_gb_content_width":"","inline_featured_image":false,"footnotes":""},"categories":[],"class_list":["post-2501","page","type-page","status-publish","has-post-thumbnail","hentry"],"acf":[],"yoast_head":"<!-- This site is optimized with the Yoast SEO plugin v27.3 - https:\/\/yoast.com\/product\/yoast-seo-wordpress\/ -->\n<title>Kontakt Camping du Goulet - Urlaub im Finist\u00e8re<\/title>\n<meta name=\"description\" content=\"Ben\u00f6tigen Sie weitere Informationen oder m\u00f6chten Sie reservieren? Kontaktieren Sie den Campingplatz du Goulet f\u00fcr Ihren Aufenthalt im Finist\u00e8re.\" \/>\n<meta name=\"robots\" content=\"index, follow, max-snippet:-1, max-image-preview:large, max-video-preview:-1\" \/>\n<link rel=\"canonical\" href=\"https:\/\/www.campingdugoulet.fr\/de\/kontakt\/\" \/>\n<meta property=\"og:locale\" content=\"de_DE\" \/>\n<meta property=\"og:type\" content=\"article\" \/>\n<meta property=\"og:title\" content=\"Kontakt Camping du Goulet - Urlaub im Finist\u00e8re\" \/>\n<meta property=\"og:description\" content=\"Ben\u00f6tigen Sie weitere Informationen oder m\u00f6chten Sie reservieren? Kontaktieren Sie den Campingplatz du Goulet f\u00fcr Ihren Aufenthalt im Finist\u00e8re.\" \/>\n<meta property=\"og:url\" content=\"https:\/\/www.campingdugoulet.fr\/de\/kontakt\/\" \/>\n<meta property=\"og:site_name\" content=\"Camping du Goulet\" \/>\n<meta property=\"article:publisher\" content=\"https:\/\/fr-fr.facebook.com\/camping.bretagne.goulet\" \/>\n<meta property=\"article:modified_time\" content=\"2025-12-09T12:43:34+00:00\" \/>\n<meta property=\"og:image\" content=\"https:\/\/www.campingdugoulet.fr\/wp-content\/uploads\/contact-camping-goulet-brest.jpg\" \/>\n\t<meta property=\"og:image:width\" content=\"958\" \/>\n\t<meta property=\"og:image:height\" content=\"1098\" \/>\n\t<meta property=\"og:image:type\" content=\"image\/jpeg\" \/>\n<meta name=\"twitter:card\" content=\"summary_large_image\" \/>\n<meta name=\"twitter:label1\" content=\"Gesch\u00e4tzte Lesezeit\" \/>\n\t<meta name=\"twitter:data1\" content=\"29\u00a0Minuten\" \/>\n<script type=\"application\/ld+json\" class=\"yoast-schema-graph\">{\"@context\":\"https:\\\/\\\/schema.org\",\"@graph\":[{\"@type\":\"WebPage\",\"@id\":\"https:\\\/\\\/www.campingdugoulet.fr\\\/de\\\/kontakt\\\/\",\"url\":\"https:\\\/\\\/www.campingdugoulet.fr\\\/de\\\/kontakt\\\/\",\"name\":\"Kontakt Camping du Goulet - Urlaub im Finist\u00e8re\",\"isPartOf\":{\"@id\":\"https:\\\/\\\/www.campingdugoulet.fr\\\/de\\\/#website\"},\"primaryImageOfPage\":{\"@id\":\"https:\\\/\\\/www.campingdugoulet.fr\\\/de\\\/kontakt\\\/#primaryimage\"},\"image\":{\"@id\":\"https:\\\/\\\/www.campingdugoulet.fr\\\/de\\\/kontakt\\\/#primaryimage\"},\"thumbnailUrl\":\"https:\\\/\\\/www.campingdugoulet.fr\\\/wp-content\\\/uploads\\\/contact-camping-goulet-brest.jpg\",\"datePublished\":\"2022-12-29T08:51:45+00:00\",\"dateModified\":\"2025-12-09T12:43:34+00:00\",\"description\":\"Ben\u00f6tigen Sie weitere Informationen oder m\u00f6chten Sie reservieren? Kontaktieren Sie den Campingplatz du Goulet f\u00fcr Ihren Aufenthalt im Finist\u00e8re.\",\"breadcrumb\":{\"@id\":\"https:\\\/\\\/www.campingdugoulet.fr\\\/de\\\/kontakt\\\/#breadcrumb\"},\"inLanguage\":\"de\",\"potentialAction\":[{\"@type\":\"ReadAction\",\"target\":[\"https:\\\/\\\/www.campingdugoulet.fr\\\/de\\\/kontakt\\\/\"]}]},{\"@type\":\"ImageObject\",\"inLanguage\":\"de\",\"@id\":\"https:\\\/\\\/www.campingdugoulet.fr\\\/de\\\/kontakt\\\/#primaryimage\",\"url\":\"https:\\\/\\\/www.campingdugoulet.fr\\\/wp-content\\\/uploads\\\/contact-camping-goulet-brest.jpg\",\"contentUrl\":\"https:\\\/\\\/www.campingdugoulet.fr\\\/wp-content\\\/uploads\\\/contact-camping-goulet-brest.jpg\",\"width\":958,\"height\":1098},{\"@type\":\"BreadcrumbList\",\"@id\":\"https:\\\/\\\/www.campingdugoulet.fr\\\/de\\\/kontakt\\\/#breadcrumb\",\"itemListElement\":[{\"@type\":\"ListItem\",\"position\":1,\"name\":\"Accueil\",\"item\":\"https:\\\/\\\/www.campingdugoulet.fr\\\/de\\\/startseite-new\\\/\"},{\"@type\":\"ListItem\",\"position\":2,\"name\":\"Kontakt\"}]},{\"@type\":\"WebSite\",\"@id\":\"https:\\\/\\\/www.campingdugoulet.fr\\\/de\\\/#website\",\"url\":\"https:\\\/\\\/www.campingdugoulet.fr\\\/de\\\/\",\"name\":\"Camping du Goulet\",\"description\":\"Camping 4 \u00e9toiles \u00e0 Brest, \u00e0 la pointe du Finist\u00e8re\",\"publisher\":{\"@id\":\"https:\\\/\\\/www.campingdugoulet.fr\\\/de\\\/#organization\"},\"potentialAction\":[{\"@type\":\"SearchAction\",\"target\":{\"@type\":\"EntryPoint\",\"urlTemplate\":\"https:\\\/\\\/www.campingdugoulet.fr\\\/de\\\/?s={search_term_string}\"},\"query-input\":{\"@type\":\"PropertyValueSpecification\",\"valueRequired\":true,\"valueName\":\"search_term_string\"}}],\"inLanguage\":\"de\"},{\"@type\":\"Organization\",\"@id\":\"https:\\\/\\\/www.campingdugoulet.fr\\\/de\\\/#organization\",\"name\":\"Camping Du Goulet\",\"url\":\"https:\\\/\\\/www.campingdugoulet.fr\\\/de\\\/\",\"logo\":{\"@type\":\"ImageObject\",\"inLanguage\":\"de\",\"@id\":\"https:\\\/\\\/www.campingdugoulet.fr\\\/de\\\/#\\\/schema\\\/logo\\\/image\\\/\",\"url\":\"https:\\\/\\\/www.campingdugoulet.fr\\\/wp-content\\\/uploads\\\/camping-finistere.png\",\"contentUrl\":\"https:\\\/\\\/www.campingdugoulet.fr\\\/wp-content\\\/uploads\\\/camping-finistere.png\",\"width\":190,\"height\":100,\"caption\":\"Camping Du Goulet\"},\"image\":{\"@id\":\"https:\\\/\\\/www.campingdugoulet.fr\\\/de\\\/#\\\/schema\\\/logo\\\/image\\\/\"},\"sameAs\":[\"https:\\\/\\\/fr-fr.facebook.com\\\/camping.bretagne.goulet\",\"https:\\\/\\\/www.instagram.com\\\/campingdugoulet\\\/?hl=fr\"]}]}<\/script>\n<!-- \/ Yoast SEO plugin. -->","yoast_head_json":{"title":"Kontakt Camping du Goulet - Urlaub im Finist\u00e8re","description":"Ben\u00f6tigen Sie weitere Informationen oder m\u00f6chten Sie reservieren? Kontaktieren Sie den Campingplatz du Goulet f\u00fcr Ihren Aufenthalt im Finist\u00e8re.","robots":{"index":"index","follow":"follow","max-snippet":"max-snippet:-1","max-image-preview":"max-image-preview:large","max-video-preview":"max-video-preview:-1"},"canonical":"https:\/\/www.campingdugoulet.fr\/de\/kontakt\/","og_locale":"de_DE","og_type":"article","og_title":"Kontakt Camping du Goulet - Urlaub im Finist\u00e8re","og_description":"Ben\u00f6tigen Sie weitere Informationen oder m\u00f6chten Sie reservieren? Kontaktieren Sie den Campingplatz du Goulet f\u00fcr Ihren Aufenthalt im Finist\u00e8re.","og_url":"https:\/\/www.campingdugoulet.fr\/de\/kontakt\/","og_site_name":"Camping du Goulet","article_publisher":"https:\/\/fr-fr.facebook.com\/camping.bretagne.goulet","article_modified_time":"2025-12-09T12:43:34+00:00","og_image":[{"width":958,"height":1098,"url":"https:\/\/www.campingdugoulet.fr\/wp-content\/uploads\/contact-camping-goulet-brest.jpg","type":"image\/jpeg"}],"twitter_card":"summary_large_image","twitter_misc":{"Gesch\u00e4tzte Lesezeit":"29\u00a0Minuten"},"schema":{"@context":"https:\/\/schema.org","@graph":[{"@type":"WebPage","@id":"https:\/\/www.campingdugoulet.fr\/de\/kontakt\/","url":"https:\/\/www.campingdugoulet.fr\/de\/kontakt\/","name":"Kontakt Camping du Goulet - Urlaub im Finist\u00e8re","isPartOf":{"@id":"https:\/\/www.campingdugoulet.fr\/de\/#website"},"primaryImageOfPage":{"@id":"https:\/\/www.campingdugoulet.fr\/de\/kontakt\/#primaryimage"},"image":{"@id":"https:\/\/www.campingdugoulet.fr\/de\/kontakt\/#primaryimage"},"thumbnailUrl":"https:\/\/www.campingdugoulet.fr\/wp-content\/uploads\/contact-camping-goulet-brest.jpg","datePublished":"2022-12-29T08:51:45+00:00","dateModified":"2025-12-09T12:43:34+00:00","description":"Ben\u00f6tigen Sie weitere Informationen oder m\u00f6chten Sie reservieren? Kontaktieren Sie den Campingplatz du Goulet f\u00fcr Ihren Aufenthalt im Finist\u00e8re.","breadcrumb":{"@id":"https:\/\/www.campingdugoulet.fr\/de\/kontakt\/#breadcrumb"},"inLanguage":"de","potentialAction":[{"@type":"ReadAction","target":["https:\/\/www.campingdugoulet.fr\/de\/kontakt\/"]}]},{"@type":"ImageObject","inLanguage":"de","@id":"https:\/\/www.campingdugoulet.fr\/de\/kontakt\/#primaryimage","url":"https:\/\/www.campingdugoulet.fr\/wp-content\/uploads\/contact-camping-goulet-brest.jpg","contentUrl":"https:\/\/www.campingdugoulet.fr\/wp-content\/uploads\/contact-camping-goulet-brest.jpg","width":958,"height":1098},{"@type":"BreadcrumbList","@id":"https:\/\/www.campingdugoulet.fr\/de\/kontakt\/#breadcrumb","itemListElement":[{"@type":"ListItem","position":1,"name":"Accueil","item":"https:\/\/www.campingdugoulet.fr\/de\/startseite-new\/"},{"@type":"ListItem","position":2,"name":"Kontakt"}]},{"@type":"WebSite","@id":"https:\/\/www.campingdugoulet.fr\/de\/#website","url":"https:\/\/www.campingdugoulet.fr\/de\/","name":"Camping du Goulet","description":"Camping 4 \u00e9toiles \u00e0 Brest, \u00e0 la pointe du Finist\u00e8re","publisher":{"@id":"https:\/\/www.campingdugoulet.fr\/de\/#organization"},"potentialAction":[{"@type":"SearchAction","target":{"@type":"EntryPoint","urlTemplate":"https:\/\/www.campingdugoulet.fr\/de\/?s={search_term_string}"},"query-input":{"@type":"PropertyValueSpecification","valueRequired":true,"valueName":"search_term_string"}}],"inLanguage":"de"},{"@type":"Organization","@id":"https:\/\/www.campingdugoulet.fr\/de\/#organization","name":"Camping Du Goulet","url":"https:\/\/www.campingdugoulet.fr\/de\/","logo":{"@type":"ImageObject","inLanguage":"de","@id":"https:\/\/www.campingdugoulet.fr\/de\/#\/schema\/logo\/image\/","url":"https:\/\/www.campingdugoulet.fr\/wp-content\/uploads\/camping-finistere.png","contentUrl":"https:\/\/www.campingdugoulet.fr\/wp-content\/uploads\/camping-finistere.png","width":190,"height":100,"caption":"Camping Du Goulet"},"image":{"@id":"https:\/\/www.campingdugoulet.fr\/de\/#\/schema\/logo\/image\/"},"sameAs":["https:\/\/fr-fr.facebook.com\/camping.bretagne.goulet","https:\/\/www.instagram.com\/campingdugoulet\/?hl=fr"]}]}},"_links":{"self":[{"href":"https:\/\/www.campingdugoulet.fr\/de\/wp-json\/wp\/v2\/pages\/2501","targetHints":{"allow":["GET"]}}],"collection":[{"href":"https:\/\/www.campingdugoulet.fr\/de\/wp-json\/wp\/v2\/pages"}],"about":[{"href":"https:\/\/www.campingdugoulet.fr\/de\/wp-json\/wp\/v2\/types\/page"}],"author":[{"embeddable":true,"href":"https:\/\/www.campingdugoulet.fr\/de\/wp-json\/wp\/v2\/users\/2"}],"replies":[{"embeddable":true,"href":"https:\/\/www.campingdugoulet.fr\/de\/wp-json\/wp\/v2\/comments?post=2501"}],"version-history":[{"count":19,"href":"https:\/\/www.campingdugoulet.fr\/de\/wp-json\/wp\/v2\/pages\/2501\/revisions"}],"predecessor-version":[{"id":12784,"href":"https:\/\/www.campingdugoulet.fr\/de\/wp-json\/wp\/v2\/pages\/2501\/revisions\/12784"}],"wp:featuredmedia":[{"embeddable":true,"href":"https:\/\/www.campingdugoulet.fr\/de\/wp-json\/wp\/v2\/media\/8889"}],"wp:attachment":[{"href":"https:\/\/www.campingdugoulet.fr\/de\/wp-json\/wp\/v2\/media?parent=2501"}],"wp:term":[{"taxonomy":"category","embeddable":true,"href":"https:\/\/www.campingdugoulet.fr\/de\/wp-json\/wp\/v2\/categories?post=2501"}],"curies":[{"name":"wp","href":"https:\/\/api.w.org\/{rel}","templated":true}]}}